{"id":1437,"date":"2024-10-07T11:16:52","date_gmt":"2024-10-07T09:16:52","guid":{"rendered":"https:\/\/arquitectospain.com\/?page_id=1437"},"modified":"2025-05-13T14:08:19","modified_gmt":"2025-05-13T12:08:19","slug":"licencias-y-certificados-arquitecto-spain-raul-salgado","status":"publish","type":"page","link":"https:\/\/arquitectospain.com\/index.php\/licencias-y-certificados-arquitecto-spain-raul-salgado\/","title":{"rendered":"Licencias y certificados Arquitecto Spain Ra\u00fal Salgado"},"content":{"rendered":"\n[et_pb_section fb_built=\u00bb1&#8243; _builder_version=\u00bb4.27.0&#8243; _module_preset=\u00bbdefault\u00bb custom_padding=\u00bb13px|||||\u00bb global_colors_info=\u00bb{}\u00bb][et_pb_row _builder_version=\u00bb4.27.0&#8243; _module_preset=\u00bbdefault\u00bb global_colors_info=\u00bb{}\u00bb][et_pb_column type=\u00bb4_4&#8243; _builder_version=\u00bb4.27.0&#8243; _module_preset=\u00bbdefault\u00bb global_colors_info=\u00bb{}\u00bb][et_pb_text _builder_version=\u00bb4.27.0&#8243; _module_preset=\u00bbdefault\u00bb link_font=\u00bb||||on|||#E02B20|\u00bb link_text_color=\u00bb#E02B20&#8243; global_colors_info=\u00bb{}\u00bb]<p>Licensed and registered to practice Architecture in the State of New York<\/p>\n<p>License number: <span style=\"color: #ff0000;\"><a href=\"https:\/\/arquitectospain.com\/wp-content\/uploads\/2024\/03\/DOC-N-11-LICENSE-PARCHMENT-ENGLISH.jpg\" target=\"_blank\" rel=\"noopener\" style=\"color: #ff0000;\">029965<\/a><\/span><\/p>\n<p>Registration certificate number: <span style=\"color: #ff0000;\"><a href=\"https:\/\/arquitectospain.com\/wp-content\/uploads\/2024\/03\/DOC-N-12-REGISTRATION-CERTIFICATE-2-ENGLISH.jpg\" target=\"_blank\" rel=\"noopener\" style=\"color: #ff0000;\">5919128<\/a><\/span><\/p>\n<p><span style=\"color: #000000;\"><a href=\"https:\/\/www.coam.org\/es\/servicios\/internacional\/novedades-proyectos-internacional\/cronicas-nuestro-corresponsal-nueva-york\" style=\"color: #000000;\">https:\/\/www.coam.org\/es\/servicios\/internacional\/novedades-proyectos-internacional\/cronicas-nuestro-corresponsal-nueva-york<\/a><\/span><\/p>\n<p>&nbsp;<\/p>\n<p>Certified by NCARB (National Council of Architectural Registration Boards)<\/p>\n<p>NCARB Certificate number: <span style=\"color: #ff0000;\"><a href=\"https:\/\/arquitectospain.com\/wp-content\/uploads\/2024\/10\/DOC-N-02-NCARB-CERT-ENGLISH-2.jpg\" target=\"_blank\" rel=\"noopener\" style=\"color: #ff0000;\">59931<\/a><\/span><\/p>\n<p><span style=\"color: #000000;\"><a href=\"http:\/\/www.ncarb.org\" style=\"color: #000000;\">http:\/\/www.ncarb.org<\/a><\/span><\/p>\n<p>&nbsp;<\/p>\n<p>Member of the American Institute of Architects<\/p>\n<p>Membership number: \u00a0<span style=\"color: #ff0000;\"><a href=\"https:\/\/arquitectospain.com\/wp-content\/uploads\/2024\/03\/DOC-N-13-AIA-ENGLISH-scaled.jpg\" target=\"_blank\" rel=\"noopener\" style=\"color: #ff0000;\">30308201<\/a><\/span><\/p>\n<p><span style=\"color: #000000;\"><a href=\"http:\/\/www.aia.org\/\" style=\"color: #000000;\">http:\/\/www.aia.org\/<\/a>\u00a0<\/span>(01)<\/p>\n<p>&nbsp;<\/p>\n<p>Member of the Royal Institute of the Architects of Ireland<\/p>\n<p>Membership number: <span style=\"color: #ff0000;\"><a href=\"https:\/\/arquitectospain.com\/wp-content\/uploads\/2024\/03\/DOC-N-22-MRIAI-DIPLOMA-ENGLISH-scaled.jpg\" target=\"_blank\" rel=\"noopener\" style=\"color: #ff0000;\">05145<\/a><\/span><\/p>\n<p><span style=\"color: #000000;\"><a href=\"http:\/\/www.riai.ie\/\" style=\"color: #000000;\">http:\/\/www.riai.ie\/<\/a><\/span>\u00a0(11)<\/p>\n<p>&nbsp;<\/p>\n<p>Member of the Royal Institute of British Architects<\/p>\n<p><a href=\"https:\/\/arquitectospain.com\/wp-content\/uploads\/2024\/03\/DOC-N-28-UK-RIBA-ENGLISH1-scaled.jpg\" target=\"_blank\" rel=\"noopener\">Chartered Membership<\/a><\/p>\n<p><span style=\"color: #000000;\"><a href=\"http:\/\/www.riba.org\" style=\"color: #000000;\">http:\/\/www.riba.org<\/a>\u00a0<\/span>(03)<\/p>\n<p>&nbsp;<\/p>\n<p>Registered with ARB (Architects Registration Board, London, UK)<\/p>\n<p>Registration number: <span style=\"color: #ff0000;\"><a href=\"https:\/\/arquitectospain.com\/wp-content\/uploads\/2024\/03\/DOC-N-28-UK-ARB-ENGLISH-scaled.jpg\" target=\"_blank\" rel=\"noopener\" style=\"color: #ff0000;\">071627H<\/a><\/span><\/p>\n<p><span style=\"color: #000000;\"><a href=\"http:\/\/www.arb.org.uk\/\" style=\"color: #000000;\">http:\/\/www.arb.org.uk\/<\/a>\u00a0<\/span>(12)<\/p>\n<p>&nbsp;<\/p>\n<p>Registered with COAM (Colegio Oficial de Arquitectos de Madrid)<\/p>\n<p>Registration number: 18134<\/p>\n<p><span style=\"color: #000000;\"><a href=\"http:\/\/www.coam.es\" style=\"color: #000000;\">http:\/\/www.coam.es<\/a><\/span>\u00a0(04)<\/p>\n<p>&nbsp;<\/p>[\/et_pb_text][\/et_pb_column][\/et_pb_row][\/et_pb_section][et_pb_section fb_built=\u00bb1&#8243; admin_label=\u00bbFooter\u00bb _builder_version=\u00bb4.21.0&#8243; _module_preset=\u00bbdefault\u00bb background_color=\u00bb#000000&#8243; custom_padding=\u00bb14px||5px|||\u00bb global_module=\u00bb270&#8243; saved_tabs=\u00bball\u00bb collapsed=\u00bbon\u00bb global_colors_info=\u00bb{}\u00bb][et_pb_row column_structure=\u00bb3_5,1_5,1_5&#8243; _builder_version=\u00bb4.19.1&#8243; _module_preset=\u00bbdefault\u00bb custom_padding=\u00bb||7px|||\u00bb global_colors_info=\u00bb{}\u00bb][et_pb_column type=\u00bb3_5&#8243; _builder_version=\u00bb4.19.1&#8243; _module_preset=\u00bbdefault\u00bb global_colors_info=\u00bb{}\u00bb][et_pb_text _builder_version=\u00bb4.25.2&#8243; _module_preset=\u00bbee4c6435-13af-4488-b765-2d22df63b134&#8243; header_3_font=\u00bb|300|||||||\u00bb header_3_text_color=\u00bb#FFFFFF\u00bb custom_margin=\u00bb||0px||false|false\u00bb global_colors_info=\u00bb{}\u00bb]<h3>Arquitecto Spain<\/h3>[\/et_pb_text][et_pb_text _builder_version=\u00bb4.25.2&#8243; _module_preset=\u00bb9351de7a-51eb-4b00-a9a5-75b91fe38c73&#8243; text_font=\u00bb|300|||||||\u00bb text_text_color=\u00bb#FFFFFF\u00bb header_font=\u00bb|300|||||||\u00bb global_colors_info=\u00bb{}\u00bb]<p><span>Ofrecemos servicios completos de dise\u00f1o arquitect\u00f3nico y gesti\u00f3n de proyectos desde el concepto inicial hasta la finalizaci\u00f3n de la construcci\u00f3n.\u00a0<\/span><\/p>[\/et_pb_text][\/et_pb_column][et_pb_column type=\u00bb1_5&#8243; _builder_version=\u00bb4.19.1&#8243; _module_preset=\u00bbdefault\u00bb global_colors_info=\u00bb{}\u00bb][et_pb_blurb title=\u00bbinfo@salgadoarchitect.com\u00bb use_icon=\u00bbon\u00bb font_icon=\u00bb&#xe076;||divi||400&#8243; icon_color=\u00bb#FFFFFF\u00bb icon_placement=\u00bbleft\u00bb image_icon_width=\u00bb20px\u00bb _builder_version=\u00bb4.25.2&#8243; _module_preset=\u00bbdefault\u00bb header_font=\u00bb|300|||||||\u00bb header_text_color=\u00bb#FFFFFF\u00bb header_font_size=\u00bb15px\u00bb custom_margin=\u00bb14px||12px|-14px||\u00bb custom_margin_tablet=\u00bb\u00bb custom_margin_phone=\u00bb10px||10px|3px|false|false\u00bb custom_margin_last_edited=\u00bbon|phone\u00bb global_colors_info=\u00bb{}\u00bb][\/et_pb_blurb][et_pb_blurb title=\u00bb620 070 182&#8243; use_icon=\u00bbon\u00bb font_icon=\u00bb&#xe090;||divi||400&#8243; icon_color=\u00bb#FFFFFF\u00bb icon_placement=\u00bbleft\u00bb image_icon_width=\u00bb20px\u00bb _builder_version=\u00bb4.25.2&#8243; _module_preset=\u00bbdefault\u00bb header_font=\u00bb|300|||||||\u00bb header_text_color=\u00bb#FFFFFF\u00bb header_font_size=\u00bb16px\u00bb custom_margin=\u00bb|||0px|false|false\u00bb global_colors_info=\u00bb{}\u00bb][\/et_pb_blurb][\/et_pb_column][et_pb_column type=\u00bb1_5&#8243; _builder_version=\u00bb4.19.1&#8243; _module_preset=\u00bbdefault\u00bb global_colors_info=\u00bb{}\u00bb][et_pb_image src=\u00bbhttps:\/\/arquitectospain.com\/wp-content\/uploads\/2024\/02\/ES-Financiado-por-la-Uni\u0e02n-Europea_WHITE-Outline.png\u00bb title_text=\u00bbES Financiado por la Uni\u0e02n Europea_WHITE Outline\u00bb force_fullwidth=\u00bbon\u00bb _builder_version=\u00bb4.25.2&#8243; _module_preset=\u00bbdefault\u00bb custom_margin=\u00bb||20px|||\u00bb global_colors_info=\u00bb{}\u00bb][\/et_pb_image][et_pb_image src=\u00bbhttps:\/\/arquitectospain.com\/wp-content\/uploads\/2024\/02\/LOGO-NEGATIVO.png\u00bb title_text=\u00bbLOGO NEGATIVO\u00bb force_fullwidth=\u00bbon\u00bb _builder_version=\u00bb4.25.2&#8243; _module_preset=\u00bbdefault\u00bb global_colors_info=\u00bb{}\u00bb][\/et_pb_image][\/et_pb_column][\/et_pb_row][\/et_pb_section]\n","protected":false},"excerpt":{"rendered":"<p>Licensed and registered to practice Architecture in the State of New York License number: 029965 Registration certificate number: 5919128 https:\/\/www.coam.org\/es\/servicios\/internacional\/novedades-proyectos-internacional\/cronicas-nuestro-corresponsal-nueva-york &nbsp; Certified by NCARB (National Council of Architectural Registration Boards) NCARB Certificate number: 59931 http:\/\/www.ncarb.org &nbsp; Member of the American Institute of Architects Membership number: \u00a030308201 http:\/\/www.aia.org\/\u00a0(01) &nbsp; Member of the Royal Institute of the [&hellip;]<\/p>\n","protected":false},"author":1,"featured_media":0,"parent":0,"menu_order":0,"comment_status":"closed","ping_status":"closed","template":"","meta":{"_et_pb_use_builder":"on","_et_pb_old_content":"","_et_gb_content_width":"","footnotes":""},"class_list":["post-1437","page","type-page","status-publish","hentry"],"yoast_head":"<!-- This site is optimized with the Yoast SEO plugin v27.4 - https:\/\/yoast.com\/product\/yoast-seo-wordpress\/ -->\n<title>Licencias y certificaciones Arquitecto Ra\u00fal Guti\u00e9rrez Salgado<\/title>\n<meta name=\"description\" content=\"Licencias y certificaciones del Arquitecto Ra\u00fal Guti\u00e9rrez Salgado, miembro de distintos Colegios de Arquitectos internacionales.\" \/>\n<meta name=\"robots\" content=\"index, follow, max-snippet:-1, max-image-preview:large, max-video-preview:-1\" \/>\n<link rel=\"canonical\" href=\"https:\/\/arquitectospain.com\/index.php\/licencias-y-certificados-arquitecto-spain-raul-salgado\/\" \/>\n<meta property=\"og:locale\" content=\"es_ES\" \/>\n<meta property=\"og:type\" content=\"article\" \/>\n<meta property=\"og:title\" content=\"Licencias y certificaciones Arquitecto Ra\u00fal Guti\u00e9rrez Salgado\" \/>\n<meta property=\"og:description\" content=\"Licencias y certificaciones del Arquitecto Ra\u00fal Guti\u00e9rrez Salgado, miembro de distintos Colegios de Arquitectos internacionales.\" \/>\n<meta property=\"og:url\" content=\"https:\/\/arquitectospain.com\/index.php\/licencias-y-certificados-arquitecto-spain-raul-salgado\/\" \/>\n<meta property=\"og:site_name\" content=\"Arquitecto Spain\" \/>\n<meta property=\"article:modified_time\" content=\"2025-05-13T12:08:19+00:00\" \/>\n<meta name=\"twitter:card\" content=\"summary_large_image\" \/>\n<meta name=\"twitter:label1\" content=\"Tiempo de lectura\" \/>\n\t<meta name=\"twitter:data1\" content=\"1 minuto\" \/>\n<script type=\"application\/ld+json\" class=\"yoast-schema-graph\">{\"@context\":\"https:\\\/\\\/schema.org\",\"@graph\":[{\"@type\":\"WebPage\",\"@id\":\"https:\\\/\\\/arquitectospain.com\\\/index.php\\\/licencias-y-certificados-arquitecto-spain-raul-salgado\\\/\",\"url\":\"https:\\\/\\\/arquitectospain.com\\\/index.php\\\/licencias-y-certificados-arquitecto-spain-raul-salgado\\\/\",\"name\":\"Licencias y certificaciones Arquitecto Ra\u00fal Guti\u00e9rrez Salgado\",\"isPartOf\":{\"@id\":\"https:\\\/\\\/arquitectospain.com\\\/#website\"},\"datePublished\":\"2024-10-07T09:16:52+00:00\",\"dateModified\":\"2025-05-13T12:08:19+00:00\",\"description\":\"Licencias y certificaciones del Arquitecto Ra\u00fal Guti\u00e9rrez Salgado, miembro de distintos Colegios de Arquitectos internacionales.\",\"breadcrumb\":{\"@id\":\"https:\\\/\\\/arquitectospain.com\\\/index.php\\\/licencias-y-certificados-arquitecto-spain-raul-salgado\\\/#breadcrumb\"},\"inLanguage\":\"es\",\"potentialAction\":[{\"@type\":\"ReadAction\",\"target\":[\"https:\\\/\\\/arquitectospain.com\\\/index.php\\\/licencias-y-certificados-arquitecto-spain-raul-salgado\\\/\"]}]},{\"@type\":\"BreadcrumbList\",\"@id\":\"https:\\\/\\\/arquitectospain.com\\\/index.php\\\/licencias-y-certificados-arquitecto-spain-raul-salgado\\\/#breadcrumb\",\"itemListElement\":[{\"@type\":\"ListItem\",\"position\":1,\"name\":\"Portada\",\"item\":\"https:\\\/\\\/arquitectospain.com\\\/\"},{\"@type\":\"ListItem\",\"position\":2,\"name\":\"Licencias y certificados Arquitecto Spain Ra\u00fal Salgado\"}]},{\"@type\":\"WebSite\",\"@id\":\"https:\\\/\\\/arquitectospain.com\\\/#website\",\"url\":\"https:\\\/\\\/arquitectospain.com\\\/\",\"name\":\"Arquitecto Spain\",\"description\":\"Arquitecto Ra\u00fal G. Salgado\",\"potentialAction\":[{\"@type\":\"SearchAction\",\"target\":{\"@type\":\"EntryPoint\",\"urlTemplate\":\"https:\\\/\\\/arquitectospain.com\\\/?s={search_term_string}\"},\"query-input\":{\"@type\":\"PropertyValueSpecification\",\"valueRequired\":true,\"valueName\":\"search_term_string\"}}],\"inLanguage\":\"es\"}]}<\/script>\n<!-- \/ Yoast SEO plugin. -->","yoast_head_json":{"title":"Licencias y certificaciones Arquitecto Ra\u00fal Guti\u00e9rrez Salgado","description":"Licencias y certificaciones del Arquitecto Ra\u00fal Guti\u00e9rrez Salgado, miembro de distintos Colegios de Arquitectos internacionales.","robots":{"index":"index","follow":"follow","max-snippet":"max-snippet:-1","max-image-preview":"max-image-preview:large","max-video-preview":"max-video-preview:-1"},"canonical":"https:\/\/arquitectospain.com\/index.php\/licencias-y-certificados-arquitecto-spain-raul-salgado\/","og_locale":"es_ES","og_type":"article","og_title":"Licencias y certificaciones Arquitecto Ra\u00fal Guti\u00e9rrez Salgado","og_description":"Licencias y certificaciones del Arquitecto Ra\u00fal Guti\u00e9rrez Salgado, miembro de distintos Colegios de Arquitectos internacionales.","og_url":"https:\/\/arquitectospain.com\/index.php\/licencias-y-certificados-arquitecto-spain-raul-salgado\/","og_site_name":"Arquitecto Spain","article_modified_time":"2025-05-13T12:08:19+00:00","twitter_card":"summary_large_image","twitter_misc":{"Tiempo de lectura":"1 minuto"},"schema":{"@context":"https:\/\/schema.org","@graph":[{"@type":"WebPage","@id":"https:\/\/arquitectospain.com\/index.php\/licencias-y-certificados-arquitecto-spain-raul-salgado\/","url":"https:\/\/arquitectospain.com\/index.php\/licencias-y-certificados-arquitecto-spain-raul-salgado\/","name":"Licencias y certificaciones Arquitecto Ra\u00fal Guti\u00e9rrez Salgado","isPartOf":{"@id":"https:\/\/arquitectospain.com\/#website"},"datePublished":"2024-10-07T09:16:52+00:00","dateModified":"2025-05-13T12:08:19+00:00","description":"Licencias y certificaciones del Arquitecto Ra\u00fal Guti\u00e9rrez Salgado, miembro de distintos Colegios de Arquitectos internacionales.","breadcrumb":{"@id":"https:\/\/arquitectospain.com\/index.php\/licencias-y-certificados-arquitecto-spain-raul-salgado\/#breadcrumb"},"inLanguage":"es","potentialAction":[{"@type":"ReadAction","target":["https:\/\/arquitectospain.com\/index.php\/licencias-y-certificados-arquitecto-spain-raul-salgado\/"]}]},{"@type":"BreadcrumbList","@id":"https:\/\/arquitectospain.com\/index.php\/licencias-y-certificados-arquitecto-spain-raul-salgado\/#breadcrumb","itemListElement":[{"@type":"ListItem","position":1,"name":"Portada","item":"https:\/\/arquitectospain.com\/"},{"@type":"ListItem","position":2,"name":"Licencias y certificados Arquitecto Spain Ra\u00fal Salgado"}]},{"@type":"WebSite","@id":"https:\/\/arquitectospain.com\/#website","url":"https:\/\/arquitectospain.com\/","name":"Arquitecto Spain","description":"Arquitecto Ra\u00fal G. Salgado","potentialAction":[{"@type":"SearchAction","target":{"@type":"EntryPoint","urlTemplate":"https:\/\/arquitectospain.com\/?s={search_term_string}"},"query-input":{"@type":"PropertyValueSpecification","valueRequired":true,"valueName":"search_term_string"}}],"inLanguage":"es"}]}},"_links":{"self":[{"href":"https:\/\/arquitectospain.com\/index.php\/wp-json\/wp\/v2\/pages\/1437","targetHints":{"allow":["GET"]}}],"collection":[{"href":"https:\/\/arquitectospain.com\/index.php\/wp-json\/wp\/v2\/pages"}],"about":[{"href":"https:\/\/arquitectospain.com\/index.php\/wp-json\/wp\/v2\/types\/page"}],"author":[{"embeddable":true,"href":"https:\/\/arquitectospain.com\/index.php\/wp-json\/wp\/v2\/users\/1"}],"replies":[{"embeddable":true,"href":"https:\/\/arquitectospain.com\/index.php\/wp-json\/wp\/v2\/comments?post=1437"}],"version-history":[{"count":19,"href":"https:\/\/arquitectospain.com\/index.php\/wp-json\/wp\/v2\/pages\/1437\/revisions"}],"predecessor-version":[{"id":1981,"href":"https:\/\/arquitectospain.com\/index.php\/wp-json\/wp\/v2\/pages\/1437\/revisions\/1981"}],"wp:attachment":[{"href":"https:\/\/arquitectospain.com\/index.php\/wp-json\/wp\/v2\/media?parent=1437"}],"curies":[{"name":"wp","href":"https:\/\/api.w.org\/{rel}","templated":true}]}}