{"id":88,"date":"2024-02-20T19:48:33","date_gmt":"2024-02-20T18:48:33","guid":{"rendered":"https:\/\/arquitectoenmalaga.visualway.es\/?page_id=88"},"modified":"2024-07-09T12:37:29","modified_gmt":"2024-07-09T10:37:29","slug":"sobre-mi","status":"publish","type":"page","link":"https:\/\/arquitectospain.com\/index.php\/sobre-mi\/","title":{"rendered":"Quienes somos"},"content":{"rendered":"<p>[et_pb_section fb_built=\u00bb1&#8243; _builder_version=\u00bb4.25.2&#8243; _module_preset=\u00bbdefault\u00bb custom_padding=\u00bb||2px|||\u00bb global_colors_info=\u00bb{}\u00bb][et_pb_row _builder_version=\u00bb4.25.2&#8243; _module_preset=\u00bbdefault\u00bb global_colors_info=\u00bb{}\u00bb][et_pb_column type=\u00bb4_4&#8243; _builder_version=\u00bb4.25.2&#8243; _module_preset=\u00bbdefault\u00bb global_colors_info=\u00bb{}\u00bb][et_pb_text _builder_version=\u00bb4.25.2&#8243; _module_preset=\u00bbdefault\u00bb header_font=\u00bb|300|||||||\u00bb header_2_font=\u00bb|300|||||||\u00bb hover_enabled=\u00bb0&#8243; global_colors_info=\u00bb{}\u00bb header_font_size=\u00bb40px\u00bb sticky_enabled=\u00bb0&#8243;]<\/p>\n<h1>Ra\u00fal Guti\u00e9rrez Salgado. Arquitecto<\/h1>\n<h2>AIA, NCARB, RIBA, COAM<\/h2>\n<p>[\/et_pb_text][et_pb_text _builder_version=\u00bb4.25.2&#8243; _module_preset=\u00bbdefault\u00bb global_colors_info=\u00bb{}\u00bb custom_margin=\u00bb||-2px|||\u00bb]<\/p>\n<p>Ra\u00fal Guti\u00e9rrez Salgado es arquitecto con posgrado en Arquitectura y Dise\u00f1o Urbano de la Universidad de Columbia, en la ciudad de Nueva York. Con 25 a\u00f1os de experiencia internacional en Estados Unidos, Reino Unido, Irlanda, Espa\u00f1a, Polonia y Federaci\u00f3n Rusa.<\/p>\n<p>Recientemente (2021) complet\u00f3 los servicios arquitect\u00f3nicos completos para la construcci\u00f3n de torres residenciales de 18 pisos en varias ciudades de la Federaci\u00f3n Rusa. El resultado de un premio de 2019 en el Concurso Internacional Abierto de Dise\u00f1o de Distribuci\u00f3n Alternativa en Vivienda Est\u00e1ndar. Organizado por el Ministerio Ruso de la Industria de la Construcci\u00f3n, DOM.RF y Strelka KB.<\/p>\n<p>Recibi\u00f3 varios premios en otros concursos internacionales como el Kino 70 Kulturni Centrum en Nov\u00e9 M\u011bsto, Rep\u00fablica Checa. El Concurso Internacional de Dise\u00f1o Centre Pier en el Puerto de Galway, Irlanda o el Concurso Internacional de Dise\u00f1o Green 360 Lofts en Lima, Per\u00fa. Su trabajo fue publicado en varias revistas de arquitectura como Arquitectura Viva o S\u00edntesis Arquitectura y expuesto extensamente.<br \/>Trabaj\u00f3 en estudios reconocidos internacionalmente como Rafael Vi\u00f1oly Arquitectos y Voorsanguer Arquitectos PC. En la ciudad de Nueva York. Ha dirigido equipos de arquitectos en proyectos de alta complejidad como la Renovaci\u00f3n y Ampliaci\u00f3n del Aeropuerto Internacional Newark Liberty.<br \/>Tiene diez a\u00f1os de experiencia ense\u00f1ando estudios de dise\u00f1o arquitect\u00f3nico en el Instituto de Tecnolog\u00eda de Nueva York y el Instituto de Tecnolog\u00eda de Dubl\u00edn.<\/p>\n<p>Ra\u00fal tiene licencia para ejercer la arquitectura en los Estados Unidos, Canad\u00e1, el Reino Unido y la UE.<\/p>\n<p>[\/et_pb_text][\/et_pb_column][\/et_pb_row][\/et_pb_section][et_pb_section fb_built=\u00bb1&#8243; _builder_version=\u00bb4.25.2&#8243; _module_preset=\u00bbdefault\u00bb custom_padding=\u00bb28px||6px|||\u00bb global_colors_info=\u00bb{}\u00bb][et_pb_row column_structure=\u00bb1_2,1_2&#8243; _builder_version=\u00bb4.25.2&#8243; _module_preset=\u00bbdefault\u00bb global_colors_info=\u00bb{}\u00bb][et_pb_column type=\u00bb1_2&#8243; _builder_version=\u00bb4.25.2&#8243; _module_preset=\u00bbdefault\u00bb global_colors_info=\u00bb{}\u00bb][et_pb_text _builder_version=\u00bb4.25.2&#8243; _module_preset=\u00bbdefault\u00bb header_2_font=\u00bb||||||||\u00bb hover_enabled=\u00bb0&#8243; global_colors_info=\u00bb{}\u00bb sticky_enabled=\u00bb0&#8243;]<\/p>\n<h2>Educaci\u00f3n<\/h2>\n<p>&nbsp;<\/p>\n<p>Columbia University. New York, NY<\/p>\n<p><strong>Master of Science in Architecture and Urban Design. 1996<\/strong><\/p>\n<p>[\/et_pb_text][\/et_pb_column][et_pb_column type=\u00bb1_2&#8243; _builder_version=\u00bb4.25.2&#8243; _module_preset=\u00bbdefault\u00bb global_colors_info=\u00bb{}\u00bb][et_pb_text _builder_version=\u00bb4.25.2&#8243; _module_preset=\u00bbdefault\u00bb header_2_font=\u00bb||||||||\u00bb global_colors_info=\u00bb{}\u00bb]<\/p>\n<p>New York Institute of Technology. Old Westbury, NY<\/p>\n<p><strong>Bachelor of Architecture. Cum Laude. 1994<\/strong><\/p>\n<p>[\/et_pb_text][\/et_pb_column][\/et_pb_row][\/et_pb_section][et_pb_section fb_built=\u00bb1&#8243; _builder_version=\u00bb4.24.2&#8243; _module_preset=\u00bbdefault\u00bb global_module=\u00bb626&#8243; global_colors_info=\u00bb{}\u00bb][et_pb_row column_structure=\u00bb1_2,1_2&#8243; _builder_version=\u00bb4.24.2&#8243; _module_preset=\u00bbdefault\u00bb global_colors_info=\u00bb{}\u00bb][et_pb_column type=\u00bb1_2&#8243; _builder_version=\u00bb4.24.2&#8243; _module_preset=\u00bbdefault\u00bb global_colors_info=\u00bb{}\u00bb][et_pb_text _builder_version=\u00bb4.25.2&#8243; _module_preset=\u00bbdefault\u00bb global_colors_info=\u00bb{}\u00bb]<\/p>\n<div>\n<div>\n<div>\n<div>\n<div>\n<div>\n<h2>Licencia, registro y certificaci\u00f3n<\/h2>\n<p>&nbsp;<\/p>\n<\/div>\n<\/div>\n<div><strong>Licenciado y registrado para ejercer la Arquitectura en el Estado de Nueva York.<\/strong><\/div>\n<\/div>\n<\/div>\n<\/div>\n<\/div>\n<div>\n<p>N\u00famero de licencia:\u00a0<a href=\"https:\/\/www.salgadoarchitect.com\/previo\/wp-content\/uploads\/2023\/05\/DOC-N-09-LICENSE-PARCHMENT-ENGLISH.jpg\" target=\"_blank\" rel=\"noopener\">029965<\/a><\/p>\n<p>N\u00famero de certificado de registro:\u00a0<a href=\"https:\/\/www.salgadoarchitect.com\/previo\/wp-content\/uploads\/2023\/05\/DOC-N-10-REGISTRATION-CERTIFICATE-2-ENGLISH.jpg\" target=\"_blank\" rel=\"noopener\">5919128<\/a><\/p>\n<p>&nbsp;<\/p>\n<p><strong>Certificado por NCARB (Consejo Nacional de Juntas de Registro de Arquitectura)<\/strong><\/p>\n<p>N\u00famero de certificado NCARB:\u00a0<a href=\"https:\/\/www.salgadoarchitect.com\/previo\/wp-content\/uploads\/2023\/05\/DOC-N-02-NCARB-CERT-ENGLISH.jpg\" target=\"_blank\" rel=\"noopener\">59931<\/a><\/p>\n<p><a href=\"http:\/\/www.ncarb.org\/\" target=\"_blank\" rel=\"noopener\">http:\/\/www.ncarb.org<\/a><\/p>\n<p>&nbsp;<\/p>\n<p><strong>Miembro del Instituto Americano de Arquitectos<\/strong><\/p>\n<p>N\u00famero de membres\u00eda:\u00a0\u00a0<a href=\"https:\/\/www.salgadoarchitect.com\/previo\/wp-content\/uploads\/2023\/05\/DOC-N-01-AIA-ENGLISH-scaled.jpg\" target=\"_blank\" rel=\"noopener\">30308201<\/a><\/p>\n<p><a href=\"http:\/\/www.aia.org\/\" target=\"_blank\" rel=\"noopener\">http:\/\/www.aia.org\/<\/a><\/p>\n<p>&nbsp;<\/p>\n<p><strong>Miembro del Real Instituto de Arquitectos de Irlanda<\/strong><\/p>\n<p>N\u00famero de membres\u00eda:\u00a0\u00a0<a href=\"https:\/\/www.salgadoarchitect.com\/previo\/wp-content\/uploads\/2023\/05\/DOC-N-11-MRIAI-DIPLOMA-ENGLISH-scaled.jpg\" target=\"_blank\" rel=\"noopener\">05145<\/a><\/p>\n<p><a href=\"http:\/\/www.riai.ie\/\" target=\"_blank\" rel=\"noopener\">http:\/\/www.riai.ie\/<\/a><\/p>\n<\/div>\n<p>[\/et_pb_text][\/et_pb_column][et_pb_column type=\u00bb1_2&#8243; _builder_version=\u00bb4.24.2&#8243; _module_preset=\u00bbdefault\u00bb global_colors_info=\u00bb{}\u00bb][et_pb_text _builder_version=\u00bb4.25.2&#8243; _module_preset=\u00bbdefault\u00bb global_colors_info=\u00bb{}\u00bb]<\/p>\n<div>\n<div>\n<div>\n<div>\n<div>\n<div><\/div>\n<\/div>\n<\/div>\n<\/div>\n<\/div>\n<\/div>\n<div>\n<p><strong>Miembro del Real Instituto de Arquitectos de Irlanda<\/strong><\/p>\n<p>N\u00famero de membres\u00eda:\u00a0\u00a0<a href=\"https:\/\/www.salgadoarchitect.com\/previo\/wp-content\/uploads\/2023\/05\/DOC-N-11-MRIAI-DIPLOMA-ENGLISH-scaled.jpg\" target=\"_blank\" rel=\"noopener\">05145<\/a><\/p>\n<p><a href=\"http:\/\/www.riai.ie\/\" target=\"_blank\" rel=\"noopener\">http:\/\/www.riai.ie\/<\/a><\/p>\n<p>&nbsp;<\/p>\n<p><strong>Miembro del Real Instituto de Arquitectos Brit\u00e1nicos<\/strong><\/p>\n<p><a href=\"https:\/\/www.salgadoarchitect.com\/previo\/wp-content\/uploads\/2023\/05\/DOC-N-03-UK-RIBA-ENGLISH1-scaled.jpg\" target=\"_blank\" rel=\"noopener\">Membres\u00eda autorizada<\/a><\/p>\n<p><a href=\"http:\/\/www.riba.org\/\" target=\"_blank\" rel=\"noopener\">http:\/\/www.riba.org<\/a><\/p>\n<p>&nbsp;<\/p>\n<p><strong>Registrado en ARB (Junta de Registro de Arquitectos, Londres, Reino Unido)<\/strong><\/p>\n<p>N\u00famero de registro:\u00a0<a href=\"https:\/\/www.salgadoarchitect.com\/previo\/wp-content\/uploads\/2023\/05\/DOC-N-12-UK-ARB-ENGLISH-scaled.jpg\" target=\"_blank\" rel=\"noopener\">071627H<\/a><\/p>\n<p><a href=\"http:\/\/www.arb.org.uk\/\" target=\"_blank\" rel=\"noopener\">http:\/\/www.arb.org.uk\/<\/a><\/p>\n<p>&nbsp;<\/p>\n<p><strong>Registered with COAM (Colegio Oficial de Arquitectos de Madrid)<\/strong><\/p>\n<p>N\u00famero de registro: 18134<\/p>\n<p><a href=\"http:\/\/www.coam.es\/\" target=\"_blank\" rel=\"noopener\">http:\/\/www.coam.es<\/a><\/p>\n<\/div>\n<p>[\/et_pb_text][\/et_pb_column][\/et_pb_row][\/et_pb_section][et_pb_section fb_built=\u00bb1&#8243; make_equal=\u00bbon\u00bb use_custom_gutter=\u00bbon\u00bb gutter_width=\u00bb1&#8243; specialty=\u00bbon\u00bb background_color_2=\u00bb#2A2F31&#8243; bg_img_1=\u00bbhttps:\/\/arquitectoenmalaga.visualway.es\/wp-content\/uploads\/2024\/02\/03-Lima-Peru.jpg\u00bb background_position_1=\u00bbbottom_center\u00bb padding_top_2=\u00bb8%\u00bb padding_right_2=\u00bb8%\u00bb padding_bottom_2=\u00bb8%\u00bb padding_left_2=\u00bb8%\u00bb padding_top_bottom_link_2=\u00bbtrue\u00bb padding_left_right_link_2=\u00bbtrue\u00bb admin_label=\u00bbStats\u00bb _builder_version=\u00bb4.25.2&#8243; _module_preset=\u00bbdefault\u00bb background_image=\u00bbhttps:\/\/arquitectospain.com\/wp-content\/uploads\/2024\/06\/raul-salgado-arquitecto-JABLONKA-62.jpg\u00bb background_size=\u00bbstretch\u00bb inner_width=\u00bb100%\u00bb inner_max_width=\u00bbnone\u00bb custom_padding=\u00bb0px||0px||true|false\u00bb background_last_edited=\u00bbon|phone\u00bb background_size_phone=\u00bbcover\u00bb background_position_phone=\u00bbtop_left\u00bb collapsed=\u00bbon\u00bb global_colors_info=\u00bb{}\u00bb][et_pb_column type=\u00bb1_2&#8243; _builder_version=\u00bb4.16&#8243; _module_preset=\u00bbdefault\u00bb custom_padding=\u00bb|||\u00bb global_colors_info=\u00bb{}\u00bb custom_padding__hover=\u00bb|||\u00bb][et_pb_divider show_divider=\u00bboff\u00bb _builder_version=\u00bb4.19.1&#8243; _module_preset=\u00bbdefault\u00bb height_tablet=\u00bb40vw\u00bb height_phone=\u00bb40vw\u00bb height_last_edited=\u00bbon|tablet\u00bb locked=\u00bboff\u00bb global_colors_info=\u00bb{}\u00bb][\/et_pb_divider][\/et_pb_column][et_pb_column type=\u00bb1_2&#8243; specialty_columns=\u00bb2&#8243; _builder_version=\u00bb4.16&#8243; _module_preset=\u00bbdefault\u00bb custom_padding=\u00bb|||\u00bb global_colors_info=\u00bb{}\u00bb custom_padding__hover=\u00bb|||\u00bb][et_pb_row_inner _builder_version=\u00bb4.21.0&#8243; _module_preset=\u00bbdefault\u00bb custom_padding=\u00bb||0px||false|false\u00bb global_colors_info=\u00bb{}\u00bb][et_pb_column_inner saved_specialty_column_type=\u00bb1_2&#8243; _builder_version=\u00bb4.19.2&#8243; _module_preset=\u00bbdefault\u00bb global_colors_info=\u00bb{}\u00bb][et_pb_text _builder_version=\u00bb4.24.1&#8243; _module_preset=\u00bbdd7678e4-1024-4092-8c57-af29c600fd63&#8243; background_layout=\u00bbdark\u00bb custom_margin=\u00bb||10px||false|false\u00bb locked=\u00bboff\u00bb global_colors_info=\u00bb{}\u00bb]<\/p>\n<h2>Exhibiciones y publicaciones<\/h2>\n<p>[\/et_pb_text][et_pb_text _builder_version=\u00bb4.24.1&#8243; _module_preset=\u00bb89e6652e-781d-4269-97e5-a92a079e3f24&#8243; link_text_color=\u00bbrgba(239,239,239,0.13)\u00bb background_layout=\u00bbdark\u00bb custom_margin=\u00bb||30px||false|false\u00bb locked=\u00bboff\u00bb global_colors_info=\u00bb{}\u00bb]<\/p>\n<p><span>Ha participado en Concursos Internacionales, siendo premiado en varias ocasiones, como en el\u00a0<\/span>Concurso Internacional Centre Pier, Galway Harbour Ideas Competition<span>, Irlanda. Sus proyectos han sido seleccionados para exposiciones y publicaciones.<\/span><\/p>\n<p>[\/et_pb_text][\/et_pb_column_inner][\/et_pb_row_inner][et_pb_row_inner column_structure=\u00bb1_3,1_3,1_3&#8243; _builder_version=\u00bb4.21.0&#8243; _module_preset=\u00bbdefault\u00bb custom_margin_tablet=\u00bb||60px||false|false\u00bb custom_margin_phone=\u00bb||60px||false|false\u00bb custom_margin_last_edited=\u00bbon|phone\u00bb global_colors_info=\u00bb{}\u00bb][et_pb_column_inner type=\u00bb1_3&#8243; saved_specialty_column_type=\u00bb1_2&#8243; _builder_version=\u00bb4.19.2&#8243; _module_preset=\u00bbdefault\u00bb global_colors_info=\u00bb{}\u00bb][et_pb_number_counter title=\u00bbProyectos realizados\u00bb number=\u00bb+50&#8243; percent_sign=\u00bboff\u00bb _builder_version=\u00bb4.24.2&#8243; _module_preset=\u00bb21c9a595-2605-45a3-a4e0-7789d57d185e\u00bb title_text_color=\u00bb#FFFFFF\u00bb number_text_color=\u00bb#FFFFFF\u00bb number_font_size=\u00bb45px\u00bb locked=\u00bboff\u00bb global_colors_info=\u00bb{}\u00bb][\/et_pb_number_counter][\/et_pb_column_inner][et_pb_column_inner type=\u00bb1_3&#8243; saved_specialty_column_type=\u00bb1_2&#8243; _builder_version=\u00bb4.19.2&#8243; _module_preset=\u00bbdefault\u00bb global_colors_info=\u00bb{}\u00bb][et_pb_number_counter title=\u00bbPublicaciones\u00bb number=\u00bb+100&#8243; percent_sign=\u00bboff\u00bb _builder_version=\u00bb4.24.2&#8243; _module_preset=\u00bb21c9a595-2605-45a3-a4e0-7789d57d185e\u00bb title_text_color=\u00bb#FFFFFF\u00bb number_text_color=\u00bb#FFFFFF\u00bb number_font_size=\u00bb50px\u00bb locked=\u00bboff\u00bb global_colors_info=\u00bb{}\u00bb][\/et_pb_number_counter][\/et_pb_column_inner][et_pb_column_inner type=\u00bb1_3&#8243; saved_specialty_column_type=\u00bb1_2&#8243; _builder_version=\u00bb4.19.2&#8243; _module_preset=\u00bbdefault\u00bb global_colors_info=\u00bb{}\u00bb][et_pb_number_counter title=\u00bbExhibiciones\u00bb number=\u00bb+24&#8243; percent_sign=\u00bboff\u00bb _builder_version=\u00bb4.24.2&#8243; _module_preset=\u00bb21c9a595-2605-45a3-a4e0-7789d57d185e\u00bb title_text_color=\u00bb#FFFFFF\u00bb number_text_color=\u00bb#FFFFFF\u00bb number_font_size=\u00bb50px\u00bb locked=\u00bboff\u00bb global_colors_info=\u00bb{}\u00bb][\/et_pb_number_counter][\/et_pb_column_inner][\/et_pb_row_inner][et_pb_row_inner column_structure=\u00bb1_2,1_2&#8243; _builder_version=\u00bb4.24.2&#8243; _module_preset=\u00bbdefault\u00bb global_colors_info=\u00bb{}\u00bb][et_pb_column_inner type=\u00bb1_2&#8243; saved_specialty_column_type=\u00bb1_2&#8243; _builder_version=\u00bb4.24.2&#8243; _module_preset=\u00bbdefault\u00bb global_colors_info=\u00bb{}\u00bb][et_pb_button button_url=\u00bbhttps:\/\/www.salgadoarchitect.com\/previo\/publications\/\u00bb url_new_window=\u00bbon\u00bb button_text=\u00bbVer todas las publicaciones\u00bb button_alignment_tablet=\u00bb\u00bb button_alignment_phone=\u00bbcenter\u00bb button_alignment_last_edited=\u00bbon|phone\u00bb _builder_version=\u00bb4.25.2&#8243; _module_preset=\u00bbdefault\u00bb custom_button=\u00bbon\u00bb button_text_size=\u00bb18px\u00bb button_text_color=\u00bb#FFFFFF\u00bb global_colors_info=\u00bb{}\u00bb][\/et_pb_button][\/et_pb_column_inner][et_pb_column_inner type=\u00bb1_2&#8243; saved_specialty_column_type=\u00bb1_2&#8243; _builder_version=\u00bb4.24.2&#8243; _module_preset=\u00bbdefault\u00bb global_colors_info=\u00bb{}\u00bb][et_pb_button button_url=\u00bbhttps:\/\/www.salgadoarchitect.com\/previo\/exhibitions\/\u00bb url_new_window=\u00bbon\u00bb button_text=\u00bbVer todas las exhibiciones\u00bb button_alignment_tablet=\u00bb\u00bb button_alignment_phone=\u00bbcenter\u00bb button_alignment_last_edited=\u00bbon|phone\u00bb _builder_version=\u00bb4.25.2&#8243; _module_preset=\u00bbdefault\u00bb custom_button=\u00bbon\u00bb button_text_size=\u00bb18px\u00bb button_text_color=\u00bb#FFFFFF\u00bb custom_margin=\u00bb-1px|||||\u00bb global_colors_info=\u00bb{}\u00bb][\/et_pb_button][\/et_pb_column_inner][\/et_pb_row_inner][\/et_pb_column][\/et_pb_section][et_pb_section fb_built=\u00bb1&#8243; admin_label=\u00bbFooter\u00bb _builder_version=\u00bb4.21.0&#8243; _module_preset=\u00bbdefault\u00bb background_color=\u00bb#000000&#8243; custom_padding=\u00bb14px||5px|||\u00bb global_module=\u00bb270&#8243; saved_tabs=\u00bball\u00bb collapsed=\u00bbon\u00bb global_colors_info=\u00bb{}\u00bb][et_pb_row column_structure=\u00bb3_5,1_5,1_5&#8243; _builder_version=\u00bb4.19.1&#8243; _module_preset=\u00bbdefault\u00bb custom_padding=\u00bb||7px|||\u00bb global_colors_info=\u00bb{}\u00bb][et_pb_column type=\u00bb3_5&#8243; _builder_version=\u00bb4.19.1&#8243; _module_preset=\u00bbdefault\u00bb global_colors_info=\u00bb{}\u00bb][et_pb_text _builder_version=\u00bb4.25.2&#8243; _module_preset=\u00bbee4c6435-13af-4488-b765-2d22df63b134&#8243; header_3_font=\u00bb|300|||||||\u00bb header_3_text_color=\u00bb#FFFFFF\u00bb custom_margin=\u00bb||0px||false|false\u00bb global_colors_info=\u00bb{}\u00bb]<\/p>\n<h3>Arquitecto Spain<\/h3>\n<p>[\/et_pb_text][et_pb_text _builder_version=\u00bb4.25.2&#8243; _module_preset=\u00bb9351de7a-51eb-4b00-a9a5-75b91fe38c73&#8243; text_font=\u00bb|300|||||||\u00bb text_text_color=\u00bb#FFFFFF\u00bb header_font=\u00bb|300|||||||\u00bb global_colors_info=\u00bb{}\u00bb]<\/p>\n<p><span>Ofrecemos servicios completos de dise\u00f1o arquitect\u00f3nico y gesti\u00f3n de proyectos desde el concepto inicial hasta la finalizaci\u00f3n de la construcci\u00f3n.\u00a0<\/span><\/p>\n<p>[\/et_pb_text][\/et_pb_column][et_pb_column type=\u00bb1_5&#8243; _builder_version=\u00bb4.19.1&#8243; _module_preset=\u00bbdefault\u00bb global_colors_info=\u00bb{}\u00bb][et_pb_blurb title=\u00bbinfo@salgadoarchitect.com\u00bb use_icon=\u00bbon\u00bb font_icon=\u00bb&#xe076;||divi||400&#8243; icon_color=\u00bb#FFFFFF\u00bb icon_placement=\u00bbleft\u00bb image_icon_width=\u00bb20px\u00bb _builder_version=\u00bb4.25.2&#8243; _module_preset=\u00bbdefault\u00bb header_font=\u00bb|300|||||||\u00bb header_text_color=\u00bb#FFFFFF\u00bb header_font_size=\u00bb15px\u00bb custom_margin=\u00bb14px||12px|-14px||\u00bb custom_margin_tablet=\u00bb\u00bb custom_margin_phone=\u00bb10px||10px|3px|false|false\u00bb custom_margin_last_edited=\u00bbon|phone\u00bb global_colors_info=\u00bb{}\u00bb][\/et_pb_blurb][et_pb_blurb title=\u00bb620 070 182&#8243; use_icon=\u00bbon\u00bb font_icon=\u00bb&#xe090;||divi||400&#8243; icon_color=\u00bb#FFFFFF\u00bb icon_placement=\u00bbleft\u00bb image_icon_width=\u00bb20px\u00bb _builder_version=\u00bb4.25.2&#8243; _module_preset=\u00bbdefault\u00bb header_font=\u00bb|300|||||||\u00bb header_text_color=\u00bb#FFFFFF\u00bb header_font_size=\u00bb16px\u00bb custom_margin=\u00bb|||0px|false|false\u00bb global_colors_info=\u00bb{}\u00bb][\/et_pb_blurb][\/et_pb_column][et_pb_column type=\u00bb1_5&#8243; _builder_version=\u00bb4.19.1&#8243; _module_preset=\u00bbdefault\u00bb global_colors_info=\u00bb{}\u00bb][et_pb_image src=\u00bbhttps:\/\/arquitectospain.com\/wp-content\/uploads\/2024\/02\/ES-Financiado-por-la-Uni\u0e02n-Europea_WHITE-Outline.png\u00bb title_text=\u00bbES Financiado por la Uni\u0e02n Europea_WHITE Outline\u00bb force_fullwidth=\u00bbon\u00bb _builder_version=\u00bb4.25.2&#8243; _module_preset=\u00bbdefault\u00bb custom_margin=\u00bb||20px|||\u00bb global_colors_info=\u00bb{}\u00bb][\/et_pb_image][et_pb_image src=\u00bbhttps:\/\/arquitectospain.com\/wp-content\/uploads\/2024\/02\/LOGO-NEGATIVO.png\u00bb title_text=\u00bbLOGO NEGATIVO\u00bb force_fullwidth=\u00bbon\u00bb _builder_version=\u00bb4.25.2&#8243; _module_preset=\u00bbdefault\u00bb global_colors_info=\u00bb{}\u00bb][\/et_pb_image][\/et_pb_column][\/et_pb_row][\/et_pb_section]<\/p>\n","protected":false},"excerpt":{"rendered":"<p>Ra\u00fal Guti\u00e9rrez Salgado. Arquitecto AIA, NCARB, RIBA, COAMRa\u00fal Guti\u00e9rrez Salgado es arquitecto con posgrado en Arquitectura y Dise\u00f1o Urbano de la Universidad de Columbia, en la ciudad de Nueva York. Con 25 a\u00f1os de experiencia internacional en Estados Unidos, Reino Unido, Irlanda, Espa\u00f1a, Polonia y Federaci\u00f3n Rusa. Recientemente (2021) complet\u00f3 los servicios arquitect\u00f3nicos completos para [&hellip;]<\/p>\n","protected":false},"author":1,"featured_media":0,"parent":0,"menu_order":0,"comment_status":"closed","ping_status":"closed","template":"","meta":{"_et_pb_use_builder":"on","_et_pb_old_content":"<!-- wp:divi\/placeholder \/-->","_et_gb_content_width":"","footnotes":""},"class_list":["post-88","page","type-page","status-publish","hentry"],"yoast_head":"<!-- This site is optimized with the Yoast SEO plugin v27.4 - https:\/\/yoast.com\/product\/yoast-seo-wordpress\/ -->\n<title>Quienes somos - Arquitecto Spain<\/title>\n<meta name=\"robots\" content=\"index, follow, max-snippet:-1, max-image-preview:large, max-video-preview:-1\" \/>\n<link rel=\"canonical\" href=\"https:\/\/arquitectospain.com\/index.php\/sobre-mi\/\" \/>\n<meta property=\"og:locale\" content=\"es_ES\" \/>\n<meta property=\"og:type\" content=\"article\" \/>\n<meta property=\"og:title\" content=\"Quienes somos - Arquitecto Spain\" \/>\n<meta property=\"og:description\" content=\"Ra\u00fal Guti\u00e9rrez Salgado. Arquitecto AIA, NCARB, RIBA, COAMRa\u00fal Guti\u00e9rrez Salgado es arquitecto con posgrado en Arquitectura y Dise\u00f1o Urbano de la Universidad de Columbia, en la ciudad de Nueva York. Con 25 a\u00f1os de experiencia internacional en Estados Unidos, Reino Unido, Irlanda, Espa\u00f1a, Polonia y Federaci\u00f3n Rusa. Recientemente (2021) complet\u00f3 los servicios arquitect\u00f3nicos completos para [&hellip;]\" \/>\n<meta property=\"og:url\" content=\"https:\/\/arquitectospain.com\/index.php\/sobre-mi\/\" \/>\n<meta property=\"og:site_name\" content=\"Arquitecto Spain\" \/>\n<meta property=\"article:modified_time\" content=\"2024-07-09T10:37:29+00:00\" \/>\n<meta name=\"twitter:card\" content=\"summary_large_image\" \/>\n<meta name=\"twitter:label1\" content=\"Tiempo de lectura\" \/>\n\t<meta name=\"twitter:data1\" content=\"3 minutos\" \/>\n<script type=\"application\/ld+json\" class=\"yoast-schema-graph\">{\"@context\":\"https:\\\/\\\/schema.org\",\"@graph\":[{\"@type\":\"WebPage\",\"@id\":\"https:\\\/\\\/arquitectospain.com\\\/index.php\\\/sobre-mi\\\/\",\"url\":\"https:\\\/\\\/arquitectospain.com\\\/index.php\\\/sobre-mi\\\/\",\"name\":\"Quienes somos - Arquitecto Spain\",\"isPartOf\":{\"@id\":\"https:\\\/\\\/arquitectospain.com\\\/#website\"},\"datePublished\":\"2024-02-20T18:48:33+00:00\",\"dateModified\":\"2024-07-09T10:37:29+00:00\",\"breadcrumb\":{\"@id\":\"https:\\\/\\\/arquitectospain.com\\\/index.php\\\/sobre-mi\\\/#breadcrumb\"},\"inLanguage\":\"es\",\"potentialAction\":[{\"@type\":\"ReadAction\",\"target\":[\"https:\\\/\\\/arquitectospain.com\\\/index.php\\\/sobre-mi\\\/\"]}]},{\"@type\":\"BreadcrumbList\",\"@id\":\"https:\\\/\\\/arquitectospain.com\\\/index.php\\\/sobre-mi\\\/#breadcrumb\",\"itemListElement\":[{\"@type\":\"ListItem\",\"position\":1,\"name\":\"Portada\",\"item\":\"https:\\\/\\\/arquitectospain.com\\\/\"},{\"@type\":\"ListItem\",\"position\":2,\"name\":\"Quienes somos\"}]},{\"@type\":\"WebSite\",\"@id\":\"https:\\\/\\\/arquitectospain.com\\\/#website\",\"url\":\"https:\\\/\\\/arquitectospain.com\\\/\",\"name\":\"Arquitecto Spain\",\"description\":\"Arquitecto Ra\u00fal G. Salgado\",\"potentialAction\":[{\"@type\":\"SearchAction\",\"target\":{\"@type\":\"EntryPoint\",\"urlTemplate\":\"https:\\\/\\\/arquitectospain.com\\\/?s={search_term_string}\"},\"query-input\":{\"@type\":\"PropertyValueSpecification\",\"valueRequired\":true,\"valueName\":\"search_term_string\"}}],\"inLanguage\":\"es\"}]}<\/script>\n<!-- \/ Yoast SEO plugin. -->","yoast_head_json":{"title":"Quienes somos - Arquitecto Spain","robots":{"index":"index","follow":"follow","max-snippet":"max-snippet:-1","max-image-preview":"max-image-preview:large","max-video-preview":"max-video-preview:-1"},"canonical":"https:\/\/arquitectospain.com\/index.php\/sobre-mi\/","og_locale":"es_ES","og_type":"article","og_title":"Quienes somos - Arquitecto Spain","og_description":"Ra\u00fal Guti\u00e9rrez Salgado. Arquitecto AIA, NCARB, RIBA, COAMRa\u00fal Guti\u00e9rrez Salgado es arquitecto con posgrado en Arquitectura y Dise\u00f1o Urbano de la Universidad de Columbia, en la ciudad de Nueva York. Con 25 a\u00f1os de experiencia internacional en Estados Unidos, Reino Unido, Irlanda, Espa\u00f1a, Polonia y Federaci\u00f3n Rusa. Recientemente (2021) complet\u00f3 los servicios arquitect\u00f3nicos completos para [&hellip;]","og_url":"https:\/\/arquitectospain.com\/index.php\/sobre-mi\/","og_site_name":"Arquitecto Spain","article_modified_time":"2024-07-09T10:37:29+00:00","twitter_card":"summary_large_image","twitter_misc":{"Tiempo de lectura":"3 minutos"},"schema":{"@context":"https:\/\/schema.org","@graph":[{"@type":"WebPage","@id":"https:\/\/arquitectospain.com\/index.php\/sobre-mi\/","url":"https:\/\/arquitectospain.com\/index.php\/sobre-mi\/","name":"Quienes somos - Arquitecto Spain","isPartOf":{"@id":"https:\/\/arquitectospain.com\/#website"},"datePublished":"2024-02-20T18:48:33+00:00","dateModified":"2024-07-09T10:37:29+00:00","breadcrumb":{"@id":"https:\/\/arquitectospain.com\/index.php\/sobre-mi\/#breadcrumb"},"inLanguage":"es","potentialAction":[{"@type":"ReadAction","target":["https:\/\/arquitectospain.com\/index.php\/sobre-mi\/"]}]},{"@type":"BreadcrumbList","@id":"https:\/\/arquitectospain.com\/index.php\/sobre-mi\/#breadcrumb","itemListElement":[{"@type":"ListItem","position":1,"name":"Portada","item":"https:\/\/arquitectospain.com\/"},{"@type":"ListItem","position":2,"name":"Quienes somos"}]},{"@type":"WebSite","@id":"https:\/\/arquitectospain.com\/#website","url":"https:\/\/arquitectospain.com\/","name":"Arquitecto Spain","description":"Arquitecto Ra\u00fal G. Salgado","potentialAction":[{"@type":"SearchAction","target":{"@type":"EntryPoint","urlTemplate":"https:\/\/arquitectospain.com\/?s={search_term_string}"},"query-input":{"@type":"PropertyValueSpecification","valueRequired":true,"valueName":"search_term_string"}}],"inLanguage":"es"}]}},"_links":{"self":[{"href":"https:\/\/arquitectospain.com\/index.php\/wp-json\/wp\/v2\/pages\/88","targetHints":{"allow":["GET"]}}],"collection":[{"href":"https:\/\/arquitectospain.com\/index.php\/wp-json\/wp\/v2\/pages"}],"about":[{"href":"https:\/\/arquitectospain.com\/index.php\/wp-json\/wp\/v2\/types\/page"}],"author":[{"embeddable":true,"href":"https:\/\/arquitectospain.com\/index.php\/wp-json\/wp\/v2\/users\/1"}],"replies":[{"embeddable":true,"href":"https:\/\/arquitectospain.com\/index.php\/wp-json\/wp\/v2\/comments?post=88"}],"version-history":[{"count":17,"href":"https:\/\/arquitectospain.com\/index.php\/wp-json\/wp\/v2\/pages\/88\/revisions"}],"predecessor-version":[{"id":638,"href":"https:\/\/arquitectospain.com\/index.php\/wp-json\/wp\/v2\/pages\/88\/revisions\/638"}],"wp:attachment":[{"href":"https:\/\/arquitectospain.com\/index.php\/wp-json\/wp\/v2\/media?parent=88"}],"curies":[{"name":"wp","href":"https:\/\/api.w.org\/{rel}","templated":true}]}}