{"id":92,"date":"2024-02-20T19:49:10","date_gmt":"2024-02-20T18:49:10","guid":{"rendered":"https:\/\/arquitectoenmalaga.visualway.es\/?page_id=92"},"modified":"2024-07-09T14:07:17","modified_gmt":"2024-07-09T12:07:17","slug":"proyectos","status":"publish","type":"page","link":"https:\/\/arquitectospain.com\/index.php\/proyectos\/","title":{"rendered":"Proyectos"},"content":{"rendered":"<p>[et_pb_section fb_built=\u00bb1&#8243; admin_label=\u00bbBlog\u00bb _builder_version=\u00bb4.19.1&#8243; _module_preset=\u00bbdefault\u00bb custom_padding=\u00bb78px||8px|||\u00bb collapsed=\u00bbon\u00bb global_colors_info=\u00bb{}\u00bb][et_pb_row _builder_version=\u00bb4.19.1&#8243; _module_preset=\u00bbdefault\u00bb max_width=\u00bb700px\u00bb custom_padding=\u00bb13px|||||\u00bb global_colors_info=\u00bb{}\u00bb][et_pb_column type=\u00bb4_4&#8243; _builder_version=\u00bb4.19.1&#8243; _module_preset=\u00bbdefault\u00bb global_colors_info=\u00bb{}\u00bb][et_pb_text _builder_version=\u00bb4.25.2&#8243; _module_preset=\u00bbcc2d1046-5151-4f9f-8d59-943d68fb7bf9&#8243; header_font_size=\u00bb60px\u00bb text_orientation=\u00bbcenter\u00bb custom_margin=\u00bb||0px||false|false\u00bb header_font_size_tablet=\u00bb60px\u00bb header_font_size_phone=\u00bb50px\u00bb header_font_size_last_edited=\u00bbon|phone\u00bb global_colors_info=\u00bb{}\u00bb]<\/p>\n<h1>PROYECTOS<\/h1>\n<p>[\/et_pb_text][\/et_pb_column][\/et_pb_row][\/et_pb_section][et_pb_section fb_built=\u00bb1&#8243; fullwidth=\u00bbon\u00bb disabled_on=\u00bbon|on|off\u00bb _builder_version=\u00bb4.25.2&#8243; _module_preset=\u00bbdefault\u00bb global_colors_info=\u00bb{}\u00bb][et_pb_fullwidth_code _builder_version=\u00bb4.25.2&#8243; _module_preset=\u00bbdefault\u00bb global_colors_info=\u00bb{}\u00bb]<div  id=\"jtg-428\" class=\"modula modula-gallery modula-custom-grid\" data-config=\"{&quot;height&quot;:800,&quot;tabletHeight&quot;:800,&quot;mobileHeight&quot;:800,&quot;desktopHeight&quot;:800,&quot;enableTwitter&quot;:false,&quot;enableWhatsapp&quot;:false,&quot;enableFacebook&quot;:false,&quot;enablePinterest&quot;:false,&quot;enableLinkedin&quot;:false,&quot;enableEmail&quot;:false,&quot;randomFactor&quot;:0.5,&quot;type&quot;:&quot;custom-grid&quot;,&quot;columns&quot;:12,&quot;gutter&quot;:10,&quot;mobileGutter&quot;:10,&quot;tabletGutter&quot;:10,&quot;desktopGutter&quot;:10,&quot;enableResponsive&quot;:&quot;0&quot;,&quot;tabletColumns&quot;:2,&quot;mobileColumns&quot;:1,&quot;lazyLoad&quot;:0,&quot;lightboxOpts&quot;:{&quot;animated&quot;:true,&quot;Thumbs&quot;:{&quot;type&quot;:&quot;modern&quot;,&quot;showOnStart&quot;:false},&quot;Toolbar&quot;:{&quot;display&quot;:{&quot;right&quot;:[&quot;close&quot;]},&quot;enabled&quot;:true},&quot;Carousel&quot;:{&quot;Panzoom&quot;:{&quot;touch&quot;:true},&quot;infinite&quot;:false},&quot;keyboard&quot;:{&quot;Escape&quot;:&quot;close&quot;,&quot;Delete&quot;:&quot;close&quot;,&quot;Backspace&quot;:&quot;close&quot;,&quot;PageUp&quot;:false,&quot;PageDown&quot;:false,&quot;ArrowUp&quot;:false,&quot;ArrowDown&quot;:false,&quot;ArrowRight&quot;:false,&quot;ArrowLeft&quot;:false},&quot;touch&quot;:false,&quot;backdropClick&quot;:false,&quot;l10n&quot;:{&quot;CLOSE&quot;:&quot;Cerrar&quot;,&quot;NEXT&quot;:&quot;Siguiente&quot;,&quot;PREV&quot;:&quot;Anterior&quot;,&quot;Error&quot;:&quot;No se ha podido cargar el contenido solicitado. Por favor, int\\u00e9ntalo de nuevo m\\u00e1s tarde.&quot;,&quot;PLAY_START&quot;:&quot;Empezar la presentaci\\u00f3n&quot;,&quot;PLAY_STOP&quot;:&quot;Pausar la presentaci\\u00f3n&quot;,&quot;FULL_SCREEN&quot;:&quot;Pantalla completa&quot;,&quot;THUMBS&quot;:&quot;Miniaturas&quot;,&quot;DOWNLOAD&quot;:&quot;Descargar&quot;,&quot;SHARE&quot;:&quot;Compartir&quot;,&quot;ZOOM&quot;:&quot;Zoom&quot;,&quot;EMAIL&quot;:&quot;Here is the link to the image : %%image_link%% and this is the link to the gallery : %%gallery_link%%&quot;,&quot;MODAL&quot;:&quot;Puedes cerrar este contenido emergente con la tecla ESC&quot;,&quot;ERROR&quot;:&quot;Algo ha ido mal, pro favor, prueba de nuevo m\\u00e1s tarde&quot;,&quot;IMAGE_ERROR&quot;:&quot;Imagen no encontrada&quot;,&quot;ELEMENT_NOT_FOUND&quot;:&quot;No se ha encontrado el elemento HTML&quot;,&quot;AJAX_NOT_FOUND&quot;:&quot;Error al cargar AJAX: No encontrado&quot;,&quot;AJAX_FORBIDDEN&quot;:&quot;Error al cargar AJAX: Prohibido&quot;,&quot;IFRAME_ERROR&quot;:&quot;Error al cargar la p\\u00e1gina&quot;,&quot;TOGGLE_ZOOM&quot;:&quot;Alternar nivel de ampliar\\\/acercar&quot;,&quot;TOGGLE_THUMBS&quot;:&quot;Alternar miniaturas&quot;,&quot;TOGGLE_SLIDESHOW&quot;:&quot;Alternar diapositiva&quot;,&quot;TOGGLE_FULLSCREEN&quot;:&quot;Cambiar al modo de pantalla completa&quot;},&quot;Images&quot;:{&quot;Panzoom&quot;:{&quot;maxScale&quot;:2}},&quot;mainClass&quot;:&quot;modula-fancybox-container modula-lightbox-jtg-428&quot;,&quot;Html&quot;:{&quot;videoAutoplay&quot;:0,&quot;videoTpl&quot;:&quot;&lt;video class=\\&quot;fancybox__html5video\\&quot; controls muted playsinline controlsList controlsList=\\&quot;nodownload\\&quot; poster=\\&quot;{{poster}}\\&quot; src=\\&quot;{{src}}\\&quot; type=\\&quot;{{format}}\\&quot; &gt;  Sorry, your browser doesn&#039;t support embedded videos, &lt;a href=\\&quot;{{src}}\\&quot;&gt; download &lt;\\\/a&gt; and watch with your favorite video player! &lt;\\\/video&gt;&quot;}},&quot;inView&quot;:false,&quot;email_subject&quot;:&quot;Check out this awesome image !!&quot;,&quot;email_message&quot;:&quot;Here is the link to the image : %%image_link%% and this is the link to the gallery : %%gallery_link%%&quot;,&quot;lightbox&quot;:&quot;fancybox&quot;}\">\n\n\t\n\t<div  class=\"modula-items\">\n\t\t<div class=\"modula-item effect-pufrobo\" data-width=\"4\" data-height=\"2\" >\n\t<div class=\"modula-item-overlay\"><\/div>\n\n\t<div class=\"modula-item-content\">\n\n\t\t<a data-image-id=\"286\" role=\"button\" tabindex=\"0\" rel=\"jtg-428\" data-caption=\"\" aria-label=\"Abrir la imagen en una caja de luz\" class=\"tile-inner modula-item-link\"><\/a><img loading=\"lazy\" decoding=\"async\" class=\"pic wp-image-286\"  data-valign=\"middle\" data-halign=\"center\" alt=\"\" data-full=\"https:\/\/arquitectospain.com\/wp-content\/uploads\/2024\/06\/raul-salgado-arquitecto-social-housing-sligo-ireland-1.jpg\" title=\"raul salgado arquitecto social housing sligo ireland (1)\" crop=\"\" width=\"2048\" height=\"1024\" src=\"https:\/\/arquitectospain.com\/wp-content\/uploads\/2024\/06\/raul-salgado-arquitecto-social-housing-sligo-ireland-1-2048x1024.jpg\" data-src=\"https:\/\/arquitectospain.com\/wp-content\/uploads\/2024\/06\/raul-salgado-arquitecto-social-housing-sligo-ireland-1-2048x1024.jpg\" data-caption=\"\" srcset=\"https:\/\/arquitectospain.com\/wp-content\/uploads\/2024\/06\/raul-salgado-arquitecto-social-housing-sligo-ireland-1.jpg 2048w, https:\/\/arquitectospain.com\/wp-content\/uploads\/2024\/06\/raul-salgado-arquitecto-social-housing-sligo-ireland-1-1280x640.jpg 1280w, https:\/\/arquitectospain.com\/wp-content\/uploads\/2024\/06\/raul-salgado-arquitecto-social-housing-sligo-ireland-1-980x490.jpg 980w, https:\/\/arquitectospain.com\/wp-content\/uploads\/2024\/06\/raul-salgado-arquitecto-social-housing-sligo-ireland-1-480x240.jpg 480w\" sizes=\"(min-width: 0px) and (max-width: 480px) 480px, (min-width: 481px) and (max-width: 980px) 980px, (min-width: 981px) and (max-width: 1280px) 1280px, (min-width: 1281px) 2048px, 100vw\" \/>\n\t\t<div class=\"figc no-description\">\n\t\t\t<div class=\"figc-inner\">\n\t\t\t\t\t\t\t\t\t\t\t\t\t\t\t<\/div>\n\t\t<\/div>\n\n\t<\/div>\n\n<\/div><div class=\"modula-item effect-pufrobo\" data-width=\"4\" data-height=\"2\" >\n\t<div class=\"modula-item-overlay\"><\/div>\n\n\t<div class=\"modula-item-content\">\n\n\t\t<a data-image-id=\"289\" role=\"button\" tabindex=\"0\" rel=\"jtg-428\" data-caption=\"\" aria-label=\"Abrir la imagen en una caja de luz\" class=\"tile-inner modula-item-link\"><\/a><img loading=\"lazy\" decoding=\"async\" class=\"pic wp-image-289\"  data-valign=\"middle\" data-halign=\"center\" alt=\"\" data-full=\"https:\/\/arquitectospain.com\/wp-content\/uploads\/2024\/06\/raul-salgado-arquitecto-social-housing-ireland-2.jpg\" title=\"raul salgado arquitecto social housing ireland (2)\" crop=\"\" width=\"2048\" height=\"1024\" src=\"https:\/\/arquitectospain.com\/wp-content\/uploads\/2024\/06\/raul-salgado-arquitecto-social-housing-ireland-2-2048x1024.jpg\" data-src=\"https:\/\/arquitectospain.com\/wp-content\/uploads\/2024\/06\/raul-salgado-arquitecto-social-housing-ireland-2-2048x1024.jpg\" data-caption=\"\" srcset=\"https:\/\/arquitectospain.com\/wp-content\/uploads\/2024\/06\/raul-salgado-arquitecto-social-housing-ireland-2.jpg 2048w, https:\/\/arquitectospain.com\/wp-content\/uploads\/2024\/06\/raul-salgado-arquitecto-social-housing-ireland-2-1280x640.jpg 1280w, https:\/\/arquitectospain.com\/wp-content\/uploads\/2024\/06\/raul-salgado-arquitecto-social-housing-ireland-2-980x490.jpg 980w, https:\/\/arquitectospain.com\/wp-content\/uploads\/2024\/06\/raul-salgado-arquitecto-social-housing-ireland-2-480x240.jpg 480w\" sizes=\"(min-width: 0px) and (max-width: 480px) 480px, (min-width: 481px) and (max-width: 980px) 980px, (min-width: 981px) and (max-width: 1280px) 1280px, (min-width: 1281px) 2048px, 100vw\" \/>\n\t\t<div class=\"figc no-description\">\n\t\t\t<div class=\"figc-inner\">\n\t\t\t\t\t\t\t\t\t\t\t\t\t\t\t<\/div>\n\t\t<\/div>\n\n\t<\/div>\n\n<\/div><div class=\"modula-item effect-pufrobo\" data-width=\"4\" data-height=\"2\" >\n\t<div class=\"modula-item-overlay\"><\/div>\n\n\t<div class=\"modula-item-content\">\n\n\t\t<a data-image-id=\"299\" role=\"button\" tabindex=\"0\" rel=\"jtg-428\" data-caption=\"\" aria-label=\"Abrir la imagen en una caja de luz\" class=\"tile-inner modula-item-link\"><\/a><img loading=\"lazy\" decoding=\"async\" class=\"pic wp-image-299\"  data-valign=\"middle\" data-halign=\"center\" alt=\"\" data-full=\"https:\/\/arquitectospain.com\/wp-content\/uploads\/2024\/06\/raul-salgado-arquitecto-JABLONKA-10.jpg\" title=\"raul salgado arquitecto JABLONKA (10)\" crop=\"\" width=\"2048\" height=\"1182\" src=\"https:\/\/arquitectospain.com\/wp-content\/uploads\/2024\/06\/raul-salgado-arquitecto-JABLONKA-10-2048x1182.jpg\" data-src=\"https:\/\/arquitectospain.com\/wp-content\/uploads\/2024\/06\/raul-salgado-arquitecto-JABLONKA-10-2048x1182.jpg\" data-caption=\"\" srcset=\"https:\/\/arquitectospain.com\/wp-content\/uploads\/2024\/06\/raul-salgado-arquitecto-JABLONKA-10.jpg 2048w, https:\/\/arquitectospain.com\/wp-content\/uploads\/2024\/06\/raul-salgado-arquitecto-JABLONKA-10-1280x739.jpg 1280w, https:\/\/arquitectospain.com\/wp-content\/uploads\/2024\/06\/raul-salgado-arquitecto-JABLONKA-10-980x566.jpg 980w, https:\/\/arquitectospain.com\/wp-content\/uploads\/2024\/06\/raul-salgado-arquitecto-JABLONKA-10-480x277.jpg 480w\" sizes=\"(min-width: 0px) and (max-width: 480px) 480px, (min-width: 481px) and (max-width: 980px) 980px, (min-width: 981px) and (max-width: 1280px) 1280px, (min-width: 1281px) 2048px, 100vw\" \/>\n\t\t<div class=\"figc no-description\">\n\t\t\t<div class=\"figc-inner\">\n\t\t\t\t\t\t\t\t\t\t\t\t\t\t\t<\/div>\n\t\t<\/div>\n\n\t<\/div>\n\n<\/div><div class=\"modula-item effect-pufrobo\" data-width=\"4\" data-height=\"4\" >\n\t<div class=\"modula-item-overlay\"><\/div>\n\n\t<div class=\"modula-item-content\">\n\n\t\t<a data-image-id=\"119\" role=\"button\" tabindex=\"0\" rel=\"jtg-428\" data-caption=\"\" aria-label=\"Abrir la imagen en una caja de luz\" class=\"tile-inner modula-item-link\"><\/a><img loading=\"lazy\" decoding=\"async\" class=\"pic wp-image-119\"  data-valign=\"middle\" data-halign=\"center\" alt=\"\" data-full=\"https:\/\/arquitectospain.com\/wp-content\/uploads\/2024\/02\/05-PHOTO-5-scaled-1.jpg\" title=\"05 PHOTO 5\" crop=\"\" width=\"1684\" height=\"2048\" src=\"https:\/\/arquitectospain.com\/wp-content\/uploads\/2024\/02\/05-PHOTO-5-scaled-1-1684x2048.jpg\" data-src=\"https:\/\/arquitectospain.com\/wp-content\/uploads\/2024\/02\/05-PHOTO-5-scaled-1-1684x2048.jpg\" data-caption=\"\" srcset=\"https:\/\/arquitectospain.com\/wp-content\/uploads\/2024\/02\/05-PHOTO-5-scaled-1.jpg 1684w, https:\/\/arquitectospain.com\/wp-content\/uploads\/2024\/02\/05-PHOTO-5-scaled-1-1280x1557.jpg 1280w, https:\/\/arquitectospain.com\/wp-content\/uploads\/2024\/02\/05-PHOTO-5-scaled-1-980x1192.jpg 980w, https:\/\/arquitectospain.com\/wp-content\/uploads\/2024\/02\/05-PHOTO-5-scaled-1-480x584.jpg 480w\" sizes=\"(min-width: 0px) and (max-width: 480px) 480px, (min-width: 481px) and (max-width: 980px) 980px, (min-width: 981px) and (max-width: 1280px) 1280px, (min-width: 1281px) 1684px, 100vw\" \/>\n\t\t<div class=\"figc no-description\">\n\t\t\t<div class=\"figc-inner\">\n\t\t\t\t\t\t\t\t\t\t\t\t\t\t\t<\/div>\n\t\t<\/div>\n\n\t<\/div>\n\n<\/div><div class=\"modula-item effect-pufrobo\" data-width=\"2\" data-height=\"2\" >\n\t<div class=\"modula-item-overlay\"><\/div>\n\n\t<div class=\"modula-item-content\">\n\n\t\t<a data-image-id=\"380\" role=\"button\" tabindex=\"0\" rel=\"jtg-428\" data-caption=\"\" aria-label=\"Abrir la imagen en una caja de luz\" class=\"tile-inner modula-item-link\"><\/a><img loading=\"lazy\" decoding=\"async\" class=\"pic wp-image-380\"  data-valign=\"middle\" data-halign=\"center\" alt=\"\" data-full=\"https:\/\/arquitectospain.com\/wp-content\/uploads\/2024\/06\/raul-salgado-arquitecto-wysocany-praga-2.jpg\" title=\"raul salgado arquitecto wysocany praga (2)\" crop=\"\" width=\"2048\" height=\"1195\" src=\"https:\/\/arquitectospain.com\/wp-content\/uploads\/2024\/06\/raul-salgado-arquitecto-wysocany-praga-2-2048x1195.jpg\" data-src=\"https:\/\/arquitectospain.com\/wp-content\/uploads\/2024\/06\/raul-salgado-arquitecto-wysocany-praga-2-2048x1195.jpg\" data-caption=\"\" srcset=\"https:\/\/arquitectospain.com\/wp-content\/uploads\/2024\/06\/raul-salgado-arquitecto-wysocany-praga-2.jpg 2048w, https:\/\/arquitectospain.com\/wp-content\/uploads\/2024\/06\/raul-salgado-arquitecto-wysocany-praga-2-1280x747.jpg 1280w, https:\/\/arquitectospain.com\/wp-content\/uploads\/2024\/06\/raul-salgado-arquitecto-wysocany-praga-2-980x572.jpg 980w, https:\/\/arquitectospain.com\/wp-content\/uploads\/2024\/06\/raul-salgado-arquitecto-wysocany-praga-2-480x280.jpg 480w\" sizes=\"(min-width: 0px) and (max-width: 480px) 480px, (min-width: 481px) and (max-width: 980px) 980px, (min-width: 981px) and (max-width: 1280px) 1280px, (min-width: 1281px) 2048px, 100vw\" \/>\n\t\t<div class=\"figc no-description\">\n\t\t\t<div class=\"figc-inner\">\n\t\t\t\t\t\t\t\t\t\t\t\t\t\t\t<\/div>\n\t\t<\/div>\n\n\t<\/div>\n\n<\/div><div class=\"modula-item effect-pufrobo\" data-width=\"2\" data-height=\"2\" >\n\t<div class=\"modula-item-overlay\"><\/div>\n\n\t<div class=\"modula-item-content\">\n\n\t\t<a data-image-id=\"334\" role=\"button\" tabindex=\"0\" rel=\"jtg-428\" data-caption=\"\" aria-label=\"Abrir la imagen en una caja de luz\" class=\"tile-inner modula-item-link\"><\/a><img loading=\"lazy\" decoding=\"async\" class=\"pic wp-image-334\"  data-valign=\"middle\" data-halign=\"center\" alt=\"\" data-full=\"https:\/\/arquitectospain.com\/wp-content\/uploads\/2024\/06\/raul-salgado-arquitecto-JABLONKA-45.jpg\" title=\"raul salgado arquitecto JABLONKA (45)\" crop=\"\" width=\"2048\" height=\"1366\" src=\"https:\/\/arquitectospain.com\/wp-content\/uploads\/2024\/06\/raul-salgado-arquitecto-JABLONKA-45-2048x1366.jpg\" data-src=\"https:\/\/arquitectospain.com\/wp-content\/uploads\/2024\/06\/raul-salgado-arquitecto-JABLONKA-45-2048x1366.jpg\" data-caption=\"\" srcset=\"https:\/\/arquitectospain.com\/wp-content\/uploads\/2024\/06\/raul-salgado-arquitecto-JABLONKA-45.jpg 2048w, https:\/\/arquitectospain.com\/wp-content\/uploads\/2024\/06\/raul-salgado-arquitecto-JABLONKA-45-1280x854.jpg 1280w, https:\/\/arquitectospain.com\/wp-content\/uploads\/2024\/06\/raul-salgado-arquitecto-JABLONKA-45-980x653.jpg 980w, https:\/\/arquitectospain.com\/wp-content\/uploads\/2024\/06\/raul-salgado-arquitecto-JABLONKA-45-480x320.jpg 480w\" sizes=\"(min-width: 0px) and (max-width: 480px) 480px, (min-width: 481px) and (max-width: 980px) 980px, (min-width: 981px) and (max-width: 1280px) 1280px, (min-width: 1281px) 2048px, 100vw\" \/>\n\t\t<div class=\"figc no-description\">\n\t\t\t<div class=\"figc-inner\">\n\t\t\t\t\t\t\t\t\t\t\t\t\t\t\t<\/div>\n\t\t<\/div>\n\n\t<\/div>\n\n<\/div><div class=\"modula-item effect-pufrobo\" data-width=\"4\" data-height=\"2\" >\n\t<div class=\"modula-item-overlay\"><\/div>\n\n\t<div class=\"modula-item-content\">\n\n\t\t<a data-image-id=\"361\" role=\"button\" tabindex=\"0\" rel=\"jtg-428\" data-caption=\"\" aria-label=\"Abrir la imagen en una caja de luz\" class=\"tile-inner modula-item-link\"><\/a><img loading=\"lazy\" decoding=\"async\" class=\"pic wp-image-361\"  data-valign=\"middle\" data-halign=\"center\" alt=\"\" data-full=\"https:\/\/arquitectospain.com\/wp-content\/uploads\/2024\/06\/raul-salgado-arquitecto-social-club-asturias-1.jpg\" title=\"raul salgado arquitecto social club asturias (1)\" crop=\"\" width=\"2048\" height=\"1448\" src=\"https:\/\/arquitectospain.com\/wp-content\/uploads\/2024\/06\/raul-salgado-arquitecto-social-club-asturias-1-2048x1448.jpg\" data-src=\"https:\/\/arquitectospain.com\/wp-content\/uploads\/2024\/06\/raul-salgado-arquitecto-social-club-asturias-1-2048x1448.jpg\" data-caption=\"\" srcset=\"https:\/\/arquitectospain.com\/wp-content\/uploads\/2024\/06\/raul-salgado-arquitecto-social-club-asturias-1.jpg 2048w, https:\/\/arquitectospain.com\/wp-content\/uploads\/2024\/06\/raul-salgado-arquitecto-social-club-asturias-1-1280x905.jpg 1280w, https:\/\/arquitectospain.com\/wp-content\/uploads\/2024\/06\/raul-salgado-arquitecto-social-club-asturias-1-980x693.jpg 980w, https:\/\/arquitectospain.com\/wp-content\/uploads\/2024\/06\/raul-salgado-arquitecto-social-club-asturias-1-480x339.jpg 480w\" sizes=\"(min-width: 0px) and (max-width: 480px) 480px, (min-width: 481px) and (max-width: 980px) 980px, (min-width: 981px) and (max-width: 1280px) 1280px, (min-width: 1281px) 2048px, 100vw\" \/>\n\t\t<div class=\"figc no-description\">\n\t\t\t<div class=\"figc-inner\">\n\t\t\t\t\t\t\t\t\t\t\t\t\t\t\t<\/div>\n\t\t<\/div>\n\n\t<\/div>\n\n<\/div><div class=\"modula-item effect-pufrobo\" data-width=\"4\" data-height=\"2\" >\n\t<div class=\"modula-item-overlay\"><\/div>\n\n\t<div class=\"modula-item-content\">\n\n\t\t<a data-image-id=\"368\" role=\"button\" tabindex=\"0\" rel=\"jtg-428\" data-caption=\"\" aria-label=\"Abrir la imagen en una caja de luz\" class=\"tile-inner modula-item-link\"><\/a><img loading=\"lazy\" decoding=\"async\" class=\"pic wp-image-368\"  data-valign=\"middle\" data-halign=\"center\" alt=\"\" data-full=\"https:\/\/arquitectospain.com\/wp-content\/uploads\/2024\/06\/raul-salgado-arquitecto-green-360-peru-2.jpg\" title=\"raul salgado arquitecto green 360 peru (2)\" crop=\"\" width=\"2048\" height=\"1366\" src=\"https:\/\/arquitectospain.com\/wp-content\/uploads\/2024\/06\/raul-salgado-arquitecto-green-360-peru-2-2048x1366.jpg\" data-src=\"https:\/\/arquitectospain.com\/wp-content\/uploads\/2024\/06\/raul-salgado-arquitecto-green-360-peru-2-2048x1366.jpg\" data-caption=\"\" srcset=\"https:\/\/arquitectospain.com\/wp-content\/uploads\/2024\/06\/raul-salgado-arquitecto-green-360-peru-2.jpg 2048w, https:\/\/arquitectospain.com\/wp-content\/uploads\/2024\/06\/raul-salgado-arquitecto-green-360-peru-2-1280x854.jpg 1280w, https:\/\/arquitectospain.com\/wp-content\/uploads\/2024\/06\/raul-salgado-arquitecto-green-360-peru-2-980x653.jpg 980w, https:\/\/arquitectospain.com\/wp-content\/uploads\/2024\/06\/raul-salgado-arquitecto-green-360-peru-2-480x320.jpg 480w\" sizes=\"(min-width: 0px) and (max-width: 480px) 480px, (min-width: 481px) and (max-width: 980px) 980px, (min-width: 981px) and (max-width: 1280px) 1280px, (min-width: 1281px) 2048px, 100vw\" \/>\n\t\t<div class=\"figc no-description\">\n\t\t\t<div class=\"figc-inner\">\n\t\t\t\t\t\t\t\t\t\t\t\t\t\t\t<\/div>\n\t\t<\/div>\n\n\t<\/div>\n\n<\/div><div class=\"modula-item effect-pufrobo\" data-width=\"4\" data-height=\"2\" >\n\t<div class=\"modula-item-overlay\"><\/div>\n\n\t<div class=\"modula-item-content\">\n\n\t\t<a data-image-id=\"385\" role=\"button\" tabindex=\"0\" rel=\"jtg-428\" data-caption=\"\" aria-label=\"Abrir la imagen en una caja de luz\" class=\"tile-inner modula-item-link\"><\/a><img loading=\"lazy\" decoding=\"async\" class=\"pic wp-image-385\"  data-valign=\"middle\" data-halign=\"center\" alt=\"\" data-full=\"https:\/\/arquitectospain.com\/wp-content\/uploads\/2024\/06\/raul-salgado-arquitecto-losbates-school-praga-5.jpg\" title=\"raul salgado arquitecto losbates school praga (5)\" crop=\"\" width=\"2048\" height=\"1194\" src=\"https:\/\/arquitectospain.com\/wp-content\/uploads\/2024\/06\/raul-salgado-arquitecto-losbates-school-praga-5-2048x1194.jpg\" data-src=\"https:\/\/arquitectospain.com\/wp-content\/uploads\/2024\/06\/raul-salgado-arquitecto-losbates-school-praga-5-2048x1194.jpg\" data-caption=\"\" srcset=\"https:\/\/arquitectospain.com\/wp-content\/uploads\/2024\/06\/raul-salgado-arquitecto-losbates-school-praga-5.jpg 2048w, https:\/\/arquitectospain.com\/wp-content\/uploads\/2024\/06\/raul-salgado-arquitecto-losbates-school-praga-5-1280x746.jpg 1280w, https:\/\/arquitectospain.com\/wp-content\/uploads\/2024\/06\/raul-salgado-arquitecto-losbates-school-praga-5-980x572.jpg 980w, https:\/\/arquitectospain.com\/wp-content\/uploads\/2024\/06\/raul-salgado-arquitecto-losbates-school-praga-5-480x280.jpg 480w\" sizes=\"(min-width: 0px) and (max-width: 480px) 480px, (min-width: 481px) and (max-width: 980px) 980px, (min-width: 981px) and (max-width: 1280px) 1280px, (min-width: 1281px) 2048px, 100vw\" \/>\n\t\t<div class=\"figc no-description\">\n\t\t\t<div class=\"figc-inner\">\n\t\t\t\t\t\t\t\t\t\t\t\t\t\t\t<\/div>\n\t\t<\/div>\n\n\t<\/div>\n\n<\/div><div class=\"modula-item effect-pufrobo\" data-width=\"3\" data-height=\"3\" >\n\t<div class=\"modula-item-overlay\"><\/div>\n\n\t<div class=\"modula-item-content\">\n\n\t\t<a data-image-id=\"184\" role=\"button\" tabindex=\"0\" rel=\"jtg-428\" data-caption=\"\" aria-label=\"Abrir la imagen en una caja de luz\" class=\"tile-inner modula-item-link\"><\/a><img loading=\"lazy\" decoding=\"async\" class=\"pic wp-image-184\"  data-valign=\"middle\" data-halign=\"center\" alt=\"\" data-full=\"https:\/\/arquitectospain.com\/wp-content\/uploads\/2024\/02\/27-PHOTO-27-1.jpg\" title=\"27 PHOTO 27\" crop=\"\" width=\"2048\" height=\"1443\" src=\"https:\/\/arquitectospain.com\/wp-content\/uploads\/2024\/02\/27-PHOTO-27-1-2048x1443.jpg\" data-src=\"https:\/\/arquitectospain.com\/wp-content\/uploads\/2024\/02\/27-PHOTO-27-1-2048x1443.jpg\" data-caption=\"\" srcset=\"https:\/\/arquitectospain.com\/wp-content\/uploads\/2024\/02\/27-PHOTO-27-1.jpg 2048w, https:\/\/arquitectospain.com\/wp-content\/uploads\/2024\/02\/27-PHOTO-27-1-1280x902.jpg 1280w, https:\/\/arquitectospain.com\/wp-content\/uploads\/2024\/02\/27-PHOTO-27-1-980x691.jpg 980w, https:\/\/arquitectospain.com\/wp-content\/uploads\/2024\/02\/27-PHOTO-27-1-480x338.jpg 480w\" sizes=\"(min-width: 0px) and (max-width: 480px) 480px, (min-width: 481px) and (max-width: 980px) 980px, (min-width: 981px) and (max-width: 1280px) 1280px, (min-width: 1281px) 2048px, 100vw\" \/>\n\t\t<div class=\"figc no-description\">\n\t\t\t<div class=\"figc-inner\">\n\t\t\t\t\t\t\t\t\t\t\t\t\t\t\t<\/div>\n\t\t<\/div>\n\n\t<\/div>\n\n<\/div><div class=\"modula-item effect-pufrobo\" data-width=\"4\" data-height=\"2\" >\n\t<div class=\"modula-item-overlay\"><\/div>\n\n\t<div class=\"modula-item-content\">\n\n\t\t<a data-image-id=\"403\" role=\"button\" tabindex=\"0\" rel=\"jtg-428\" data-caption=\"\" aria-label=\"Abrir la imagen en una caja de luz\" class=\"tile-inner modula-item-link\"><\/a><img loading=\"lazy\" decoding=\"async\" class=\"pic wp-image-403\"  data-valign=\"middle\" data-halign=\"center\" alt=\"\" data-full=\"https:\/\/arquitectospain.com\/wp-content\/uploads\/2024\/06\/raul-salgado-arquitecto-la-moria-llanes-3.jpg\" title=\"raul salgado arquitecto la moria llanes (3)\" crop=\"\" width=\"2048\" height=\"1024\" src=\"https:\/\/arquitectospain.com\/wp-content\/uploads\/2024\/06\/raul-salgado-arquitecto-la-moria-llanes-3-2048x1024.jpg\" data-src=\"https:\/\/arquitectospain.com\/wp-content\/uploads\/2024\/06\/raul-salgado-arquitecto-la-moria-llanes-3-2048x1024.jpg\" data-caption=\"\" srcset=\"https:\/\/arquitectospain.com\/wp-content\/uploads\/2024\/06\/raul-salgado-arquitecto-la-moria-llanes-3.jpg 2048w, https:\/\/arquitectospain.com\/wp-content\/uploads\/2024\/06\/raul-salgado-arquitecto-la-moria-llanes-3-1280x640.jpg 1280w, https:\/\/arquitectospain.com\/wp-content\/uploads\/2024\/06\/raul-salgado-arquitecto-la-moria-llanes-3-980x490.jpg 980w, https:\/\/arquitectospain.com\/wp-content\/uploads\/2024\/06\/raul-salgado-arquitecto-la-moria-llanes-3-480x240.jpg 480w\" sizes=\"(min-width: 0px) and (max-width: 480px) 480px, (min-width: 481px) and (max-width: 980px) 980px, (min-width: 981px) and (max-width: 1280px) 1280px, (min-width: 1281px) 2048px, 100vw\" \/>\n\t\t<div class=\"figc no-description\">\n\t\t\t<div class=\"figc-inner\">\n\t\t\t\t\t\t\t\t\t\t\t\t\t\t\t<\/div>\n\t\t<\/div>\n\n\t<\/div>\n\n<\/div><div class=\"modula-item effect-pufrobo\" data-width=\"2\" data-height=\"2\" >\n\t<div class=\"modula-item-overlay\"><\/div>\n\n\t<div class=\"modula-item-content\">\n\n\t\t<a data-image-id=\"390\" role=\"button\" tabindex=\"0\" rel=\"jtg-428\" data-caption=\"\" aria-label=\"Abrir la imagen en una caja de luz\" class=\"tile-inner modula-item-link\"><\/a><img loading=\"lazy\" decoding=\"async\" class=\"pic wp-image-390\"  data-valign=\"middle\" data-halign=\"center\" alt=\"\" data-full=\"https:\/\/arquitectospain.com\/wp-content\/uploads\/2024\/06\/raul-salgado-arquitecto-social-housing-Korea-3.jpg\" title=\"raul salgado arquitecto social housing Korea (3)\" crop=\"\" width=\"2048\" height=\"1195\" src=\"https:\/\/arquitectospain.com\/wp-content\/uploads\/2024\/06\/raul-salgado-arquitecto-social-housing-Korea-3-2048x1195.jpg\" data-src=\"https:\/\/arquitectospain.com\/wp-content\/uploads\/2024\/06\/raul-salgado-arquitecto-social-housing-Korea-3-2048x1195.jpg\" data-caption=\"\" srcset=\"https:\/\/arquitectospain.com\/wp-content\/uploads\/2024\/06\/raul-salgado-arquitecto-social-housing-Korea-3.jpg 2048w, https:\/\/arquitectospain.com\/wp-content\/uploads\/2024\/06\/raul-salgado-arquitecto-social-housing-Korea-3-1280x747.jpg 1280w, https:\/\/arquitectospain.com\/wp-content\/uploads\/2024\/06\/raul-salgado-arquitecto-social-housing-Korea-3-980x572.jpg 980w, https:\/\/arquitectospain.com\/wp-content\/uploads\/2024\/06\/raul-salgado-arquitecto-social-housing-Korea-3-480x280.jpg 480w\" sizes=\"(min-width: 0px) and (max-width: 480px) 480px, (min-width: 481px) and (max-width: 980px) 980px, (min-width: 981px) and (max-width: 1280px) 1280px, (min-width: 1281px) 2048px, 100vw\" \/>\n\t\t<div class=\"figc no-description\">\n\t\t\t<div class=\"figc-inner\">\n\t\t\t\t\t\t\t\t\t\t\t\t\t\t\t<\/div>\n\t\t<\/div>\n\n\t<\/div>\n\n<\/div><div class=\"modula-item effect-pufrobo\" data-width=\"3\" data-height=\"2\" >\n\t<div class=\"modula-item-overlay\"><\/div>\n\n\t<div class=\"modula-item-content\">\n\n\t\t<a data-image-id=\"396\" role=\"button\" tabindex=\"0\" rel=\"jtg-428\" data-caption=\"\" aria-label=\"Abrir la imagen en una caja de luz\" class=\"tile-inner modula-item-link\"><\/a><img loading=\"lazy\" decoding=\"async\" class=\"pic wp-image-396\"  data-valign=\"middle\" data-halign=\"center\" alt=\"\" data-full=\"https:\/\/arquitectospain.com\/wp-content\/uploads\/2024\/06\/raul-salgado-arquitecto-mixed-rusia-6.jpg\" title=\"raul salgado arquitecto mixed rusia (6)\" crop=\"\" width=\"2048\" height=\"1024\" src=\"https:\/\/arquitectospain.com\/wp-content\/uploads\/2024\/06\/raul-salgado-arquitecto-mixed-rusia-6-2048x1024.jpg\" data-src=\"https:\/\/arquitectospain.com\/wp-content\/uploads\/2024\/06\/raul-salgado-arquitecto-mixed-rusia-6-2048x1024.jpg\" data-caption=\"\" srcset=\"https:\/\/arquitectospain.com\/wp-content\/uploads\/2024\/06\/raul-salgado-arquitecto-mixed-rusia-6.jpg 2048w, https:\/\/arquitectospain.com\/wp-content\/uploads\/2024\/06\/raul-salgado-arquitecto-mixed-rusia-6-1280x640.jpg 1280w, https:\/\/arquitectospain.com\/wp-content\/uploads\/2024\/06\/raul-salgado-arquitecto-mixed-rusia-6-980x490.jpg 980w, https:\/\/arquitectospain.com\/wp-content\/uploads\/2024\/06\/raul-salgado-arquitecto-mixed-rusia-6-480x240.jpg 480w\" sizes=\"(min-width: 0px) and (max-width: 480px) 480px, (min-width: 481px) and (max-width: 980px) 980px, (min-width: 981px) and (max-width: 1280px) 1280px, (min-width: 1281px) 2048px, 100vw\" \/>\n\t\t<div class=\"figc no-description\">\n\t\t\t<div class=\"figc-inner\">\n\t\t\t\t\t\t\t\t\t\t\t\t\t\t\t<\/div>\n\t\t<\/div>\n\n\t<\/div>\n\n<\/div><div class=\"modula-item effect-pufrobo\" data-width=\"4\" data-height=\"4\" >\n\t<div class=\"modula-item-overlay\"><\/div>\n\n\t<div class=\"modula-item-content\">\n\n\t\t<a data-image-id=\"317\" role=\"button\" tabindex=\"0\" rel=\"jtg-428\" data-caption=\"\" aria-label=\"Abrir la imagen en una caja de luz\" class=\"tile-inner modula-item-link\"><\/a><img loading=\"lazy\" decoding=\"async\" class=\"pic wp-image-317\"  data-valign=\"middle\" data-halign=\"center\" alt=\"\" data-full=\"https:\/\/arquitectospain.com\/wp-content\/uploads\/2024\/06\/raul-salgado-arquitecto-JABLONKA-28.jpg\" title=\"raul salgado arquitecto JABLONKA (28)\" crop=\"\" width=\"1847\" height=\"2048\" src=\"https:\/\/arquitectospain.com\/wp-content\/uploads\/2024\/06\/raul-salgado-arquitecto-JABLONKA-28-1847x2048.jpg\" data-src=\"https:\/\/arquitectospain.com\/wp-content\/uploads\/2024\/06\/raul-salgado-arquitecto-JABLONKA-28-1847x2048.jpg\" data-caption=\"\" srcset=\"https:\/\/arquitectospain.com\/wp-content\/uploads\/2024\/06\/raul-salgado-arquitecto-JABLONKA-28-scaled.jpg 1847w, https:\/\/arquitectospain.com\/wp-content\/uploads\/2024\/06\/raul-salgado-arquitecto-JABLONKA-28-1280x1419.jpg 1280w, https:\/\/arquitectospain.com\/wp-content\/uploads\/2024\/06\/raul-salgado-arquitecto-JABLONKA-28-980x1087.jpg 980w, https:\/\/arquitectospain.com\/wp-content\/uploads\/2024\/06\/raul-salgado-arquitecto-JABLONKA-28-480x532.jpg 480w\" sizes=\"(min-width: 0px) and (max-width: 480px) 480px, (min-width: 481px) and (max-width: 980px) 980px, (min-width: 981px) and (max-width: 1280px) 1280px, (min-width: 1281px) 1847px, 100vw\" \/>\n\t\t<div class=\"figc no-description\">\n\t\t\t<div class=\"figc-inner\">\n\t\t\t\t\t\t\t\t\t\t\t\t\t\t\t<\/div>\n\t\t<\/div>\n\n\t<\/div>\n\n<\/div><div class=\"modula-item effect-pufrobo\" data-width=\"4\" data-height=\"2\" >\n\t<div class=\"modula-item-overlay\"><\/div>\n\n\t<div class=\"modula-item-content\">\n\n\t\t<a data-image-id=\"305\" role=\"button\" tabindex=\"0\" rel=\"jtg-428\" data-caption=\"\" aria-label=\"Abrir la imagen en una caja de luz\" class=\"tile-inner modula-item-link\"><\/a><img loading=\"lazy\" decoding=\"async\" class=\"pic wp-image-305\"  data-valign=\"middle\" data-halign=\"center\" alt=\"\" data-full=\"https:\/\/arquitectospain.com\/wp-content\/uploads\/2024\/06\/raul-salgado-arquitecto-JABLONKA-16.jpg\" title=\"raul salgado arquitecto JABLONKA (16)\" crop=\"\" width=\"2048\" height=\"1366\" src=\"https:\/\/arquitectospain.com\/wp-content\/uploads\/2024\/06\/raul-salgado-arquitecto-JABLONKA-16-2048x1366.jpg\" data-src=\"https:\/\/arquitectospain.com\/wp-content\/uploads\/2024\/06\/raul-salgado-arquitecto-JABLONKA-16-2048x1366.jpg\" data-caption=\"\" srcset=\"https:\/\/arquitectospain.com\/wp-content\/uploads\/2024\/06\/raul-salgado-arquitecto-JABLONKA-16.jpg 2048w, https:\/\/arquitectospain.com\/wp-content\/uploads\/2024\/06\/raul-salgado-arquitecto-JABLONKA-16-1280x854.jpg 1280w, https:\/\/arquitectospain.com\/wp-content\/uploads\/2024\/06\/raul-salgado-arquitecto-JABLONKA-16-980x653.jpg 980w, https:\/\/arquitectospain.com\/wp-content\/uploads\/2024\/06\/raul-salgado-arquitecto-JABLONKA-16-480x320.jpg 480w\" sizes=\"(min-width: 0px) and (max-width: 480px) 480px, (min-width: 481px) and (max-width: 980px) 980px, (min-width: 981px) and (max-width: 1280px) 1280px, (min-width: 1281px) 2048px, 100vw\" \/>\n\t\t<div class=\"figc no-description\">\n\t\t\t<div class=\"figc-inner\">\n\t\t\t\t\t\t\t\t\t\t\t\t\t\t\t<\/div>\n\t\t<\/div>\n\n\t<\/div>\n\n<\/div><div class=\"modula-item effect-pufrobo\" data-width=\"4\" data-height=\"2\" >\n\t<div class=\"modula-item-overlay\"><\/div>\n\n\t<div class=\"modula-item-content\">\n\n\t\t<a data-image-id=\"365\" role=\"button\" tabindex=\"0\" rel=\"jtg-428\" data-caption=\"\" aria-label=\"Abrir la imagen en una caja de luz\" class=\"tile-inner modula-item-link\"><\/a><img loading=\"lazy\" decoding=\"async\" class=\"pic wp-image-365\"  data-valign=\"middle\" data-halign=\"center\" alt=\"\" data-full=\"https:\/\/arquitectospain.com\/wp-content\/uploads\/2024\/06\/raul-salgado-arquitecto-centre-pier-ireland-3.jpg\" title=\"raul salgado arquitecto centre pier ireland (3)\" crop=\"\" width=\"2048\" height=\"1363\" src=\"https:\/\/arquitectospain.com\/wp-content\/uploads\/2024\/06\/raul-salgado-arquitecto-centre-pier-ireland-3-2048x1363.jpg\" data-src=\"https:\/\/arquitectospain.com\/wp-content\/uploads\/2024\/06\/raul-salgado-arquitecto-centre-pier-ireland-3-2048x1363.jpg\" data-caption=\"\" srcset=\"https:\/\/arquitectospain.com\/wp-content\/uploads\/2024\/06\/raul-salgado-arquitecto-centre-pier-ireland-3.jpg 2048w, https:\/\/arquitectospain.com\/wp-content\/uploads\/2024\/06\/raul-salgado-arquitecto-centre-pier-ireland-3-1280x852.jpg 1280w, https:\/\/arquitectospain.com\/wp-content\/uploads\/2024\/06\/raul-salgado-arquitecto-centre-pier-ireland-3-980x652.jpg 980w, https:\/\/arquitectospain.com\/wp-content\/uploads\/2024\/06\/raul-salgado-arquitecto-centre-pier-ireland-3-480x319.jpg 480w\" sizes=\"(min-width: 0px) and (max-width: 480px) 480px, (min-width: 481px) and (max-width: 980px) 980px, (min-width: 981px) and (max-width: 1280px) 1280px, (min-width: 1281px) 2048px, 100vw\" \/>\n\t\t<div class=\"figc no-description\">\n\t\t\t<div class=\"figc-inner\">\n\t\t\t\t\t\t\t\t\t\t\t\t\t\t\t<\/div>\n\t\t<\/div>\n\n\t<\/div>\n\n<\/div><div class=\"modula-item effect-pufrobo\" data-width=\"4\" data-height=\"2\" >\n\t<div class=\"modula-item-overlay\"><\/div>\n\n\t<div class=\"modula-item-content\">\n\n\t\t<a data-image-id=\"410\" role=\"button\" tabindex=\"0\" rel=\"jtg-428\" data-caption=\"\" aria-label=\"Abrir la imagen en una caja de luz\" class=\"tile-inner modula-item-link\"><\/a><img loading=\"lazy\" decoding=\"async\" class=\"pic wp-image-410\"  data-valign=\"middle\" data-halign=\"center\" alt=\"\" data-full=\"https:\/\/arquitectospain.com\/wp-content\/uploads\/2024\/06\/raul-salgado-arquitecto-casa-de-marta-celorio-12.jpg\" title=\"raul salgado arquitecto casa de marta celorio (12)\" crop=\"\" width=\"2048\" height=\"1443\" src=\"https:\/\/arquitectospain.com\/wp-content\/uploads\/2024\/06\/raul-salgado-arquitecto-casa-de-marta-celorio-12-2048x1443.jpg\" data-src=\"https:\/\/arquitectospain.com\/wp-content\/uploads\/2024\/06\/raul-salgado-arquitecto-casa-de-marta-celorio-12-2048x1443.jpg\" data-caption=\"\" srcset=\"https:\/\/arquitectospain.com\/wp-content\/uploads\/2024\/06\/raul-salgado-arquitecto-casa-de-marta-celorio-12.jpg 2048w, https:\/\/arquitectospain.com\/wp-content\/uploads\/2024\/06\/raul-salgado-arquitecto-casa-de-marta-celorio-12-1280x902.jpg 1280w, https:\/\/arquitectospain.com\/wp-content\/uploads\/2024\/06\/raul-salgado-arquitecto-casa-de-marta-celorio-12-980x691.jpg 980w, https:\/\/arquitectospain.com\/wp-content\/uploads\/2024\/06\/raul-salgado-arquitecto-casa-de-marta-celorio-12-480x338.jpg 480w\" sizes=\"(min-width: 0px) and (max-width: 480px) 480px, (min-width: 481px) and (max-width: 980px) 980px, (min-width: 981px) and (max-width: 1280px) 1280px, (min-width: 1281px) 2048px, 100vw\" \/>\n\t\t<div class=\"figc no-description\">\n\t\t\t<div class=\"figc-inner\">\n\t\t\t\t\t\t\t\t\t\t\t\t\t\t\t<\/div>\n\t\t<\/div>\n\n\t<\/div>\n\n<\/div><div class=\"modula-item effect-pufrobo\" data-width=\"6\" data-height=\"2\" >\n\t<div class=\"modula-item-overlay\"><\/div>\n\n\t<div class=\"modula-item-content\">\n\n\t\t<a data-image-id=\"412\" role=\"button\" tabindex=\"0\" rel=\"jtg-428\" data-caption=\"\" aria-label=\"Abrir la imagen en una caja de luz\" class=\"tile-inner modula-item-link\"><\/a><img loading=\"lazy\" decoding=\"async\" class=\"pic wp-image-412\"  data-valign=\"middle\" data-halign=\"center\" alt=\"\" data-full=\"https:\/\/arquitectospain.com\/wp-content\/uploads\/2024\/06\/raul-salgado-arquitecto-casa-de-marta-celorio-28.jpg\" title=\"raul salgado arquitecto casa de marta celorio (28)\" crop=\"\" width=\"2048\" height=\"1316\" src=\"https:\/\/arquitectospain.com\/wp-content\/uploads\/2024\/06\/raul-salgado-arquitecto-casa-de-marta-celorio-28-2048x1316.jpg\" data-src=\"https:\/\/arquitectospain.com\/wp-content\/uploads\/2024\/06\/raul-salgado-arquitecto-casa-de-marta-celorio-28-2048x1316.jpg\" data-caption=\"\" srcset=\"https:\/\/arquitectospain.com\/wp-content\/uploads\/2024\/06\/raul-salgado-arquitecto-casa-de-marta-celorio-28.jpg 2048w, https:\/\/arquitectospain.com\/wp-content\/uploads\/2024\/06\/raul-salgado-arquitecto-casa-de-marta-celorio-28-1280x823.jpg 1280w, https:\/\/arquitectospain.com\/wp-content\/uploads\/2024\/06\/raul-salgado-arquitecto-casa-de-marta-celorio-28-980x630.jpg 980w, https:\/\/arquitectospain.com\/wp-content\/uploads\/2024\/06\/raul-salgado-arquitecto-casa-de-marta-celorio-28-480x309.jpg 480w\" sizes=\"(min-width: 0px) and (max-width: 480px) 480px, (min-width: 481px) and (max-width: 980px) 980px, (min-width: 981px) and (max-width: 1280px) 1280px, (min-width: 1281px) 2048px, 100vw\" \/>\n\t\t<div class=\"figc no-description\">\n\t\t\t<div class=\"figc-inner\">\n\t\t\t\t\t\t\t\t\t\t\t\t\t\t\t<\/div>\n\t\t<\/div>\n\n\t<\/div>\n\n<\/div>\t\t\n\t<\/div>\n\n\t\n\t\n\t<script type=\"application\/ld+json\">\n\t{\n\t\t\"@context\": \"http:\/\/schema.org\",\n\t\t\"@type\"   : \"ImageGallery\",\n\t\t\"id\"      : \"https:\/\/arquitectospain.com\/index.php\/proyectos\/\",\n\t\t\"url\"     : \"https:\/\/arquitectospain.com\/index.php\/proyectos\/\"\n\t}\n\n\t<\/script>\n\n\t\n<\/div>\n[\/et_pb_fullwidth_code][\/et_pb_section][et_pb_section fb_built=\u00bb1&#8243; _builder_version=\u00bb4.25.2&#8243; _module_preset=\u00bbdefault\u00bb global_colors_info=\u00bb{}\u00bb custom_padding=\u00bb8px||7px|||\u00bb][et_pb_row _builder_version=\u00bb4.25.2&#8243; _module_preset=\u00bbdefault\u00bb global_colors_info=\u00bb{}\u00bb][et_pb_column type=\u00bb4_4&#8243; _builder_version=\u00bb4.25.2&#8243; _module_preset=\u00bbdefault\u00bb global_colors_info=\u00bb{}\u00bb][et_pb_gallery gallery_ids=\u00bb286,288,291,293,297,299,305,310,316,317,323,341,361,362,365,364,369,372,376,379,388,402,403,404,406,410,411,415,419,420,421,590,591,593,594,595,597,599,604,605,606&#8243; posts_number=\u00bb45&#8243; show_title_and_caption=\u00bboff\u00bb disabled_on=\u00bboff|off|on\u00bb _builder_version=\u00bb4.25.2&#8243; _module_preset=\u00bbdefault\u00bb global_colors_info=\u00bb{}\u00bb][\/et_pb_gallery][\/et_pb_column][\/et_pb_row][\/et_pb_section][et_pb_section fb_built=\u00bb1&#8243; _builder_version=\u00bb4.24.2&#8243; _module_preset=\u00bbdefault\u00bb global_colors_info=\u00bb{}\u00bb][et_pb_row column_structure=\u00bb1_2,1_2&#8243; _builder_version=\u00bb4.24.2&#8243; _module_preset=\u00bbdefault\u00bb global_colors_info=\u00bb{}\u00bb][et_pb_column type=\u00bb1_2&#8243; _builder_version=\u00bb4.24.2&#8243; _module_preset=\u00bbdefault\u00bb global_colors_info=\u00bb{}\u00bb][et_pb_text _builder_version=\u00bb4.25.2&#8243; _module_preset=\u00bbdefault\u00bb text_font=\u00bb|300|||||||\u00bb header_2_font=\u00bb|300|||||||\u00bb global_colors_info=\u00bb{}\u00bb]<\/p>\n<h2>Proyectos Residenciales \u2013 Comerciales:<\/h2>\n<p><span><\/span><\/p>\n<p>Residential scheme in La Moria, Llanes, Asturias Spain<\/p>\n<p><span>Torres residenciales de 18 plantas para varias ciudades de la Federaci\u00f3n de Rusia.<\/span><\/p>\n<p><span>Plan residencial en Jablonka, Olsztyn, Polonia<\/span><\/p>\n<p><span>Casa pasiva en Celorio.\u00a0Asturias, Espa\u00f1a<\/span><\/p>\n<p><span>Esquema residencial.\u00a0Edificios 5 y 6. Bloque 32. Asturias, Espa\u00f1a<\/span><\/p>\n<p><span>La Casa de Marta. Celorio. Asturias, Spain<\/span><\/p>\n<p><span>Esquema residencial.\u00a08 Viviendas adosadas.\u00a0Asturias, Espa\u00f1a<\/span><\/p>\n<p><span>Restaurante Ib\u00e9rico.\u00a0195 Gran Calle Portland.\u00a0Londres, Reino Unido<\/span><\/p>\n<p><span>Esquema residencial.\u00a0Clondalkin.\u00a0Condado de Dubl\u00edn, Irlanda<\/span><\/p>\n<p><span>Esquema residencial.\u00a0Dundrum.\u00a0Condado de Dubl\u00edn, Irlanda<\/span><\/p>\n<p><span>Esquema residencial.\u00a0Dalkey.\u00a0Condado de Dubl\u00edn, Irlanda<\/span><\/p>\n<p><span>Desarrollo de uso mixto Great Corrib, Galway, Irlanda<\/span><\/p>\n<p><span>Esquema residencial.\u00a0224 West 18th\u00a0<sup>St.<\/sup>\u00a0, Nueva York, Nueva York.\u00a0EE.UU<\/span><\/p>\n<p><span>Conversi\u00f3n a Lofts.\u00a0533 West 34\u00a0<sup>th<\/sup>\u00a0Street., Nueva York, NY.EE.UU.<\/span><\/p>\n<p><span>Hotel de la calle Varick.\u00a0100 Varick Street, Nueva York, Nueva York.\u00a0EE.UU<\/span><\/p>\n<p>[\/et_pb_text][et_pb_image src=\u00bbhttps:\/\/arquitectospain.com\/wp-content\/uploads\/2024\/06\/raul-salgado-arquitecto-labor-welfare-center-2-scaled.jpg\u00bb title_text=\u00bbraul salgado arquitecto labor welfare center (2)\u00bb _builder_version=\u00bb4.25.2&#8243; _module_preset=\u00bbdefault\u00bb global_colors_info=\u00bb{}\u00bb][\/et_pb_image][\/et_pb_column][et_pb_column type=\u00bb1_2&#8243; _builder_version=\u00bb4.24.2&#8243; _module_preset=\u00bbdefault\u00bb global_colors_info=\u00bb{}\u00bb][et_pb_text _builder_version=\u00bb4.25.2&#8243; _module_preset=\u00bbdefault\u00bb text_font=\u00bb|300|||||||\u00bb header_2_font=\u00bb|300|||||||\u00bb global_colors_info=\u00bb{}\u00bb]<\/p>\n<h2>Proyectos Educativos:<\/h2>\n<p>Pabell\u00f3n de la Universidad de Limerick. Condado de Limerick, Irlanda<br \/><span><\/span><\/p>\n<p><span>Renovaciones de la Sala Thebaud.\u00a0Universidad de Fordham, Nueva York, Nueva York.\u00a0CIERVO<\/span><\/p>\n<p><span>Ampliaci\u00f3n de la biblioteca de Brooklyn College, Brooklyn, NY.\u00a0EE.UU<\/span><\/p>\n<p><span>Alojamiento para estudiantes.\u00a0Maynooth.\u00a0Condado de Kildare, Irlanda<\/span><\/p>\n<p>&nbsp;<\/p>\n<h2>Dise\u00f1o urbano:<\/h2>\n<p><span>Plan maestro y desarrollo de uso mixto.\u00a0Algarve, Portugal<\/span><\/p>\n<p><span>Plan maestro y esquema de desarrollo de uso mixto.\u00a0Celbridge.\u00a0Condado de Kildare, Irlanda<\/span><\/p>\n<p><span>Plan maestro y esquema de desarrollo de uso mixto.\u00a0Bah\u00eda de Kavarna, Bulgaria<\/span><\/p>\n<p><span>Master plan. Manzana 32. Asturias, Espa\u00f1a<\/span><\/p>\n<p><span>Plan Maestro.\u00a0Terminal del Distrito Este.\u00a0Brooklyn, Nueva York.\u00a0EE.UU<\/span><\/p>\n<p>&nbsp;<\/p>\n<h2>Proyectos de Oficina:<\/h2>\n<p><span>Centro de Administraci\u00f3n Ejecutiva.\u00a0Universidad de Boston.\u00a0Boston, Massachusetts.\u00a0EE.UU<\/span><\/p>\n<p><span>Centro corporativo Sylvan.\u00a0Long Island, Nueva York.\u00a0CIERVO<\/span><\/p>\n<p><span><\/span><\/p>\n<h2>Proyectos de Transporte:<\/h2>\n<p><span>Renovaci\u00f3n y ampliaci\u00f3n.\u00a0Aeropuerto Internacional Libertad de Newark.\u00a0Newark, Nueva Jersey.\u00a0EE.UU<\/span><\/p>\n<p>&nbsp;<\/p>\n<h2>Proyectos Hoteleros:<\/h2>\n<p><span>Clayton Hotel Galway, Olg Monivea Road, Ballybrit, Galway, Irlanda<\/span><\/p>\n<p><span>Hampton Inn Manhattan-Seaport-Distrito Financiero.\u00a0320 Pearl Street, Nueva York, Nueva York.\u00a0EE.UU<\/span><\/p>\n<p><span>Hampton Inn Manhattan-Chelsea.\u00a0108 West 24th\u00a0<sup>Street<\/sup>\u00a0, Nueva York, Nueva York.\u00a0EE.UU<\/span><\/p>\n<p>[\/et_pb_text][\/et_pb_column][\/et_pb_row][\/et_pb_section][et_pb_section fb_built=\u00bb1&#8243; admin_label=\u00bbFooter\u00bb _builder_version=\u00bb4.21.0&#8243; _module_preset=\u00bbdefault\u00bb background_color=\u00bb#000000&#8243; custom_padding=\u00bb14px||5px|||\u00bb global_module=\u00bb270&#8243; saved_tabs=\u00bball\u00bb collapsed=\u00bbon\u00bb global_colors_info=\u00bb{}\u00bb][et_pb_row column_structure=\u00bb3_5,1_5,1_5&#8243; _builder_version=\u00bb4.19.1&#8243; _module_preset=\u00bbdefault\u00bb custom_padding=\u00bb||7px|||\u00bb global_colors_info=\u00bb{}\u00bb][et_pb_column type=\u00bb3_5&#8243; _builder_version=\u00bb4.19.1&#8243; _module_preset=\u00bbdefault\u00bb global_colors_info=\u00bb{}\u00bb][et_pb_text _builder_version=\u00bb4.25.2&#8243; _module_preset=\u00bbee4c6435-13af-4488-b765-2d22df63b134&#8243; header_3_font=\u00bb|300|||||||\u00bb header_3_text_color=\u00bb#FFFFFF\u00bb custom_margin=\u00bb||0px||false|false\u00bb global_colors_info=\u00bb{}\u00bb]<\/p>\n<h3>Arquitecto Spain<\/h3>\n<p>[\/et_pb_text][et_pb_text _builder_version=\u00bb4.25.2&#8243; _module_preset=\u00bb9351de7a-51eb-4b00-a9a5-75b91fe38c73&#8243; text_font=\u00bb|300|||||||\u00bb text_text_color=\u00bb#FFFFFF\u00bb header_font=\u00bb|300|||||||\u00bb global_colors_info=\u00bb{}\u00bb]<\/p>\n<p><span>Ofrecemos servicios completos de dise\u00f1o arquitect\u00f3nico y gesti\u00f3n de proyectos desde el concepto inicial hasta la finalizaci\u00f3n de la construcci\u00f3n.\u00a0<\/span><\/p>\n<p>[\/et_pb_text][\/et_pb_column][et_pb_column type=\u00bb1_5&#8243; _builder_version=\u00bb4.19.1&#8243; _module_preset=\u00bbdefault\u00bb global_colors_info=\u00bb{}\u00bb][et_pb_blurb title=\u00bbinfo@salgadoarchitect.com\u00bb use_icon=\u00bbon\u00bb font_icon=\u00bb&#xe076;||divi||400&#8243; icon_color=\u00bb#FFFFFF\u00bb icon_placement=\u00bbleft\u00bb image_icon_width=\u00bb20px\u00bb _builder_version=\u00bb4.25.2&#8243; _module_preset=\u00bbdefault\u00bb header_font=\u00bb|300|||||||\u00bb header_text_color=\u00bb#FFFFFF\u00bb header_font_size=\u00bb15px\u00bb custom_margin=\u00bb14px||12px|-14px||\u00bb custom_margin_tablet=\u00bb\u00bb custom_margin_phone=\u00bb10px||10px|3px|false|false\u00bb custom_margin_last_edited=\u00bbon|phone\u00bb global_colors_info=\u00bb{}\u00bb][\/et_pb_blurb][et_pb_blurb title=\u00bb620 070 182&#8243; use_icon=\u00bbon\u00bb font_icon=\u00bb&#xe090;||divi||400&#8243; icon_color=\u00bb#FFFFFF\u00bb icon_placement=\u00bbleft\u00bb image_icon_width=\u00bb20px\u00bb _builder_version=\u00bb4.25.2&#8243; _module_preset=\u00bbdefault\u00bb header_font=\u00bb|300|||||||\u00bb header_text_color=\u00bb#FFFFFF\u00bb header_font_size=\u00bb16px\u00bb custom_margin=\u00bb|||0px|false|false\u00bb global_colors_info=\u00bb{}\u00bb][\/et_pb_blurb][\/et_pb_column][et_pb_column type=\u00bb1_5&#8243; _builder_version=\u00bb4.19.1&#8243; _module_preset=\u00bbdefault\u00bb global_colors_info=\u00bb{}\u00bb][et_pb_image src=\u00bbhttps:\/\/arquitectospain.com\/wp-content\/uploads\/2024\/02\/ES-Financiado-por-la-Uni\u0e02n-Europea_WHITE-Outline.png\u00bb title_text=\u00bbES Financiado por la Uni\u0e02n Europea_WHITE Outline\u00bb force_fullwidth=\u00bbon\u00bb _builder_version=\u00bb4.25.2&#8243; _module_preset=\u00bbdefault\u00bb custom_margin=\u00bb||20px|||\u00bb global_colors_info=\u00bb{}\u00bb][\/et_pb_image][et_pb_image src=\u00bbhttps:\/\/arquitectospain.com\/wp-content\/uploads\/2024\/02\/LOGO-NEGATIVO.png\u00bb title_text=\u00bbLOGO NEGATIVO\u00bb force_fullwidth=\u00bbon\u00bb _builder_version=\u00bb4.25.2&#8243; _module_preset=\u00bbdefault\u00bb global_colors_info=\u00bb{}\u00bb][\/et_pb_image][\/et_pb_column][\/et_pb_row][\/et_pb_section]<\/p>\n","protected":false},"excerpt":{"rendered":"<p>PROYECTOS<div  id=\"jtg-428\" class=\"modula modula-gallery modula-custom-grid\" data-config=\"{&quot;height&quot;:800,&quot;tabletHeight&quot;:800,&quot;mobileHeight&quot;:800,&quot;desktopHeight&quot;:800,&quot;enableTwitter&quot;:false,&quot;enableWhatsapp&quot;:false,&quot;enableFacebook&quot;:false,&quot;enablePinterest&quot;:false,&quot;enableLinkedin&quot;:false,&quot;enableEmail&quot;:false,&quot;randomFactor&quot;:0.5,&quot;type&quot;:&quot;custom-grid&quot;,&quot;columns&quot;:12,&quot;gutter&quot;:10,&quot;mobileGutter&quot;:10,&quot;tabletGutter&quot;:10,&quot;desktopGutter&quot;:10,&quot;enableResponsive&quot;:&quot;0&quot;,&quot;tabletColumns&quot;:2,&quot;mobileColumns&quot;:1,&quot;lazyLoad&quot;:0,&quot;lightboxOpts&quot;:{&quot;animated&quot;:true,&quot;Thumbs&quot;:{&quot;type&quot;:&quot;modern&quot;,&quot;showOnStart&quot;:false},&quot;Toolbar&quot;:{&quot;display&quot;:{&quot;right&quot;:[&quot;close&quot;]},&quot;enabled&quot;:true},&quot;Carousel&quot;:{&quot;Panzoom&quot;:{&quot;touch&quot;:true},&quot;infinite&quot;:false},&quot;keyboard&quot;:{&quot;Escape&quot;:&quot;close&quot;,&quot;Delete&quot;:&quot;close&quot;,&quot;Backspace&quot;:&quot;close&quot;,&quot;PageUp&quot;:false,&quot;PageDown&quot;:false,&quot;ArrowUp&quot;:false,&quot;ArrowDown&quot;:false,&quot;ArrowRight&quot;:false,&quot;ArrowLeft&quot;:false},&quot;touch&quot;:false,&quot;backdropClick&quot;:false,&quot;l10n&quot;:{&quot;CLOSE&quot;:&quot;Cerrar&quot;,&quot;NEXT&quot;:&quot;Siguiente&quot;,&quot;PREV&quot;:&quot;Anterior&quot;,&quot;Error&quot;:&quot;No se ha podido cargar el contenido solicitado. Por favor, int\\u00e9ntalo de nuevo m\\u00e1s tarde.&quot;,&quot;PLAY_START&quot;:&quot;Empezar la presentaci\\u00f3n&quot;,&quot;PLAY_STOP&quot;:&quot;Pausar la presentaci\\u00f3n&quot;,&quot;FULL_SCREEN&quot;:&quot;Pantalla completa&quot;,&quot;THUMBS&quot;:&quot;Miniaturas&quot;,&quot;DOWNLOAD&quot;:&quot;Descargar&quot;,&quot;SHARE&quot;:&quot;Compartir&quot;,&quot;ZOOM&quot;:&quot;Zoom&quot;,&quot;EMAIL&quot;:&quot;Here is the link to the image : %%image_link%% and this is the link to the gallery : %%gallery_link%%&quot;,&quot;MODAL&quot;:&quot;Puedes cerrar este contenido emergente con la tecla ESC&quot;,&quot;ERROR&quot;:&quot;Algo ha ido mal, pro favor, prueba de nuevo m\\u00e1s tarde&quot;,&quot;IMAGE_ERROR&quot;:&quot;Imagen no encontrada&quot;,&quot;ELEMENT_NOT_FOUND&quot;:&quot;No se ha encontrado el elemento HTML&quot;,&quot;AJAX_NOT_FOUND&quot;:&quot;Error al cargar AJAX: No encontrado&quot;,&quot;AJAX_FORBIDDEN&quot;:&quot;Error al cargar AJAX: Prohibido&quot;,&quot;IFRAME_ERROR&quot;:&quot;Error al cargar la p\\u00e1gina&quot;,&quot;TOGGLE_ZOOM&quot;:&quot;Alternar nivel de ampliar\\\/acercar&quot;,&quot;TOGGLE_THUMBS&quot;:&quot;Alternar miniaturas&quot;,&quot;TOGGLE_SLIDESHOW&quot;:&quot;Alternar diapositiva&quot;,&quot;TOGGLE_FULLSCREEN&quot;:&quot;Cambiar al modo de pantalla completa&quot;},&quot;Images&quot;:{&quot;Panzoom&quot;:{&quot;maxScale&quot;:2}},&quot;mainClass&quot;:&quot;modula-fancybox-container modula-lightbox-jtg-428&quot;,&quot;Html&quot;:{&quot;videoAutoplay&quot;:0,&quot;videoTpl&quot;:&quot;&lt;video class=\\&quot;fancybox__html5video\\&quot; controls muted playsinline controlsList controlsList=\\&quot;nodownload\\&quot; poster=\\&quot;{{poster}}\\&quot; src=\\&quot;{{src}}\\&quot; type=\\&quot;{{format}}\\&quot; &gt;  Sorry, your browser doesn&#039;t support embedded videos, &lt;a href=\\&quot;{{src}}\\&quot;&gt; download &lt;\\\/a&gt; and watch with your favorite video player! &lt;\\\/video&gt;&quot;}},&quot;inView&quot;:false,&quot;email_subject&quot;:&quot;Check out this awesome image !!&quot;,&quot;email_message&quot;:&quot;Here is the link to the image : %%image_link%% and this is the link to the gallery : %%gallery_link%%&quot;,&quot;lightbox&quot;:&quot;fancybox&quot;}\">\n\n\t\n\t<div  class=\"modula-items\">\n\t\t<div class=\"modula-item effect-pufrobo\" data-width=\"4\" data-height=\"2\" >\n\t<div class=\"modula-item-overlay\"><\/div>\n\n\t<div class=\"modula-item-content\">\n\n\t\t<a data-image-id=\"286\" role=\"button\" tabindex=\"0\" rel=\"jtg-428\" data-caption=\"\" aria-label=\"Abrir la imagen en una caja de luz\" class=\"tile-inner modula-item-link\"><\/a><img loading=\"lazy\" decoding=\"async\" class=\"pic wp-image-286\"  data-valign=\"middle\" data-halign=\"center\" alt=\"\" data-full=\"https:\/\/arquitectospain.com\/wp-content\/uploads\/2024\/06\/raul-salgado-arquitecto-social-housing-sligo-ireland-1.jpg\" title=\"raul salgado arquitecto social housing sligo ireland (1)\" crop=\"\" width=\"2048\" height=\"1024\" src=\"https:\/\/arquitectospain.com\/wp-content\/uploads\/2024\/06\/raul-salgado-arquitecto-social-housing-sligo-ireland-1-2048x1024.jpg\" data-src=\"https:\/\/arquitectospain.com\/wp-content\/uploads\/2024\/06\/raul-salgado-arquitecto-social-housing-sligo-ireland-1-2048x1024.jpg\" data-caption=\"\" srcset=\"https:\/\/arquitectospain.com\/wp-content\/uploads\/2024\/06\/raul-salgado-arquitecto-social-housing-sligo-ireland-1.jpg 2048w, https:\/\/arquitectospain.com\/wp-content\/uploads\/2024\/06\/raul-salgado-arquitecto-social-housing-sligo-ireland-1-1280x640.jpg 1280w, https:\/\/arquitectospain.com\/wp-content\/uploads\/2024\/06\/raul-salgado-arquitecto-social-housing-sligo-ireland-1-980x490.jpg 980w, https:\/\/arquitectospain.com\/wp-content\/uploads\/2024\/06\/raul-salgado-arquitecto-social-housing-sligo-ireland-1-480x240.jpg 480w\" sizes=\"(min-width: 0px) and (max-width: 480px) 480px, (min-width: 481px) and (max-width: 980px) 980px, (min-width: 981px) and (max-width: 1280px) 1280px, (min-width: 1281px) 2048px, 100vw\" \/>\n\t\t<div class=\"figc no-description\">\n\t\t\t<div class=\"figc-inner\">\n\t\t\t\t\t\t\t\t\t\t\t\t\t\t\t<\/div>\n\t\t<\/div>\n\n\t<\/div>\n\n<\/div><div class=\"modula-item effect-pufrobo\" data-width=\"4\" data-height=\"2\" >\n\t<div class=\"modula-item-overlay\"><\/div>\n\n\t<div class=\"modula-item-content\">\n\n\t\t<a data-image-id=\"289\" role=\"button\" tabindex=\"0\" rel=\"jtg-428\" data-caption=\"\" aria-label=\"Abrir la imagen en una caja de luz\" class=\"tile-inner modula-item-link\"><\/a><img loading=\"lazy\" decoding=\"async\" class=\"pic wp-image-289\"  data-valign=\"middle\" data-halign=\"center\" alt=\"\" data-full=\"https:\/\/arquitectospain.com\/wp-content\/uploads\/2024\/06\/raul-salgado-arquitecto-social-housing-ireland-2.jpg\" title=\"raul salgado arquitecto social housing ireland (2)\" crop=\"\" width=\"2048\" height=\"1024\" src=\"https:\/\/arquitectospain.com\/wp-content\/uploads\/2024\/06\/raul-salgado-arquitecto-social-housing-ireland-2-2048x1024.jpg\" data-src=\"https:\/\/arquitectospain.com\/wp-content\/uploads\/2024\/06\/raul-salgado-arquitecto-social-housing-ireland-2-2048x1024.jpg\" data-caption=\"\" srcset=\"https:\/\/arquitectospain.com\/wp-content\/uploads\/2024\/06\/raul-salgado-arquitecto-social-housing-ireland-2.jpg 2048w, https:\/\/arquitectospain.com\/wp-content\/uploads\/2024\/06\/raul-salgado-arquitecto-social-housing-ireland-2-1280x640.jpg 1280w, https:\/\/arquitectospain.com\/wp-content\/uploads\/2024\/06\/raul-salgado-arquitecto-social-housing-ireland-2-980x490.jpg 980w, https:\/\/arquitectospain.com\/wp-content\/uploads\/2024\/06\/raul-salgado-arquitecto-social-housing-ireland-2-480x240.jpg 480w\" sizes=\"(min-width: 0px) and (max-width: 480px) 480px, (min-width: 481px) and (max-width: 980px) 980px, (min-width: 981px) and (max-width: 1280px) 1280px, (min-width: 1281px) 2048px, 100vw\" \/>\n\t\t<div class=\"figc no-description\">\n\t\t\t<div class=\"figc-inner\">\n\t\t\t\t\t\t\t\t\t\t\t\t\t\t\t<\/div>\n\t\t<\/div>\n\n\t<\/div>\n\n<\/div><div class=\"modula-item effect-pufrobo\" data-width=\"4\" data-height=\"2\" >\n\t<div class=\"modula-item-overlay\"><\/div>\n\n\t<div class=\"modula-item-content\">\n\n\t\t<a data-image-id=\"299\" role=\"button\" tabindex=\"0\" rel=\"jtg-428\" data-caption=\"\" aria-label=\"Abrir la imagen en una caja de luz\" class=\"tile-inner modula-item-link\"><\/a><img loading=\"lazy\" decoding=\"async\" class=\"pic wp-image-299\"  data-valign=\"middle\" data-halign=\"center\" alt=\"\" data-full=\"https:\/\/arquitectospain.com\/wp-content\/uploads\/2024\/06\/raul-salgado-arquitecto-JABLONKA-10.jpg\" title=\"raul salgado arquitecto JABLONKA (10)\" crop=\"\" width=\"2048\" height=\"1182\" src=\"https:\/\/arquitectospain.com\/wp-content\/uploads\/2024\/06\/raul-salgado-arquitecto-JABLONKA-10-2048x1182.jpg\" data-src=\"https:\/\/arquitectospain.com\/wp-content\/uploads\/2024\/06\/raul-salgado-arquitecto-JABLONKA-10-2048x1182.jpg\" data-caption=\"\" srcset=\"https:\/\/arquitectospain.com\/wp-content\/uploads\/2024\/06\/raul-salgado-arquitecto-JABLONKA-10.jpg 2048w, https:\/\/arquitectospain.com\/wp-content\/uploads\/2024\/06\/raul-salgado-arquitecto-JABLONKA-10-1280x739.jpg 1280w, https:\/\/arquitectospain.com\/wp-content\/uploads\/2024\/06\/raul-salgado-arquitecto-JABLONKA-10-980x566.jpg 980w, https:\/\/arquitectospain.com\/wp-content\/uploads\/2024\/06\/raul-salgado-arquitecto-JABLONKA-10-480x277.jpg 480w\" sizes=\"(min-width: 0px) and (max-width: 480px) 480px, (min-width: 481px) and (max-width: 980px) 980px, (min-width: 981px) and (max-width: 1280px) 1280px, (min-width: 1281px) 2048px, 100vw\" \/>\n\t\t<div class=\"figc no-description\">\n\t\t\t<div class=\"figc-inner\">\n\t\t\t\t\t\t\t\t\t\t\t\t\t\t\t<\/div>\n\t\t<\/div>\n\n\t<\/div>\n\n<\/div><div class=\"modula-item effect-pufrobo\" data-width=\"4\" data-height=\"4\" >\n\t<div class=\"modula-item-overlay\"><\/div>\n\n\t<div class=\"modula-item-content\">\n\n\t\t<a data-image-id=\"119\" role=\"button\" tabindex=\"0\" rel=\"jtg-428\" data-caption=\"\" aria-label=\"Abrir la imagen en una caja de luz\" class=\"tile-inner modula-item-link\"><\/a><img loading=\"lazy\" decoding=\"async\" class=\"pic wp-image-119\"  data-valign=\"middle\" data-halign=\"center\" alt=\"\" data-full=\"https:\/\/arquitectospain.com\/wp-content\/uploads\/2024\/02\/05-PHOTO-5-scaled-1.jpg\" title=\"05 PHOTO 5\" crop=\"\" width=\"1684\" height=\"2048\" src=\"https:\/\/arquitectospain.com\/wp-content\/uploads\/2024\/02\/05-PHOTO-5-scaled-1-1684x2048.jpg\" data-src=\"https:\/\/arquitectospain.com\/wp-content\/uploads\/2024\/02\/05-PHOTO-5-scaled-1-1684x2048.jpg\" data-caption=\"\" srcset=\"https:\/\/arquitectospain.com\/wp-content\/uploads\/2024\/02\/05-PHOTO-5-scaled-1.jpg 1684w, https:\/\/arquitectospain.com\/wp-content\/uploads\/2024\/02\/05-PHOTO-5-scaled-1-1280x1557.jpg 1280w, https:\/\/arquitectospain.com\/wp-content\/uploads\/2024\/02\/05-PHOTO-5-scaled-1-980x1192.jpg 980w, https:\/\/arquitectospain.com\/wp-content\/uploads\/2024\/02\/05-PHOTO-5-scaled-1-480x584.jpg 480w\" sizes=\"(min-width: 0px) and (max-width: 480px) 480px, (min-width: 481px) and (max-width: 980px) 980px, (min-width: 981px) and (max-width: 1280px) 1280px, (min-width: 1281px) 1684px, 100vw\" \/>\n\t\t<div class=\"figc no-description\">\n\t\t\t<div class=\"figc-inner\">\n\t\t\t\t\t\t\t\t\t\t\t\t\t\t\t<\/div>\n\t\t<\/div>\n\n\t<\/div>\n\n<\/div><div class=\"modula-item effect-pufrobo\" data-width=\"2\" data-height=\"2\" >\n\t<div class=\"modula-item-overlay\"><\/div>\n\n\t<div class=\"modula-item-content\">\n\n\t\t<a data-image-id=\"380\" role=\"button\" tabindex=\"0\" rel=\"jtg-428\" data-caption=\"\" aria-label=\"Abrir la imagen en una caja de luz\" class=\"tile-inner modula-item-link\"><\/a><img loading=\"lazy\" decoding=\"async\" class=\"pic wp-image-380\"  data-valign=\"middle\" data-halign=\"center\" alt=\"\" data-full=\"https:\/\/arquitectospain.com\/wp-content\/uploads\/2024\/06\/raul-salgado-arquitecto-wysocany-praga-2.jpg\" title=\"raul salgado arquitecto wysocany praga (2)\" crop=\"\" width=\"2048\" height=\"1195\" src=\"https:\/\/arquitectospain.com\/wp-content\/uploads\/2024\/06\/raul-salgado-arquitecto-wysocany-praga-2-2048x1195.jpg\" data-src=\"https:\/\/arquitectospain.com\/wp-content\/uploads\/2024\/06\/raul-salgado-arquitecto-wysocany-praga-2-2048x1195.jpg\" data-caption=\"\" srcset=\"https:\/\/arquitectospain.com\/wp-content\/uploads\/2024\/06\/raul-salgado-arquitecto-wysocany-praga-2.jpg 2048w, https:\/\/arquitectospain.com\/wp-content\/uploads\/2024\/06\/raul-salgado-arquitecto-wysocany-praga-2-1280x747.jpg 1280w, https:\/\/arquitectospain.com\/wp-content\/uploads\/2024\/06\/raul-salgado-arquitecto-wysocany-praga-2-980x572.jpg 980w, https:\/\/arquitectospain.com\/wp-content\/uploads\/2024\/06\/raul-salgado-arquitecto-wysocany-praga-2-480x280.jpg 480w\" sizes=\"(min-width: 0px) and (max-width: 480px) 480px, (min-width: 481px) and (max-width: 980px) 980px, (min-width: 981px) and (max-width: 1280px) 1280px, (min-width: 1281px) 2048px, 100vw\" \/>\n\t\t<div class=\"figc no-description\">\n\t\t\t<div class=\"figc-inner\">\n\t\t\t\t\t\t\t\t\t\t\t\t\t\t\t<\/div>\n\t\t<\/div>\n\n\t<\/div>\n\n<\/div><div class=\"modula-item effect-pufrobo\" data-width=\"2\" data-height=\"2\" >\n\t<div class=\"modula-item-overlay\"><\/div>\n\n\t<div class=\"modula-item-content\">\n\n\t\t<a data-image-id=\"334\" role=\"button\" tabindex=\"0\" rel=\"jtg-428\" data-caption=\"\" aria-label=\"Abrir la imagen en una caja de luz\" class=\"tile-inner modula-item-link\"><\/a><img loading=\"lazy\" decoding=\"async\" class=\"pic wp-image-334\"  data-valign=\"middle\" data-halign=\"center\" alt=\"\" data-full=\"https:\/\/arquitectospain.com\/wp-content\/uploads\/2024\/06\/raul-salgado-arquitecto-JABLONKA-45.jpg\" title=\"raul salgado arquitecto JABLONKA (45)\" crop=\"\" width=\"2048\" height=\"1366\" src=\"https:\/\/arquitectospain.com\/wp-content\/uploads\/2024\/06\/raul-salgado-arquitecto-JABLONKA-45-2048x1366.jpg\" data-src=\"https:\/\/arquitectospain.com\/wp-content\/uploads\/2024\/06\/raul-salgado-arquitecto-JABLONKA-45-2048x1366.jpg\" data-caption=\"\" srcset=\"https:\/\/arquitectospain.com\/wp-content\/uploads\/2024\/06\/raul-salgado-arquitecto-JABLONKA-45.jpg 2048w, https:\/\/arquitectospain.com\/wp-content\/uploads\/2024\/06\/raul-salgado-arquitecto-JABLONKA-45-1280x854.jpg 1280w, https:\/\/arquitectospain.com\/wp-content\/uploads\/2024\/06\/raul-salgado-arquitecto-JABLONKA-45-980x653.jpg 980w, https:\/\/arquitectospain.com\/wp-content\/uploads\/2024\/06\/raul-salgado-arquitecto-JABLONKA-45-480x320.jpg 480w\" sizes=\"(min-width: 0px) and (max-width: 480px) 480px, (min-width: 481px) and (max-width: 980px) 980px, (min-width: 981px) and (max-width: 1280px) 1280px, (min-width: 1281px) 2048px, 100vw\" \/>\n\t\t<div class=\"figc no-description\">\n\t\t\t<div class=\"figc-inner\">\n\t\t\t\t\t\t\t\t\t\t\t\t\t\t\t<\/div>\n\t\t<\/div>\n\n\t<\/div>\n\n<\/div><div class=\"modula-item effect-pufrobo\" data-width=\"4\" data-height=\"2\" >\n\t<div class=\"modula-item-overlay\"><\/div>\n\n\t<div class=\"modula-item-content\">\n\n\t\t<a data-image-id=\"361\" role=\"button\" tabindex=\"0\" rel=\"jtg-428\" data-caption=\"\" aria-label=\"Abrir la imagen en una caja de luz\" class=\"tile-inner modula-item-link\"><\/a><img loading=\"lazy\" decoding=\"async\" class=\"pic wp-image-361\"  data-valign=\"middle\" data-halign=\"center\" alt=\"\" data-full=\"https:\/\/arquitectospain.com\/wp-content\/uploads\/2024\/06\/raul-salgado-arquitecto-social-club-asturias-1.jpg\" title=\"raul salgado arquitecto social club asturias (1)\" crop=\"\" width=\"2048\" height=\"1448\" src=\"https:\/\/arquitectospain.com\/wp-content\/uploads\/2024\/06\/raul-salgado-arquitecto-social-club-asturias-1-2048x1448.jpg\" data-src=\"https:\/\/arquitectospain.com\/wp-content\/uploads\/2024\/06\/raul-salgado-arquitecto-social-club-asturias-1-2048x1448.jpg\" data-caption=\"\" srcset=\"https:\/\/arquitectospain.com\/wp-content\/uploads\/2024\/06\/raul-salgado-arquitecto-social-club-asturias-1.jpg 2048w, https:\/\/arquitectospain.com\/wp-content\/uploads\/2024\/06\/raul-salgado-arquitecto-social-club-asturias-1-1280x905.jpg 1280w, https:\/\/arquitectospain.com\/wp-content\/uploads\/2024\/06\/raul-salgado-arquitecto-social-club-asturias-1-980x693.jpg 980w, https:\/\/arquitectospain.com\/wp-content\/uploads\/2024\/06\/raul-salgado-arquitecto-social-club-asturias-1-480x339.jpg 480w\" sizes=\"(min-width: 0px) and (max-width: 480px) 480px, (min-width: 481px) and (max-width: 980px) 980px, (min-width: 981px) and (max-width: 1280px) 1280px, (min-width: 1281px) 2048px, 100vw\" \/>\n\t\t<div class=\"figc no-description\">\n\t\t\t<div class=\"figc-inner\">\n\t\t\t\t\t\t\t\t\t\t\t\t\t\t\t<\/div>\n\t\t<\/div>\n\n\t<\/div>\n\n<\/div><div class=\"modula-item effect-pufrobo\" data-width=\"4\" data-height=\"2\" >\n\t<div class=\"modula-item-overlay\"><\/div>\n\n\t<div class=\"modula-item-content\">\n\n\t\t<a data-image-id=\"368\" role=\"button\" tabindex=\"0\" rel=\"jtg-428\" data-caption=\"\" aria-label=\"Abrir la imagen en una caja de luz\" class=\"tile-inner modula-item-link\"><\/a><img loading=\"lazy\" decoding=\"async\" class=\"pic wp-image-368\"  data-valign=\"middle\" data-halign=\"center\" alt=\"\" data-full=\"https:\/\/arquitectospain.com\/wp-content\/uploads\/2024\/06\/raul-salgado-arquitecto-green-360-peru-2.jpg\" title=\"raul salgado arquitecto green 360 peru (2)\" crop=\"\" width=\"2048\" height=\"1366\" src=\"https:\/\/arquitectospain.com\/wp-content\/uploads\/2024\/06\/raul-salgado-arquitecto-green-360-peru-2-2048x1366.jpg\" data-src=\"https:\/\/arquitectospain.com\/wp-content\/uploads\/2024\/06\/raul-salgado-arquitecto-green-360-peru-2-2048x1366.jpg\" data-caption=\"\" srcset=\"https:\/\/arquitectospain.com\/wp-content\/uploads\/2024\/06\/raul-salgado-arquitecto-green-360-peru-2.jpg 2048w, https:\/\/arquitectospain.com\/wp-content\/uploads\/2024\/06\/raul-salgado-arquitecto-green-360-peru-2-1280x854.jpg 1280w, https:\/\/arquitectospain.com\/wp-content\/uploads\/2024\/06\/raul-salgado-arquitecto-green-360-peru-2-980x653.jpg 980w, https:\/\/arquitectospain.com\/wp-content\/uploads\/2024\/06\/raul-salgado-arquitecto-green-360-peru-2-480x320.jpg 480w\" sizes=\"(min-width: 0px) and (max-width: 480px) 480px, (min-width: 481px) and (max-width: 980px) 980px, (min-width: 981px) and (max-width: 1280px) 1280px, (min-width: 1281px) 2048px, 100vw\" \/>\n\t\t<div class=\"figc no-description\">\n\t\t\t<div class=\"figc-inner\">\n\t\t\t\t\t\t\t\t\t\t\t\t\t\t\t<\/div>\n\t\t<\/div>\n\n\t<\/div>\n\n<\/div><div class=\"modula-item effect-pufrobo\" data-width=\"4\" data-height=\"2\" >\n\t<div class=\"modula-item-overlay\"><\/div>\n\n\t<div class=\"modula-item-content\">\n\n\t\t<a data-image-id=\"385\" role=\"button\" tabindex=\"0\" rel=\"jtg-428\" data-caption=\"\" aria-label=\"Abrir la imagen en una caja de luz\" class=\"tile-inner modula-item-link\"><\/a><img loading=\"lazy\" decoding=\"async\" class=\"pic wp-image-385\"  data-valign=\"middle\" data-halign=\"center\" alt=\"\" data-full=\"https:\/\/arquitectospain.com\/wp-content\/uploads\/2024\/06\/raul-salgado-arquitecto-losbates-school-praga-5.jpg\" title=\"raul salgado arquitecto losbates school praga (5)\" crop=\"\" width=\"2048\" height=\"1194\" src=\"https:\/\/arquitectospain.com\/wp-content\/uploads\/2024\/06\/raul-salgado-arquitecto-losbates-school-praga-5-2048x1194.jpg\" data-src=\"https:\/\/arquitectospain.com\/wp-content\/uploads\/2024\/06\/raul-salgado-arquitecto-losbates-school-praga-5-2048x1194.jpg\" data-caption=\"\" srcset=\"https:\/\/arquitectospain.com\/wp-content\/uploads\/2024\/06\/raul-salgado-arquitecto-losbates-school-praga-5.jpg 2048w, https:\/\/arquitectospain.com\/wp-content\/uploads\/2024\/06\/raul-salgado-arquitecto-losbates-school-praga-5-1280x746.jpg 1280w, https:\/\/arquitectospain.com\/wp-content\/uploads\/2024\/06\/raul-salgado-arquitecto-losbates-school-praga-5-980x572.jpg 980w, https:\/\/arquitectospain.com\/wp-content\/uploads\/2024\/06\/raul-salgado-arquitecto-losbates-school-praga-5-480x280.jpg 480w\" sizes=\"(min-width: 0px) and (max-width: 480px) 480px, (min-width: 481px) and (max-width: 980px) 980px, (min-width: 981px) and (max-width: 1280px) 1280px, (min-width: 1281px) 2048px, 100vw\" \/>\n\t\t<div class=\"figc no-description\">\n\t\t\t<div class=\"figc-inner\">\n\t\t\t\t\t\t\t\t\t\t\t\t\t\t\t<\/div>\n\t\t<\/div>\n\n\t<\/div>\n\n<\/div><div class=\"modula-item effect-pufrobo\" data-width=\"3\" data-height=\"3\" >\n\t<div class=\"modula-item-overlay\"><\/div>\n\n\t<div class=\"modula-item-content\">\n\n\t\t<a data-image-id=\"184\" role=\"button\" tabindex=\"0\" rel=\"jtg-428\" data-caption=\"\" aria-label=\"Abrir la imagen en una caja de luz\" class=\"tile-inner modula-item-link\"><\/a><img loading=\"lazy\" decoding=\"async\" class=\"pic wp-image-184\"  data-valign=\"middle\" data-halign=\"center\" alt=\"\" data-full=\"https:\/\/arquitectospain.com\/wp-content\/uploads\/2024\/02\/27-PHOTO-27-1.jpg\" title=\"27 PHOTO 27\" crop=\"\" width=\"2048\" height=\"1443\" src=\"https:\/\/arquitectospain.com\/wp-content\/uploads\/2024\/02\/27-PHOTO-27-1-2048x1443.jpg\" data-src=\"https:\/\/arquitectospain.com\/wp-content\/uploads\/2024\/02\/27-PHOTO-27-1-2048x1443.jpg\" data-caption=\"\" srcset=\"https:\/\/arquitectospain.com\/wp-content\/uploads\/2024\/02\/27-PHOTO-27-1.jpg 2048w, https:\/\/arquitectospain.com\/wp-content\/uploads\/2024\/02\/27-PHOTO-27-1-1280x902.jpg 1280w, https:\/\/arquitectospain.com\/wp-content\/uploads\/2024\/02\/27-PHOTO-27-1-980x691.jpg 980w, https:\/\/arquitectospain.com\/wp-content\/uploads\/2024\/02\/27-PHOTO-27-1-480x338.jpg 480w\" sizes=\"(min-width: 0px) and (max-width: 480px) 480px, (min-width: 481px) and (max-width: 980px) 980px, (min-width: 981px) and (max-width: 1280px) 1280px, (min-width: 1281px) 2048px, 100vw\" \/>\n\t\t<div class=\"figc no-description\">\n\t\t\t<div class=\"figc-inner\">\n\t\t\t\t\t\t\t\t\t\t\t\t\t\t\t<\/div>\n\t\t<\/div>\n\n\t<\/div>\n\n<\/div><div class=\"modula-item effect-pufrobo\" data-width=\"4\" data-height=\"2\" >\n\t<div class=\"modula-item-overlay\"><\/div>\n\n\t<div class=\"modula-item-content\">\n\n\t\t<a data-image-id=\"403\" role=\"button\" tabindex=\"0\" rel=\"jtg-428\" data-caption=\"\" aria-label=\"Abrir la imagen en una caja de luz\" class=\"tile-inner modula-item-link\"><\/a><img loading=\"lazy\" decoding=\"async\" class=\"pic wp-image-403\"  data-valign=\"middle\" data-halign=\"center\" alt=\"\" data-full=\"https:\/\/arquitectospain.com\/wp-content\/uploads\/2024\/06\/raul-salgado-arquitecto-la-moria-llanes-3.jpg\" title=\"raul salgado arquitecto la moria llanes (3)\" crop=\"\" width=\"2048\" height=\"1024\" src=\"https:\/\/arquitectospain.com\/wp-content\/uploads\/2024\/06\/raul-salgado-arquitecto-la-moria-llanes-3-2048x1024.jpg\" data-src=\"https:\/\/arquitectospain.com\/wp-content\/uploads\/2024\/06\/raul-salgado-arquitecto-la-moria-llanes-3-2048x1024.jpg\" data-caption=\"\" srcset=\"https:\/\/arquitectospain.com\/wp-content\/uploads\/2024\/06\/raul-salgado-arquitecto-la-moria-llanes-3.jpg 2048w, https:\/\/arquitectospain.com\/wp-content\/uploads\/2024\/06\/raul-salgado-arquitecto-la-moria-llanes-3-1280x640.jpg 1280w, https:\/\/arquitectospain.com\/wp-content\/uploads\/2024\/06\/raul-salgado-arquitecto-la-moria-llanes-3-980x490.jpg 980w, https:\/\/arquitectospain.com\/wp-content\/uploads\/2024\/06\/raul-salgado-arquitecto-la-moria-llanes-3-480x240.jpg 480w\" sizes=\"(min-width: 0px) and (max-width: 480px) 480px, (min-width: 481px) and (max-width: 980px) 980px, (min-width: 981px) and (max-width: 1280px) 1280px, (min-width: 1281px) 2048px, 100vw\" \/>\n\t\t<div class=\"figc no-description\">\n\t\t\t<div class=\"figc-inner\">\n\t\t\t\t\t\t\t\t\t\t\t\t\t\t\t<\/div>\n\t\t<\/div>\n\n\t<\/div>\n\n<\/div><div class=\"modula-item effect-pufrobo\" data-width=\"2\" data-height=\"2\" >\n\t<div class=\"modula-item-overlay\"><\/div>\n\n\t<div class=\"modula-item-content\">\n\n\t\t<a data-image-id=\"390\" role=\"button\" tabindex=\"0\" rel=\"jtg-428\" data-caption=\"\" aria-label=\"Abrir la imagen en una caja de luz\" class=\"tile-inner modula-item-link\"><\/a><img loading=\"lazy\" decoding=\"async\" class=\"pic wp-image-390\"  data-valign=\"middle\" data-halign=\"center\" alt=\"\" data-full=\"https:\/\/arquitectospain.com\/wp-content\/uploads\/2024\/06\/raul-salgado-arquitecto-social-housing-Korea-3.jpg\" title=\"raul salgado arquitecto social housing Korea (3)\" crop=\"\" width=\"2048\" height=\"1195\" src=\"https:\/\/arquitectospain.com\/wp-content\/uploads\/2024\/06\/raul-salgado-arquitecto-social-housing-Korea-3-2048x1195.jpg\" data-src=\"https:\/\/arquitectospain.com\/wp-content\/uploads\/2024\/06\/raul-salgado-arquitecto-social-housing-Korea-3-2048x1195.jpg\" data-caption=\"\" srcset=\"https:\/\/arquitectospain.com\/wp-content\/uploads\/2024\/06\/raul-salgado-arquitecto-social-housing-Korea-3.jpg 2048w, https:\/\/arquitectospain.com\/wp-content\/uploads\/2024\/06\/raul-salgado-arquitecto-social-housing-Korea-3-1280x747.jpg 1280w, https:\/\/arquitectospain.com\/wp-content\/uploads\/2024\/06\/raul-salgado-arquitecto-social-housing-Korea-3-980x572.jpg 980w, https:\/\/arquitectospain.com\/wp-content\/uploads\/2024\/06\/raul-salgado-arquitecto-social-housing-Korea-3-480x280.jpg 480w\" sizes=\"(min-width: 0px) and (max-width: 480px) 480px, (min-width: 481px) and (max-width: 980px) 980px, (min-width: 981px) and (max-width: 1280px) 1280px, (min-width: 1281px) 2048px, 100vw\" \/>\n\t\t<div class=\"figc no-description\">\n\t\t\t<div class=\"figc-inner\">\n\t\t\t\t\t\t\t\t\t\t\t\t\t\t\t<\/div>\n\t\t<\/div>\n\n\t<\/div>\n\n<\/div><div class=\"modula-item effect-pufrobo\" data-width=\"3\" data-height=\"2\" >\n\t<div class=\"modula-item-overlay\"><\/div>\n\n\t<div class=\"modula-item-content\">\n\n\t\t<a data-image-id=\"396\" role=\"button\" tabindex=\"0\" rel=\"jtg-428\" data-caption=\"\" aria-label=\"Abrir la imagen en una caja de luz\" class=\"tile-inner modula-item-link\"><\/a><img loading=\"lazy\" decoding=\"async\" class=\"pic wp-image-396\"  data-valign=\"middle\" data-halign=\"center\" alt=\"\" data-full=\"https:\/\/arquitectospain.com\/wp-content\/uploads\/2024\/06\/raul-salgado-arquitecto-mixed-rusia-6.jpg\" title=\"raul salgado arquitecto mixed rusia (6)\" crop=\"\" width=\"2048\" height=\"1024\" src=\"https:\/\/arquitectospain.com\/wp-content\/uploads\/2024\/06\/raul-salgado-arquitecto-mixed-rusia-6-2048x1024.jpg\" data-src=\"https:\/\/arquitectospain.com\/wp-content\/uploads\/2024\/06\/raul-salgado-arquitecto-mixed-rusia-6-2048x1024.jpg\" data-caption=\"\" srcset=\"https:\/\/arquitectospain.com\/wp-content\/uploads\/2024\/06\/raul-salgado-arquitecto-mixed-rusia-6.jpg 2048w, https:\/\/arquitectospain.com\/wp-content\/uploads\/2024\/06\/raul-salgado-arquitecto-mixed-rusia-6-1280x640.jpg 1280w, https:\/\/arquitectospain.com\/wp-content\/uploads\/2024\/06\/raul-salgado-arquitecto-mixed-rusia-6-980x490.jpg 980w, https:\/\/arquitectospain.com\/wp-content\/uploads\/2024\/06\/raul-salgado-arquitecto-mixed-rusia-6-480x240.jpg 480w\" sizes=\"(min-width: 0px) and (max-width: 480px) 480px, (min-width: 481px) and (max-width: 980px) 980px, (min-width: 981px) and (max-width: 1280px) 1280px, (min-width: 1281px) 2048px, 100vw\" \/>\n\t\t<div class=\"figc no-description\">\n\t\t\t<div class=\"figc-inner\">\n\t\t\t\t\t\t\t\t\t\t\t\t\t\t\t<\/div>\n\t\t<\/div>\n\n\t<\/div>\n\n<\/div><div class=\"modula-item effect-pufrobo\" data-width=\"4\" data-height=\"4\" >\n\t<div class=\"modula-item-overlay\"><\/div>\n\n\t<div class=\"modula-item-content\">\n\n\t\t<a data-image-id=\"317\" role=\"button\" tabindex=\"0\" rel=\"jtg-428\" data-caption=\"\" aria-label=\"Abrir la imagen en una caja de luz\" class=\"tile-inner modula-item-link\"><\/a><img loading=\"lazy\" decoding=\"async\" class=\"pic wp-image-317\"  data-valign=\"middle\" data-halign=\"center\" alt=\"\" data-full=\"https:\/\/arquitectospain.com\/wp-content\/uploads\/2024\/06\/raul-salgado-arquitecto-JABLONKA-28.jpg\" title=\"raul salgado arquitecto JABLONKA (28)\" crop=\"\" width=\"1847\" height=\"2048\" src=\"https:\/\/arquitectospain.com\/wp-content\/uploads\/2024\/06\/raul-salgado-arquitecto-JABLONKA-28-1847x2048.jpg\" data-src=\"https:\/\/arquitectospain.com\/wp-content\/uploads\/2024\/06\/raul-salgado-arquitecto-JABLONKA-28-1847x2048.jpg\" data-caption=\"\" srcset=\"https:\/\/arquitectospain.com\/wp-content\/uploads\/2024\/06\/raul-salgado-arquitecto-JABLONKA-28-scaled.jpg 1847w, https:\/\/arquitectospain.com\/wp-content\/uploads\/2024\/06\/raul-salgado-arquitecto-JABLONKA-28-1280x1419.jpg 1280w, https:\/\/arquitectospain.com\/wp-content\/uploads\/2024\/06\/raul-salgado-arquitecto-JABLONKA-28-980x1087.jpg 980w, https:\/\/arquitectospain.com\/wp-content\/uploads\/2024\/06\/raul-salgado-arquitecto-JABLONKA-28-480x532.jpg 480w\" sizes=\"(min-width: 0px) and (max-width: 480px) 480px, (min-width: 481px) and (max-width: 980px) 980px, (min-width: 981px) and (max-width: 1280px) 1280px, (min-width: 1281px) 1847px, 100vw\" \/>\n\t\t<div class=\"figc no-description\">\n\t\t\t<div class=\"figc-inner\">\n\t\t\t\t\t\t\t\t\t\t\t\t\t\t\t<\/div>\n\t\t<\/div>\n\n\t<\/div>\n\n<\/div><div class=\"modula-item effect-pufrobo\" data-width=\"4\" data-height=\"2\" >\n\t<div class=\"modula-item-overlay\"><\/div>\n\n\t<div class=\"modula-item-content\">\n\n\t\t<a data-image-id=\"305\" role=\"button\" tabindex=\"0\" rel=\"jtg-428\" data-caption=\"\" aria-label=\"Abrir la imagen en una caja de luz\" class=\"tile-inner modula-item-link\"><\/a><img loading=\"lazy\" decoding=\"async\" class=\"pic wp-image-305\"  data-valign=\"middle\" data-halign=\"center\" alt=\"\" data-full=\"https:\/\/arquitectospain.com\/wp-content\/uploads\/2024\/06\/raul-salgado-arquitecto-JABLONKA-16.jpg\" title=\"raul salgado arquitecto JABLONKA (16)\" crop=\"\" width=\"2048\" height=\"1366\" src=\"https:\/\/arquitectospain.com\/wp-content\/uploads\/2024\/06\/raul-salgado-arquitecto-JABLONKA-16-2048x1366.jpg\" data-src=\"https:\/\/arquitectospain.com\/wp-content\/uploads\/2024\/06\/raul-salgado-arquitecto-JABLONKA-16-2048x1366.jpg\" data-caption=\"\" srcset=\"https:\/\/arquitectospain.com\/wp-content\/uploads\/2024\/06\/raul-salgado-arquitecto-JABLONKA-16.jpg 2048w, https:\/\/arquitectospain.com\/wp-content\/uploads\/2024\/06\/raul-salgado-arquitecto-JABLONKA-16-1280x854.jpg 1280w, https:\/\/arquitectospain.com\/wp-content\/uploads\/2024\/06\/raul-salgado-arquitecto-JABLONKA-16-980x653.jpg 980w, https:\/\/arquitectospain.com\/wp-content\/uploads\/2024\/06\/raul-salgado-arquitecto-JABLONKA-16-480x320.jpg 480w\" sizes=\"(min-width: 0px) and (max-width: 480px) 480px, (min-width: 481px) and (max-width: 980px) 980px, (min-width: 981px) and (max-width: 1280px) 1280px, (min-width: 1281px) 2048px, 100vw\" \/>\n\t\t<div class=\"figc no-description\">\n\t\t\t<div class=\"figc-inner\">\n\t\t\t\t\t\t\t\t\t\t\t\t\t\t\t<\/div>\n\t\t<\/div>\n\n\t<\/div>\n\n<\/div><div class=\"modula-item effect-pufrobo\" data-width=\"4\" data-height=\"2\" >\n\t<div class=\"modula-item-overlay\"><\/div>\n\n\t<div class=\"modula-item-content\">\n\n\t\t<a data-image-id=\"365\" role=\"button\" tabindex=\"0\" rel=\"jtg-428\" data-caption=\"\" aria-label=\"Abrir la imagen en una caja de luz\" class=\"tile-inner modula-item-link\"><\/a><img loading=\"lazy\" decoding=\"async\" class=\"pic wp-image-365\"  data-valign=\"middle\" data-halign=\"center\" alt=\"\" data-full=\"https:\/\/arquitectospain.com\/wp-content\/uploads\/2024\/06\/raul-salgado-arquitecto-centre-pier-ireland-3.jpg\" title=\"raul salgado arquitecto centre pier ireland (3)\" crop=\"\" width=\"2048\" height=\"1363\" src=\"https:\/\/arquitectospain.com\/wp-content\/uploads\/2024\/06\/raul-salgado-arquitecto-centre-pier-ireland-3-2048x1363.jpg\" data-src=\"https:\/\/arquitectospain.com\/wp-content\/uploads\/2024\/06\/raul-salgado-arquitecto-centre-pier-ireland-3-2048x1363.jpg\" data-caption=\"\" srcset=\"https:\/\/arquitectospain.com\/wp-content\/uploads\/2024\/06\/raul-salgado-arquitecto-centre-pier-ireland-3.jpg 2048w, https:\/\/arquitectospain.com\/wp-content\/uploads\/2024\/06\/raul-salgado-arquitecto-centre-pier-ireland-3-1280x852.jpg 1280w, https:\/\/arquitectospain.com\/wp-content\/uploads\/2024\/06\/raul-salgado-arquitecto-centre-pier-ireland-3-980x652.jpg 980w, https:\/\/arquitectospain.com\/wp-content\/uploads\/2024\/06\/raul-salgado-arquitecto-centre-pier-ireland-3-480x319.jpg 480w\" sizes=\"(min-width: 0px) and (max-width: 480px) 480px, (min-width: 481px) and (max-width: 980px) 980px, (min-width: 981px) and (max-width: 1280px) 1280px, (min-width: 1281px) 2048px, 100vw\" \/>\n\t\t<div class=\"figc no-description\">\n\t\t\t<div class=\"figc-inner\">\n\t\t\t\t\t\t\t\t\t\t\t\t\t\t\t<\/div>\n\t\t<\/div>\n\n\t<\/div>\n\n<\/div><div class=\"modula-item effect-pufrobo\" data-width=\"4\" data-height=\"2\" >\n\t<div class=\"modula-item-overlay\"><\/div>\n\n\t<div class=\"modula-item-content\">\n\n\t\t<a data-image-id=\"410\" role=\"button\" tabindex=\"0\" rel=\"jtg-428\" data-caption=\"\" aria-label=\"Abrir la imagen en una caja de luz\" class=\"tile-inner modula-item-link\"><\/a><img loading=\"lazy\" decoding=\"async\" class=\"pic wp-image-410\"  data-valign=\"middle\" data-halign=\"center\" alt=\"\" data-full=\"https:\/\/arquitectospain.com\/wp-content\/uploads\/2024\/06\/raul-salgado-arquitecto-casa-de-marta-celorio-12.jpg\" title=\"raul salgado arquitecto casa de marta celorio (12)\" crop=\"\" width=\"2048\" height=\"1443\" src=\"https:\/\/arquitectospain.com\/wp-content\/uploads\/2024\/06\/raul-salgado-arquitecto-casa-de-marta-celorio-12-2048x1443.jpg\" data-src=\"https:\/\/arquitectospain.com\/wp-content\/uploads\/2024\/06\/raul-salgado-arquitecto-casa-de-marta-celorio-12-2048x1443.jpg\" data-caption=\"\" srcset=\"https:\/\/arquitectospain.com\/wp-content\/uploads\/2024\/06\/raul-salgado-arquitecto-casa-de-marta-celorio-12.jpg 2048w, https:\/\/arquitectospain.com\/wp-content\/uploads\/2024\/06\/raul-salgado-arquitecto-casa-de-marta-celorio-12-1280x902.jpg 1280w, https:\/\/arquitectospain.com\/wp-content\/uploads\/2024\/06\/raul-salgado-arquitecto-casa-de-marta-celorio-12-980x691.jpg 980w, https:\/\/arquitectospain.com\/wp-content\/uploads\/2024\/06\/raul-salgado-arquitecto-casa-de-marta-celorio-12-480x338.jpg 480w\" sizes=\"(min-width: 0px) and (max-width: 480px) 480px, (min-width: 481px) and (max-width: 980px) 980px, (min-width: 981px) and (max-width: 1280px) 1280px, (min-width: 1281px) 2048px, 100vw\" \/>\n\t\t<div class=\"figc no-description\">\n\t\t\t<div class=\"figc-inner\">\n\t\t\t\t\t\t\t\t\t\t\t\t\t\t\t<\/div>\n\t\t<\/div>\n\n\t<\/div>\n\n<\/div><div class=\"modula-item effect-pufrobo\" data-width=\"6\" data-height=\"2\" >\n\t<div class=\"modula-item-overlay\"><\/div>\n\n\t<div class=\"modula-item-content\">\n\n\t\t<a data-image-id=\"412\" role=\"button\" tabindex=\"0\" rel=\"jtg-428\" data-caption=\"\" aria-label=\"Abrir la imagen en una caja de luz\" class=\"tile-inner modula-item-link\"><\/a><img loading=\"lazy\" decoding=\"async\" class=\"pic wp-image-412\"  data-valign=\"middle\" data-halign=\"center\" alt=\"\" data-full=\"https:\/\/arquitectospain.com\/wp-content\/uploads\/2024\/06\/raul-salgado-arquitecto-casa-de-marta-celorio-28.jpg\" title=\"raul salgado arquitecto casa de marta celorio (28)\" crop=\"\" width=\"2048\" height=\"1316\" src=\"https:\/\/arquitectospain.com\/wp-content\/uploads\/2024\/06\/raul-salgado-arquitecto-casa-de-marta-celorio-28-2048x1316.jpg\" data-src=\"https:\/\/arquitectospain.com\/wp-content\/uploads\/2024\/06\/raul-salgado-arquitecto-casa-de-marta-celorio-28-2048x1316.jpg\" data-caption=\"\" srcset=\"https:\/\/arquitectospain.com\/wp-content\/uploads\/2024\/06\/raul-salgado-arquitecto-casa-de-marta-celorio-28.jpg 2048w, https:\/\/arquitectospain.com\/wp-content\/uploads\/2024\/06\/raul-salgado-arquitecto-casa-de-marta-celorio-28-1280x823.jpg 1280w, https:\/\/arquitectospain.com\/wp-content\/uploads\/2024\/06\/raul-salgado-arquitecto-casa-de-marta-celorio-28-980x630.jpg 980w, https:\/\/arquitectospain.com\/wp-content\/uploads\/2024\/06\/raul-salgado-arquitecto-casa-de-marta-celorio-28-480x309.jpg 480w\" sizes=\"(min-width: 0px) and (max-width: 480px) 480px, (min-width: 481px) and (max-width: 980px) 980px, (min-width: 981px) and (max-width: 1280px) 1280px, (min-width: 1281px) 2048px, 100vw\" \/>\n\t\t<div class=\"figc no-description\">\n\t\t\t<div class=\"figc-inner\">\n\t\t\t\t\t\t\t\t\t\t\t\t\t\t\t<\/div>\n\t\t<\/div>\n\n\t<\/div>\n\n<\/div>\t\t\n\t<\/div>\n\n\t\n\t\n\t<script type=\"application\/ld+json\">\n\t{\n\t\t\"@context\": \"http:\/\/schema.org\",\n\t\t\"@type\"   : \"ImageGallery\",\n\t\t\"id\"      : \"https:\/\/arquitectospain.com\/index.php\/proyectos\/\",\n\t\t\"url\"     : \"https:\/\/arquitectospain.com\/index.php\/proyectos\/\"\n\t}\n\n\t<\/script>\n\n\t\n<\/div>\nProyectos Residenciales \u2013 Comerciales: Residential scheme in La Moria, Llanes, Asturias Spain Torres residenciales de 18 plantas para varias ciudades de la Federaci\u00f3n de Rusia. Plan residencial en Jablonka, Olsztyn, Polonia Casa pasiva en Celorio.\u00a0Asturias, Espa\u00f1a Esquema residencial.\u00a0Edificios 5 y 6. Bloque 32. Asturias, Espa\u00f1a La Casa de Marta. Celorio. Asturias, Spain Esquema residencial.\u00a08 [&hellip;]<\/p>\n","protected":false},"author":1,"featured_media":0,"parent":0,"menu_order":0,"comment_status":"closed","ping_status":"closed","template":"","meta":{"_et_pb_use_builder":"on","_et_pb_old_content":"<!-- wp:divi\/placeholder \/-->","_et_gb_content_width":"","footnotes":""},"class_list":["post-92","page","type-page","status-publish","hentry"],"yoast_head":"<!-- This site is optimized with the Yoast SEO plugin v27.4 - https:\/\/yoast.com\/product\/yoast-seo-wordpress\/ -->\n<title>Proyectos - Arquitecto Spain<\/title>\n<meta name=\"robots\" content=\"index, follow, max-snippet:-1, max-image-preview:large, max-video-preview:-1\" \/>\n<link rel=\"canonical\" href=\"https:\/\/arquitectospain.com\/index.php\/proyectos\/\" \/>\n<meta property=\"og:locale\" content=\"es_ES\" \/>\n<meta property=\"og:type\" content=\"article\" \/>\n<meta property=\"og:title\" content=\"Proyectos - Arquitecto Spain\" \/>\n<meta property=\"og:description\" content=\"PROYECTOSProyectos Residenciales \u2013 Comerciales: Residential scheme in La Moria, Llanes, Asturias Spain Torres residenciales de 18 plantas para varias ciudades de la Federaci\u00f3n de Rusia. Plan residencial en Jablonka, Olsztyn, Polonia Casa pasiva en Celorio.\u00a0Asturias, Espa\u00f1a Esquema residencial.\u00a0Edificios 5 y 6. Bloque 32. Asturias, Espa\u00f1a La Casa de Marta. Celorio. Asturias, Spain Esquema residencial.\u00a08 [&hellip;]\" \/>\n<meta property=\"og:url\" content=\"https:\/\/arquitectospain.com\/index.php\/proyectos\/\" \/>\n<meta property=\"og:site_name\" content=\"Arquitecto Spain\" \/>\n<meta property=\"article:modified_time\" content=\"2024-07-09T12:07:17+00:00\" \/>\n<meta name=\"twitter:card\" content=\"summary_large_image\" \/>\n<meta name=\"twitter:label1\" content=\"Tiempo de lectura\" \/>\n\t<meta name=\"twitter:data1\" content=\"5 minutos\" \/>\n<script type=\"application\/ld+json\" class=\"yoast-schema-graph\">{\"@context\":\"https:\\\/\\\/schema.org\",\"@graph\":[{\"@type\":\"WebPage\",\"@id\":\"https:\\\/\\\/arquitectospain.com\\\/index.php\\\/proyectos\\\/\",\"url\":\"https:\\\/\\\/arquitectospain.com\\\/index.php\\\/proyectos\\\/\",\"name\":\"Proyectos - Arquitecto Spain\",\"isPartOf\":{\"@id\":\"https:\\\/\\\/arquitectospain.com\\\/#website\"},\"datePublished\":\"2024-02-20T18:49:10+00:00\",\"dateModified\":\"2024-07-09T12:07:17+00:00\",\"breadcrumb\":{\"@id\":\"https:\\\/\\\/arquitectospain.com\\\/index.php\\\/proyectos\\\/#breadcrumb\"},\"inLanguage\":\"es\",\"potentialAction\":[{\"@type\":\"ReadAction\",\"target\":[\"https:\\\/\\\/arquitectospain.com\\\/index.php\\\/proyectos\\\/\"]}]},{\"@type\":\"BreadcrumbList\",\"@id\":\"https:\\\/\\\/arquitectospain.com\\\/index.php\\\/proyectos\\\/#breadcrumb\",\"itemListElement\":[{\"@type\":\"ListItem\",\"position\":1,\"name\":\"Portada\",\"item\":\"https:\\\/\\\/arquitectospain.com\\\/\"},{\"@type\":\"ListItem\",\"position\":2,\"name\":\"Proyectos\"}]},{\"@type\":\"WebSite\",\"@id\":\"https:\\\/\\\/arquitectospain.com\\\/#website\",\"url\":\"https:\\\/\\\/arquitectospain.com\\\/\",\"name\":\"Arquitecto Spain\",\"description\":\"Arquitecto Ra\u00fal G. Salgado\",\"potentialAction\":[{\"@type\":\"SearchAction\",\"target\":{\"@type\":\"EntryPoint\",\"urlTemplate\":\"https:\\\/\\\/arquitectospain.com\\\/?s={search_term_string}\"},\"query-input\":{\"@type\":\"PropertyValueSpecification\",\"valueRequired\":true,\"valueName\":\"search_term_string\"}}],\"inLanguage\":\"es\"}]}<\/script>\n<!-- \/ Yoast SEO plugin. -->","yoast_head_json":{"title":"Proyectos - Arquitecto Spain","robots":{"index":"index","follow":"follow","max-snippet":"max-snippet:-1","max-image-preview":"max-image-preview:large","max-video-preview":"max-video-preview:-1"},"canonical":"https:\/\/arquitectospain.com\/index.php\/proyectos\/","og_locale":"es_ES","og_type":"article","og_title":"Proyectos - Arquitecto Spain","og_description":"PROYECTOSProyectos Residenciales \u2013 Comerciales: Residential scheme in La Moria, Llanes, Asturias Spain Torres residenciales de 18 plantas para varias ciudades de la Federaci\u00f3n de Rusia. Plan residencial en Jablonka, Olsztyn, Polonia Casa pasiva en Celorio.\u00a0Asturias, Espa\u00f1a Esquema residencial.\u00a0Edificios 5 y 6. Bloque 32. Asturias, Espa\u00f1a La Casa de Marta. Celorio. Asturias, Spain Esquema residencial.\u00a08 [&hellip;]","og_url":"https:\/\/arquitectospain.com\/index.php\/proyectos\/","og_site_name":"Arquitecto Spain","article_modified_time":"2024-07-09T12:07:17+00:00","twitter_card":"summary_large_image","twitter_misc":{"Tiempo de lectura":"5 minutos"},"schema":{"@context":"https:\/\/schema.org","@graph":[{"@type":"WebPage","@id":"https:\/\/arquitectospain.com\/index.php\/proyectos\/","url":"https:\/\/arquitectospain.com\/index.php\/proyectos\/","name":"Proyectos - Arquitecto Spain","isPartOf":{"@id":"https:\/\/arquitectospain.com\/#website"},"datePublished":"2024-02-20T18:49:10+00:00","dateModified":"2024-07-09T12:07:17+00:00","breadcrumb":{"@id":"https:\/\/arquitectospain.com\/index.php\/proyectos\/#breadcrumb"},"inLanguage":"es","potentialAction":[{"@type":"ReadAction","target":["https:\/\/arquitectospain.com\/index.php\/proyectos\/"]}]},{"@type":"BreadcrumbList","@id":"https:\/\/arquitectospain.com\/index.php\/proyectos\/#breadcrumb","itemListElement":[{"@type":"ListItem","position":1,"name":"Portada","item":"https:\/\/arquitectospain.com\/"},{"@type":"ListItem","position":2,"name":"Proyectos"}]},{"@type":"WebSite","@id":"https:\/\/arquitectospain.com\/#website","url":"https:\/\/arquitectospain.com\/","name":"Arquitecto Spain","description":"Arquitecto Ra\u00fal G. Salgado","potentialAction":[{"@type":"SearchAction","target":{"@type":"EntryPoint","urlTemplate":"https:\/\/arquitectospain.com\/?s={search_term_string}"},"query-input":{"@type":"PropertyValueSpecification","valueRequired":true,"valueName":"search_term_string"}}],"inLanguage":"es"}]}},"_links":{"self":[{"href":"https:\/\/arquitectospain.com\/index.php\/wp-json\/wp\/v2\/pages\/92","targetHints":{"allow":["GET"]}}],"collection":[{"href":"https:\/\/arquitectospain.com\/index.php\/wp-json\/wp\/v2\/pages"}],"about":[{"href":"https:\/\/arquitectospain.com\/index.php\/wp-json\/wp\/v2\/types\/page"}],"author":[{"embeddable":true,"href":"https:\/\/arquitectospain.com\/index.php\/wp-json\/wp\/v2\/users\/1"}],"replies":[{"embeddable":true,"href":"https:\/\/arquitectospain.com\/index.php\/wp-json\/wp\/v2\/comments?post=92"}],"version-history":[{"count":9,"href":"https:\/\/arquitectospain.com\/index.php\/wp-json\/wp\/v2\/pages\/92\/revisions"}],"predecessor-version":[{"id":678,"href":"https:\/\/arquitectospain.com\/index.php\/wp-json\/wp\/v2\/pages\/92\/revisions\/678"}],"wp:attachment":[{"href":"https:\/\/arquitectospain.com\/index.php\/wp-json\/wp\/v2\/media?parent=92"}],"curies":[{"name":"wp","href":"https:\/\/api.w.org\/{rel}","templated":true}]}}