{"id":724,"date":"2024-08-26T13:14:40","date_gmt":"2024-08-26T11:14:40","guid":{"rendered":"https:\/\/arquitectospain.com\/?post_type=project&#038;p=724"},"modified":"2024-11-06T14:33:05","modified_gmt":"2024-11-06T13:33:05","slug":"02c-sintesis-arquitectura-n60-1","status":"publish","type":"project","link":"https:\/\/arquitectospain.com\/index.php\/project\/02c-sintesis-arquitectura-n60-1\/","title":{"rendered":"06 S\u00edntesis Arquitectura N60 &#8211; 1"},"content":{"rendered":"<p>[et_pb_section fb_built=\u00bb1&#8243; _builder_version=\u00bb4.25.2&#8243; _module_preset=\u00bbdefault\u00bb custom_padding=\u00bb12px|||||\u00bb global_colors_info=\u00bb{}\u00bb][et_pb_row _builder_version=\u00bb4.25.2&#8243; _module_preset=\u00bbdefault\u00bb custom_padding=\u00bb15px|||||\u00bb global_colors_info=\u00bb{}\u00bb][et_pb_column type=\u00bb4_4&#8243; _builder_version=\u00bb4.25.2&#8243; _module_preset=\u00bbdefault\u00bb global_colors_info=\u00bb{}\u00bb][et_pb_image src=\u00bbhttps:\/\/arquitectospain.com\/wp-content\/uploads\/2024\/08\/02c-Sintesis-Arquitectura-N60-1-scaled.jpg\u00bb title_text=\u00bb02c Sintesis Arquitectura N60 &#8211; 1&#8243; _builder_version=\u00bb4.25.2&#8243; _module_preset=\u00bbdefault\u00bb global_colors_info=\u00bb{}\u00bb][\/et_pb_image][\/et_pb_column][\/et_pb_row][et_pb_row _builder_version=\u00bb4.25.2&#8243; _module_preset=\u00bbdefault\u00bb global_colors_info=\u00bb{}\u00bb][et_pb_column type=\u00bb4_4&#8243; _builder_version=\u00bb4.25.2&#8243; _module_preset=\u00bbdefault\u00bb global_colors_info=\u00bb{}\u00bb][et_pb_text _builder_version=\u00bb4.25.2&#8243; _module_preset=\u00bbdefault\u00bb global_colors_info=\u00bb{}\u00bb]<\/p>\n<p>S\u00edntesis Arquitectura: Space Symmetries. N\u00ba 60. Concursos y Premios.<\/p>\n<p>Concurso Internacional Abierto para el Dise\u00f1o de Distribuciones Alternativas en Viviendas Est\u00e1ndar, Rusia.<\/p>\n<p>Madrid 2020<\/p>\n<p>[\/et_pb_text][\/et_pb_column][\/et_pb_row][et_pb_row _builder_version=\u00bb4.25.2&#8243; _module_preset=\u00bbdefault\u00bb global_colors_info=\u00bb{}\u00bb][et_pb_column type=\u00bb4_4&#8243; _builder_version=\u00bb4.25.2&#8243; _module_preset=\u00bbdefault\u00bb global_colors_info=\u00bb{}\u00bb][et_pb_text _builder_version=\u00bb4.25.2&#8243; _module_preset=\u00bbdefault\u00bb global_colors_info=\u00bb{}\u00bb]<\/p>\n<p>Esta publicaci\u00f3n, presentada en <span>S\u00edntesis Arquitectura<\/span>, una fuente de referencia crucial en el \u00e1mbito arquitect\u00f3nico, destaca por su an\u00e1lisis cr\u00edtico y presentaci\u00f3n de dise\u00f1os innovadores. Aborda un <span>Concurso Internacional Abierto para el Dise\u00f1o Alternativo de Viviendas Est\u00e1ndar en Rusia<\/span>, organizado por <span>DOM.RF<\/span>\u00a0y el <span>Ministerio de Construcci\u00f3n de Rusia<\/span>\u00a0enfocado en dise\u00f1os alternativos de distribuciones en viviendas est\u00e1ndar, con la participaci\u00f3n de <span>689 proyectos de 37 pa\u00edses<\/span>. Ra\u00fal Guti\u00e9rrez Salgado particip\u00f3 con una propuesta PREMIADA por su enfoque innovador. Su contribuci\u00f3n fue reconocida por la creatividad en reimaginar la distribuci\u00f3n de espacios habitacionales. El contenido est\u00e1 disponible en espa\u00f1ol e ingl\u00e9s. Este logro es significativo porque influye en el dise\u00f1o contempor\u00e1neo, y por eso se publica en una fuente tan relevante como <span>S\u00edntesis Arquitectura<\/span><strong><b>.<\/b><\/strong><\/p>\n<p>[\/et_pb_text][\/et_pb_column][\/et_pb_row][et_pb_row column_structure=\u00bb1_3,1_3,1_3&#8243; _builder_version=\u00bb4.25.2&#8243; _module_preset=\u00bbdefault\u00bb global_colors_info=\u00bb{}\u00bb][et_pb_column type=\u00bb1_3&#8243; _builder_version=\u00bb4.25.2&#8243; _module_preset=\u00bbdefault\u00bb global_colors_info=\u00bb{}\u00bb][et_pb_button button_url=\u00bbhttps:\/\/arquitectospain.com\/wp-content\/uploads\/2024\/11\/03-Sintesis-Arquitectura-N60-2.pdf\u00bb url_new_window=\u00bbon\u00bb button_text=\u00bbVer publicaci\u00f3n\u00bb _builder_version=\u00bb4.27.2&#8243; _module_preset=\u00bbdefault\u00bb hover_enabled=\u00bb0&#8243; global_colors_info=\u00bb{}\u00bb sticky_enabled=\u00bb0&#8243;][\/et_pb_button][\/et_pb_column][et_pb_column type=\u00bb1_3&#8243; _builder_version=\u00bb4.25.2&#8243; _module_preset=\u00bbdefault\u00bb global_colors_info=\u00bb{}\u00bb][\/et_pb_column][et_pb_column type=\u00bb1_3&#8243; _builder_version=\u00bb4.25.2&#8243; _module_preset=\u00bbdefault\u00bb global_colors_info=\u00bb{}\u00bb][\/et_pb_column][\/et_pb_row][\/et_pb_section][et_pb_section fb_built=\u00bb1&#8243; fullwidth=\u00bbon\u00bb _builder_version=\u00bb4.25.2&#8243; _module_preset=\u00bbdefault\u00bb global_module=\u00bb789&#8243; global_colors_info=\u00bb{}\u00bb][et_pb_fullwidth_portfolio title=\u00bbM\u00e1s publicaciones\u00bb include_categories=\u00bb6&#8243; posts_number=\u00bb15&#8243; show_date=\u00bboff\u00bb _builder_version=\u00bb4.25.2&#8243; _module_preset=\u00bbdefault\u00bb portfolio_header_text_align=\u00bbcenter\u00bb portfolio_header_font_size=\u00bb35px\u00bb animation_style=\u00bbfade\u00bb auto=\u00bbon\u00bb auto_speed=\u00bb3000&#8243; global_colors_info=\u00bb{}\u00bb][\/et_pb_fullwidth_portfolio][\/et_pb_section][et_pb_section fb_built=\u00bb1&#8243; admin_label=\u00bbFooter\u00bb _builder_version=\u00bb4.21.0&#8243; _module_preset=\u00bbdefault\u00bb background_color=\u00bb#000000&#8243; custom_padding=\u00bb14px||5px|||\u00bb global_module=\u00bb270&#8243; saved_tabs=\u00bball\u00bb collapsed=\u00bbon\u00bb global_colors_info=\u00bb{}\u00bb][et_pb_row column_structure=\u00bb3_5,1_5,1_5&#8243; _builder_version=\u00bb4.19.1&#8243; _module_preset=\u00bbdefault\u00bb custom_padding=\u00bb||7px|||\u00bb global_colors_info=\u00bb{}\u00bb][et_pb_column type=\u00bb3_5&#8243; _builder_version=\u00bb4.19.1&#8243; _module_preset=\u00bbdefault\u00bb global_colors_info=\u00bb{}\u00bb][et_pb_text _builder_version=\u00bb4.25.2&#8243; _module_preset=\u00bbee4c6435-13af-4488-b765-2d22df63b134&#8243; header_3_font=\u00bb|300|||||||\u00bb header_3_text_color=\u00bb#FFFFFF\u00bb custom_margin=\u00bb||0px||false|false\u00bb global_colors_info=\u00bb{}\u00bb]<\/p>\n<h3>Arquitecto Spain<\/h3>\n<p>[\/et_pb_text][et_pb_text _builder_version=\u00bb4.25.2&#8243; _module_preset=\u00bb9351de7a-51eb-4b00-a9a5-75b91fe38c73&#8243; text_font=\u00bb|300|||||||\u00bb text_text_color=\u00bb#FFFFFF\u00bb header_font=\u00bb|300|||||||\u00bb global_colors_info=\u00bb{}\u00bb]<\/p>\n<p><span>Ofrecemos servicios completos de dise\u00f1o arquitect\u00f3nico y gesti\u00f3n de proyectos desde el concepto inicial hasta la finalizaci\u00f3n de la construcci\u00f3n.\u00a0<\/span><\/p>\n<p>[\/et_pb_text][\/et_pb_column][et_pb_column type=\u00bb1_5&#8243; _builder_version=\u00bb4.19.1&#8243; _module_preset=\u00bbdefault\u00bb global_colors_info=\u00bb{}\u00bb][et_pb_blurb title=\u00bbinfo@salgadoarchitect.com\u00bb use_icon=\u00bbon\u00bb font_icon=\u00bb&#xe076;||divi||400&#8243; icon_color=\u00bb#FFFFFF\u00bb icon_placement=\u00bbleft\u00bb image_icon_width=\u00bb20px\u00bb _builder_version=\u00bb4.25.2&#8243; _module_preset=\u00bbdefault\u00bb header_font=\u00bb|300|||||||\u00bb header_text_color=\u00bb#FFFFFF\u00bb header_font_size=\u00bb15px\u00bb custom_margin=\u00bb14px||12px|-14px||\u00bb custom_margin_tablet=\u00bb\u00bb custom_margin_phone=\u00bb10px||10px|3px|false|false\u00bb custom_margin_last_edited=\u00bbon|phone\u00bb global_colors_info=\u00bb{}\u00bb][\/et_pb_blurb][et_pb_blurb title=\u00bb620 070 182&#8243; use_icon=\u00bbon\u00bb font_icon=\u00bb&#xe090;||divi||400&#8243; icon_color=\u00bb#FFFFFF\u00bb icon_placement=\u00bbleft\u00bb image_icon_width=\u00bb20px\u00bb _builder_version=\u00bb4.25.2&#8243; _module_preset=\u00bbdefault\u00bb header_font=\u00bb|300|||||||\u00bb header_text_color=\u00bb#FFFFFF\u00bb header_font_size=\u00bb16px\u00bb custom_margin=\u00bb|||0px|false|false\u00bb global_colors_info=\u00bb{}\u00bb][\/et_pb_blurb][\/et_pb_column][et_pb_column type=\u00bb1_5&#8243; _builder_version=\u00bb4.19.1&#8243; _module_preset=\u00bbdefault\u00bb global_colors_info=\u00bb{}\u00bb][et_pb_image src=\u00bbhttps:\/\/arquitectospain.com\/wp-content\/uploads\/2024\/02\/ES-Financiado-por-la-Uni\u0e02n-Europea_WHITE-Outline.png\u00bb title_text=\u00bbES Financiado por la Uni\u0e02n Europea_WHITE Outline\u00bb force_fullwidth=\u00bbon\u00bb _builder_version=\u00bb4.25.2&#8243; _module_preset=\u00bbdefault\u00bb custom_margin=\u00bb||20px|||\u00bb global_colors_info=\u00bb{}\u00bb][\/et_pb_image][et_pb_image src=\u00bbhttps:\/\/arquitectospain.com\/wp-content\/uploads\/2024\/02\/LOGO-NEGATIVO.png\u00bb title_text=\u00bbLOGO NEGATIVO\u00bb force_fullwidth=\u00bbon\u00bb _builder_version=\u00bb4.25.2&#8243; _module_preset=\u00bbdefault\u00bb global_colors_info=\u00bb{}\u00bb][\/et_pb_image][\/et_pb_column][\/et_pb_row][\/et_pb_section]<\/p>\n","protected":false},"excerpt":{"rendered":"<p>S\u00edntesis Arquitectura: Space Symmetries. N\u00ba 60. Concursos y Premios. Concurso Internacional Abierto para el Dise\u00f1o de Distribuciones Alternativas en Viviendas Est\u00e1ndar, Rusia.<br \/>\nMadrid 2020<\/p>\n","protected":false},"author":1,"featured_media":725,"comment_status":"open","ping_status":"closed","template":"","meta":{"_et_pb_use_builder":"on","_et_pb_old_content":"","_et_gb_content_width":"","footnotes":""},"project_category":[6],"project_tag":[],"class_list":["post-724","project","type-project","status-publish","has-post-thumbnail","hentry","project_category-publicaciones"],"yoast_head":"<!-- This site is optimized with the Yoast SEO plugin v27.4 - https:\/\/yoast.com\/product\/yoast-seo-wordpress\/ -->\n<title>06 S\u00edntesis Arquitectura N60 - 1 - Arquitecto Spain<\/title>\n<meta name=\"robots\" content=\"index, follow, max-snippet:-1, max-image-preview:large, max-video-preview:-1\" \/>\n<link rel=\"canonical\" href=\"https:\/\/arquitectospain.com\/index.php\/project\/02c-sintesis-arquitectura-n60-1\/\" \/>\n<meta property=\"og:locale\" content=\"es_ES\" \/>\n<meta property=\"og:type\" content=\"article\" \/>\n<meta property=\"og:title\" content=\"06 S\u00edntesis Arquitectura N60 - 1 - Arquitecto Spain\" \/>\n<meta property=\"og:description\" content=\"S\u00edntesis Arquitectura: Space Symmetries. N\u00ba 60. Concursos y Premios. Concurso Internacional Abierto para el Dise\u00f1o de Distribuciones Alternativas en Viviendas Est\u00e1ndar, Rusia. Madrid 2020\" \/>\n<meta property=\"og:url\" content=\"https:\/\/arquitectospain.com\/index.php\/project\/02c-sintesis-arquitectura-n60-1\/\" \/>\n<meta property=\"og:site_name\" content=\"Arquitecto Spain\" \/>\n<meta property=\"article:modified_time\" content=\"2024-11-06T13:33:05+00:00\" \/>\n<meta property=\"og:image\" content=\"https:\/\/arquitectospain.com\/wp-content\/uploads\/2024\/08\/02c-Sintesis-Arquitectura-N60-1-scaled.jpg\" \/>\n\t<meta property=\"og:image:width\" content=\"2337\" \/>\n\t<meta property=\"og:image:height\" content=\"2560\" \/>\n\t<meta property=\"og:image:type\" content=\"image\/jpeg\" \/>\n<meta name=\"twitter:card\" content=\"summary_large_image\" \/>\n<meta name=\"twitter:label1\" content=\"Tiempo de lectura\" \/>\n\t<meta name=\"twitter:data1\" content=\"4 minutos\" \/>\n<script type=\"application\/ld+json\" class=\"yoast-schema-graph\">{\"@context\":\"https:\\\/\\\/schema.org\",\"@graph\":[{\"@type\":\"WebPage\",\"@id\":\"https:\\\/\\\/arquitectospain.com\\\/index.php\\\/project\\\/02c-sintesis-arquitectura-n60-1\\\/\",\"url\":\"https:\\\/\\\/arquitectospain.com\\\/index.php\\\/project\\\/02c-sintesis-arquitectura-n60-1\\\/\",\"name\":\"06 S\u00edntesis Arquitectura N60 - 1 - Arquitecto Spain\",\"isPartOf\":{\"@id\":\"https:\\\/\\\/arquitectospain.com\\\/#website\"},\"primaryImageOfPage\":{\"@id\":\"https:\\\/\\\/arquitectospain.com\\\/index.php\\\/project\\\/02c-sintesis-arquitectura-n60-1\\\/#primaryimage\"},\"image\":{\"@id\":\"https:\\\/\\\/arquitectospain.com\\\/index.php\\\/project\\\/02c-sintesis-arquitectura-n60-1\\\/#primaryimage\"},\"thumbnailUrl\":\"https:\\\/\\\/arquitectospain.com\\\/wp-content\\\/uploads\\\/2024\\\/08\\\/02c-Sintesis-Arquitectura-N60-1-scaled.jpg\",\"datePublished\":\"2024-08-26T11:14:40+00:00\",\"dateModified\":\"2024-11-06T13:33:05+00:00\",\"breadcrumb\":{\"@id\":\"https:\\\/\\\/arquitectospain.com\\\/index.php\\\/project\\\/02c-sintesis-arquitectura-n60-1\\\/#breadcrumb\"},\"inLanguage\":\"es\",\"potentialAction\":[{\"@type\":\"ReadAction\",\"target\":[\"https:\\\/\\\/arquitectospain.com\\\/index.php\\\/project\\\/02c-sintesis-arquitectura-n60-1\\\/\"]}]},{\"@type\":\"ImageObject\",\"inLanguage\":\"es\",\"@id\":\"https:\\\/\\\/arquitectospain.com\\\/index.php\\\/project\\\/02c-sintesis-arquitectura-n60-1\\\/#primaryimage\",\"url\":\"https:\\\/\\\/arquitectospain.com\\\/wp-content\\\/uploads\\\/2024\\\/08\\\/02c-Sintesis-Arquitectura-N60-1-scaled.jpg\",\"contentUrl\":\"https:\\\/\\\/arquitectospain.com\\\/wp-content\\\/uploads\\\/2024\\\/08\\\/02c-Sintesis-Arquitectura-N60-1-scaled.jpg\",\"width\":2337,\"height\":2560},{\"@type\":\"BreadcrumbList\",\"@id\":\"https:\\\/\\\/arquitectospain.com\\\/index.php\\\/project\\\/02c-sintesis-arquitectura-n60-1\\\/#breadcrumb\",\"itemListElement\":[{\"@type\":\"ListItem\",\"position\":1,\"name\":\"Portada\",\"item\":\"https:\\\/\\\/arquitectospain.com\\\/\"},{\"@type\":\"ListItem\",\"position\":2,\"name\":\"Proyectos\",\"item\":\"https:\\\/\\\/arquitectospain.com\\\/index.php\\\/project\\\/\"},{\"@type\":\"ListItem\",\"position\":3,\"name\":\"06 S\u00edntesis Arquitectura N60 &#8211; 1\"}]},{\"@type\":\"WebSite\",\"@id\":\"https:\\\/\\\/arquitectospain.com\\\/#website\",\"url\":\"https:\\\/\\\/arquitectospain.com\\\/\",\"name\":\"Arquitecto Spain\",\"description\":\"Arquitecto Ra\u00fal G. Salgado\",\"potentialAction\":[{\"@type\":\"SearchAction\",\"target\":{\"@type\":\"EntryPoint\",\"urlTemplate\":\"https:\\\/\\\/arquitectospain.com\\\/?s={search_term_string}\"},\"query-input\":{\"@type\":\"PropertyValueSpecification\",\"valueRequired\":true,\"valueName\":\"search_term_string\"}}],\"inLanguage\":\"es\"}]}<\/script>\n<!-- \/ Yoast SEO plugin. -->","yoast_head_json":{"title":"06 S\u00edntesis Arquitectura N60 - 1 - Arquitecto Spain","robots":{"index":"index","follow":"follow","max-snippet":"max-snippet:-1","max-image-preview":"max-image-preview:large","max-video-preview":"max-video-preview:-1"},"canonical":"https:\/\/arquitectospain.com\/index.php\/project\/02c-sintesis-arquitectura-n60-1\/","og_locale":"es_ES","og_type":"article","og_title":"06 S\u00edntesis Arquitectura N60 - 1 - Arquitecto Spain","og_description":"S\u00edntesis Arquitectura: Space Symmetries. N\u00ba 60. Concursos y Premios. Concurso Internacional Abierto para el Dise\u00f1o de Distribuciones Alternativas en Viviendas Est\u00e1ndar, Rusia. Madrid 2020","og_url":"https:\/\/arquitectospain.com\/index.php\/project\/02c-sintesis-arquitectura-n60-1\/","og_site_name":"Arquitecto Spain","article_modified_time":"2024-11-06T13:33:05+00:00","og_image":[{"width":2337,"height":2560,"url":"https:\/\/arquitectospain.com\/wp-content\/uploads\/2024\/08\/02c-Sintesis-Arquitectura-N60-1-scaled.jpg","type":"image\/jpeg"}],"twitter_card":"summary_large_image","twitter_misc":{"Tiempo de lectura":"4 minutos"},"schema":{"@context":"https:\/\/schema.org","@graph":[{"@type":"WebPage","@id":"https:\/\/arquitectospain.com\/index.php\/project\/02c-sintesis-arquitectura-n60-1\/","url":"https:\/\/arquitectospain.com\/index.php\/project\/02c-sintesis-arquitectura-n60-1\/","name":"06 S\u00edntesis Arquitectura N60 - 1 - Arquitecto Spain","isPartOf":{"@id":"https:\/\/arquitectospain.com\/#website"},"primaryImageOfPage":{"@id":"https:\/\/arquitectospain.com\/index.php\/project\/02c-sintesis-arquitectura-n60-1\/#primaryimage"},"image":{"@id":"https:\/\/arquitectospain.com\/index.php\/project\/02c-sintesis-arquitectura-n60-1\/#primaryimage"},"thumbnailUrl":"https:\/\/arquitectospain.com\/wp-content\/uploads\/2024\/08\/02c-Sintesis-Arquitectura-N60-1-scaled.jpg","datePublished":"2024-08-26T11:14:40+00:00","dateModified":"2024-11-06T13:33:05+00:00","breadcrumb":{"@id":"https:\/\/arquitectospain.com\/index.php\/project\/02c-sintesis-arquitectura-n60-1\/#breadcrumb"},"inLanguage":"es","potentialAction":[{"@type":"ReadAction","target":["https:\/\/arquitectospain.com\/index.php\/project\/02c-sintesis-arquitectura-n60-1\/"]}]},{"@type":"ImageObject","inLanguage":"es","@id":"https:\/\/arquitectospain.com\/index.php\/project\/02c-sintesis-arquitectura-n60-1\/#primaryimage","url":"https:\/\/arquitectospain.com\/wp-content\/uploads\/2024\/08\/02c-Sintesis-Arquitectura-N60-1-scaled.jpg","contentUrl":"https:\/\/arquitectospain.com\/wp-content\/uploads\/2024\/08\/02c-Sintesis-Arquitectura-N60-1-scaled.jpg","width":2337,"height":2560},{"@type":"BreadcrumbList","@id":"https:\/\/arquitectospain.com\/index.php\/project\/02c-sintesis-arquitectura-n60-1\/#breadcrumb","itemListElement":[{"@type":"ListItem","position":1,"name":"Portada","item":"https:\/\/arquitectospain.com\/"},{"@type":"ListItem","position":2,"name":"Proyectos","item":"https:\/\/arquitectospain.com\/index.php\/project\/"},{"@type":"ListItem","position":3,"name":"06 S\u00edntesis Arquitectura N60 &#8211; 1"}]},{"@type":"WebSite","@id":"https:\/\/arquitectospain.com\/#website","url":"https:\/\/arquitectospain.com\/","name":"Arquitecto Spain","description":"Arquitecto Ra\u00fal G. Salgado","potentialAction":[{"@type":"SearchAction","target":{"@type":"EntryPoint","urlTemplate":"https:\/\/arquitectospain.com\/?s={search_term_string}"},"query-input":{"@type":"PropertyValueSpecification","valueRequired":true,"valueName":"search_term_string"}}],"inLanguage":"es"}]}},"_links":{"self":[{"href":"https:\/\/arquitectospain.com\/index.php\/wp-json\/wp\/v2\/project\/724","targetHints":{"allow":["GET"]}}],"collection":[{"href":"https:\/\/arquitectospain.com\/index.php\/wp-json\/wp\/v2\/project"}],"about":[{"href":"https:\/\/arquitectospain.com\/index.php\/wp-json\/wp\/v2\/types\/project"}],"author":[{"embeddable":true,"href":"https:\/\/arquitectospain.com\/index.php\/wp-json\/wp\/v2\/users\/1"}],"replies":[{"embeddable":true,"href":"https:\/\/arquitectospain.com\/index.php\/wp-json\/wp\/v2\/comments?post=724"}],"version-history":[{"count":7,"href":"https:\/\/arquitectospain.com\/index.php\/wp-json\/wp\/v2\/project\/724\/revisions"}],"predecessor-version":[{"id":1875,"href":"https:\/\/arquitectospain.com\/index.php\/wp-json\/wp\/v2\/project\/724\/revisions\/1875"}],"wp:featuredmedia":[{"embeddable":true,"href":"https:\/\/arquitectospain.com\/index.php\/wp-json\/wp\/v2\/media\/725"}],"wp:attachment":[{"href":"https:\/\/arquitectospain.com\/index.php\/wp-json\/wp\/v2\/media?parent=724"}],"wp:term":[{"taxonomy":"project_category","embeddable":true,"href":"https:\/\/arquitectospain.com\/index.php\/wp-json\/wp\/v2\/project_category?post=724"},{"taxonomy":"project_tag","embeddable":true,"href":"https:\/\/arquitectospain.com\/index.php\/wp-json\/wp\/v2\/project_tag?post=724"}],"curies":[{"name":"wp","href":"https:\/\/api.w.org\/{rel}","templated":true}]}}