{"id":772,"date":"2024-08-26T15:31:09","date_gmt":"2024-08-26T13:31:09","guid":{"rendered":"https:\/\/arquitectospain.com\/?post_type=project&#038;p=772"},"modified":"2024-10-25T10:14:33","modified_gmt":"2024-10-25T08:14:33","slug":"05b-grand-engineer","status":"publish","type":"project","link":"https:\/\/arquitectospain.com\/index.php\/project\/05b-grand-engineer\/","title":{"rendered":"16 Grand Engineer"},"content":{"rendered":"<p>[et_pb_section fb_built=\u00bb1&#8243; _builder_version=\u00bb4.25.2&#8243; _module_preset=\u00bbdefault\u00bb custom_padding=\u00bb12px|||||\u00bb global_colors_info=\u00bb{}\u00bb][et_pb_row _builder_version=\u00bb4.25.2&#8243; _module_preset=\u00bbdefault\u00bb global_colors_info=\u00bb{}\u00bb][et_pb_column type=\u00bb4_4&#8243; _builder_version=\u00bb4.25.2&#8243; _module_preset=\u00bbdefault\u00bb global_colors_info=\u00bb{}\u00bb][et_pb_image src=\u00bbhttps:\/\/arquitectospain.com\/wp-content\/uploads\/2024\/08\/05b-Grand-Engineer-raul-salgado.jpg\u00bb title_text=\u00bb05b Grand Engineer raul salgado\u00bb _builder_version=\u00bb4.25.2&#8243; _module_preset=\u00bbdefault\u00bb global_colors_info=\u00bb{}\u00bb][\/et_pb_image][\/et_pb_column][\/et_pb_row][et_pb_row _builder_version=\u00bb4.25.2&#8243; _module_preset=\u00bbdefault\u00bb global_colors_info=\u00bb{}\u00bb][et_pb_column type=\u00bb4_4&#8243; _builder_version=\u00bb4.25.2&#8243; _module_preset=\u00bbdefault\u00bb global_colors_info=\u00bb{}\u00bb][et_pb_text _builder_version=\u00bb4.25.2&#8243; _module_preset=\u00bbdefault\u00bb global_colors_info=\u00bb{}\u00bb]<\/p>\n<p>Grand Engineer<\/p>\n<p>Marta\u2019s House. Raul Gutierrez Salgado<\/p>\n<p>2016<\/p>\n<p>[\/et_pb_text][\/et_pb_column][\/et_pb_row][et_pb_row _builder_version=\u00bb4.25.2&#8243; _module_preset=\u00bbdefault\u00bb global_colors_info=\u00bb{}\u00bb][et_pb_column type=\u00bb4_4&#8243; _builder_version=\u00bb4.25.2&#8243; _module_preset=\u00bbdefault\u00bb global_colors_info=\u00bb{}\u00bb][et_pb_text _builder_version=\u00bb4.25.2&#8243; _module_preset=\u00bbdefault\u00bb global_colors_info=\u00bb{}\u00bb]<\/p>\n<p>Esta publicaci\u00f3n, presentada en Grand Engineer, un portal influyente a nivel global subraya la relevancia de la Casa de Marta, dise\u00f1ada por Ra\u00fal Guti\u00e9rrez Salgado. Este proyecto destaca en el \u00e1mbito de la arquitectura contempor\u00e1nea, con un enfoque en la sostenibilidad y la eficiencia energ\u00e9tica, aspectos esenciales en un sector altamente competitivo. La Casa de Marta ha sido ampliamente reconocida por su dise\u00f1o innovador y su integraci\u00f3n con el paisaje natural de Asturias. Su trabajo ha sido valorado y compartido en m\u00faltiples plataformas, incluyendo Pinterest y la cuenta de ArchDaily en X, subrayando su impacto global. El contenido est\u00e1 disponible en varios idiomas, destacando su reciente publicaci\u00f3n en ChinaRevit, una plataforma clave en tecnolog\u00eda BIM y arquitectura en China, lo que refuerza su relevancia en mercados emergentes. Este logro es significativo, ya que la cobertura en estas plataformas consolida a la Casa de Marta como un referente en la arquitectura contempor\u00e1nea, elevando tanto el perfil del proyecto como el de su creador, Ra\u00fal Guti\u00e9rrez Salgado, a nivel internacional.<\/p>\n<p>[\/et_pb_text][\/et_pb_column][\/et_pb_row][et_pb_row column_structure=\u00bb1_3,1_3,1_3&#8243; _builder_version=\u00bb4.25.2&#8243; _module_preset=\u00bbdefault\u00bb global_colors_info=\u00bb{}\u00bb][et_pb_column type=\u00bb1_3&#8243; _builder_version=\u00bb4.25.2&#8243; _module_preset=\u00bbdefault\u00bb global_colors_info=\u00bb{}\u00bb][et_pb_button button_url=\u00bbhttps:\/\/grandengineer.ru\/sovremennyj-osobnyak-v-ispanii-ot-raul-gutierrez-salgado\/\u00bb url_new_window=\u00bbon\u00bb button_text=\u00bbVer Publicaci\u00f3n\u00bb _builder_version=\u00bb4.27.0&#8243; _module_preset=\u00bbdefault\u00bb global_colors_info=\u00bb{}\u00bb][\/et_pb_button][\/et_pb_column][et_pb_column type=\u00bb1_3&#8243; _builder_version=\u00bb4.25.2&#8243; _module_preset=\u00bbdefault\u00bb global_colors_info=\u00bb{}\u00bb][\/et_pb_column][et_pb_column type=\u00bb1_3&#8243; _builder_version=\u00bb4.25.2&#8243; _module_preset=\u00bbdefault\u00bb global_colors_info=\u00bb{}\u00bb][\/et_pb_column][\/et_pb_row][\/et_pb_section][et_pb_section fb_built=\u00bb1&#8243; fullwidth=\u00bbon\u00bb _builder_version=\u00bb4.25.2&#8243; _module_preset=\u00bbdefault\u00bb global_colors_info=\u00bb{}\u00bb][et_pb_fullwidth_portfolio title=\u00bbM\u00e1s publicaciones\u00bb fullwidth=\u00bboff\u00bb include_categories=\u00bb6&#8243; posts_number=\u00bb15&#8243; show_date=\u00bboff\u00bb _builder_version=\u00bb4.25.2&#8243; _module_preset=\u00bbdefault\u00bb portfolio_header_text_align=\u00bbcenter\u00bb portfolio_header_font_size=\u00bb35px\u00bb global_colors_info=\u00bb{}\u00bb][\/et_pb_fullwidth_portfolio][\/et_pb_section][et_pb_section fb_built=\u00bb1&#8243; admin_label=\u00bbFooter\u00bb _builder_version=\u00bb4.21.0&#8243; _module_preset=\u00bbdefault\u00bb background_color=\u00bb#000000&#8243; custom_padding=\u00bb14px||5px|||\u00bb global_module=\u00bb270&#8243; saved_tabs=\u00bball\u00bb collapsed=\u00bbon\u00bb global_colors_info=\u00bb{}\u00bb][et_pb_row column_structure=\u00bb3_5,1_5,1_5&#8243; _builder_version=\u00bb4.19.1&#8243; _module_preset=\u00bbdefault\u00bb custom_padding=\u00bb||7px|||\u00bb global_colors_info=\u00bb{}\u00bb][et_pb_column type=\u00bb3_5&#8243; _builder_version=\u00bb4.19.1&#8243; _module_preset=\u00bbdefault\u00bb global_colors_info=\u00bb{}\u00bb][et_pb_text _builder_version=\u00bb4.25.2&#8243; _module_preset=\u00bbee4c6435-13af-4488-b765-2d22df63b134&#8243; header_3_font=\u00bb|300|||||||\u00bb header_3_text_color=\u00bb#FFFFFF\u00bb custom_margin=\u00bb||0px||false|false\u00bb global_colors_info=\u00bb{}\u00bb]<\/p>\n<h3>Arquitecto Spain<\/h3>\n<p>[\/et_pb_text][et_pb_text _builder_version=\u00bb4.25.2&#8243; _module_preset=\u00bb9351de7a-51eb-4b00-a9a5-75b91fe38c73&#8243; text_font=\u00bb|300|||||||\u00bb text_text_color=\u00bb#FFFFFF\u00bb header_font=\u00bb|300|||||||\u00bb global_colors_info=\u00bb{}\u00bb]<\/p>\n<p><span>Ofrecemos servicios completos de dise\u00f1o arquitect\u00f3nico y gesti\u00f3n de proyectos desde el concepto inicial hasta la finalizaci\u00f3n de la construcci\u00f3n.\u00a0<\/span><\/p>\n<p>[\/et_pb_text][\/et_pb_column][et_pb_column type=\u00bb1_5&#8243; _builder_version=\u00bb4.19.1&#8243; _module_preset=\u00bbdefault\u00bb global_colors_info=\u00bb{}\u00bb][et_pb_blurb title=\u00bbinfo@salgadoarchitect.com\u00bb use_icon=\u00bbon\u00bb font_icon=\u00bb&#xe076;||divi||400&#8243; icon_color=\u00bb#FFFFFF\u00bb icon_placement=\u00bbleft\u00bb image_icon_width=\u00bb20px\u00bb _builder_version=\u00bb4.25.2&#8243; _module_preset=\u00bbdefault\u00bb header_font=\u00bb|300|||||||\u00bb header_text_color=\u00bb#FFFFFF\u00bb header_font_size=\u00bb15px\u00bb custom_margin=\u00bb14px||12px|-14px||\u00bb custom_margin_tablet=\u00bb\u00bb custom_margin_phone=\u00bb10px||10px|3px|false|false\u00bb custom_margin_last_edited=\u00bbon|phone\u00bb global_colors_info=\u00bb{}\u00bb][\/et_pb_blurb][et_pb_blurb title=\u00bb620 070 182&#8243; use_icon=\u00bbon\u00bb font_icon=\u00bb&#xe090;||divi||400&#8243; icon_color=\u00bb#FFFFFF\u00bb icon_placement=\u00bbleft\u00bb image_icon_width=\u00bb20px\u00bb _builder_version=\u00bb4.25.2&#8243; _module_preset=\u00bbdefault\u00bb header_font=\u00bb|300|||||||\u00bb header_text_color=\u00bb#FFFFFF\u00bb header_font_size=\u00bb16px\u00bb custom_margin=\u00bb|||0px|false|false\u00bb global_colors_info=\u00bb{}\u00bb][\/et_pb_blurb][\/et_pb_column][et_pb_column type=\u00bb1_5&#8243; _builder_version=\u00bb4.19.1&#8243; _module_preset=\u00bbdefault\u00bb global_colors_info=\u00bb{}\u00bb][et_pb_image src=\u00bbhttps:\/\/arquitectospain.com\/wp-content\/uploads\/2024\/02\/ES-Financiado-por-la-Uni\u0e02n-Europea_WHITE-Outline.png\u00bb title_text=\u00bbES Financiado por la Uni\u0e02n Europea_WHITE Outline\u00bb force_fullwidth=\u00bbon\u00bb _builder_version=\u00bb4.25.2&#8243; _module_preset=\u00bbdefault\u00bb custom_margin=\u00bb||20px|||\u00bb global_colors_info=\u00bb{}\u00bb][\/et_pb_image][et_pb_image src=\u00bbhttps:\/\/arquitectospain.com\/wp-content\/uploads\/2024\/02\/LOGO-NEGATIVO.png\u00bb title_text=\u00bbLOGO NEGATIVO\u00bb force_fullwidth=\u00bbon\u00bb _builder_version=\u00bb4.25.2&#8243; _module_preset=\u00bbdefault\u00bb global_colors_info=\u00bb{}\u00bb][\/et_pb_image][\/et_pb_column][\/et_pb_row][\/et_pb_section]<\/p>\n","protected":false},"excerpt":{"rendered":"<p>Grand Engineer<br \/>\nMarta\u2019s House. Raul Gutierrez Salgado<br \/>\n2016<\/p>\n","protected":false},"author":1,"featured_media":773,"comment_status":"open","ping_status":"closed","template":"","meta":{"_et_pb_use_builder":"on","_et_pb_old_content":"","_et_gb_content_width":"","footnotes":""},"project_category":[6],"project_tag":[],"class_list":["post-772","project","type-project","status-publish","has-post-thumbnail","hentry","project_category-publicaciones"],"yoast_head":"<!-- This site is optimized with the Yoast SEO plugin v27.4 - https:\/\/yoast.com\/product\/yoast-seo-wordpress\/ -->\n<title>16 Grand Engineer - Arquitecto Spain<\/title>\n<meta name=\"robots\" content=\"index, follow, max-snippet:-1, max-image-preview:large, max-video-preview:-1\" \/>\n<link rel=\"canonical\" href=\"https:\/\/arquitectospain.com\/index.php\/project\/05b-grand-engineer\/\" \/>\n<meta property=\"og:locale\" content=\"es_ES\" \/>\n<meta property=\"og:type\" content=\"article\" \/>\n<meta property=\"og:title\" content=\"16 Grand Engineer - Arquitecto Spain\" \/>\n<meta property=\"og:description\" content=\"Grand Engineer Marta\u2019s House. Raul Gutierrez Salgado 2016\" \/>\n<meta property=\"og:url\" content=\"https:\/\/arquitectospain.com\/index.php\/project\/05b-grand-engineer\/\" \/>\n<meta property=\"og:site_name\" content=\"Arquitecto Spain\" \/>\n<meta property=\"article:modified_time\" content=\"2024-10-25T08:14:33+00:00\" \/>\n<meta property=\"og:image\" content=\"https:\/\/arquitectospain.com\/wp-content\/uploads\/2024\/08\/05b-Grand-Engineer-raul-salgado.jpg\" \/>\n\t<meta property=\"og:image:width\" content=\"1782\" \/>\n\t<meta property=\"og:image:height\" content=\"940\" \/>\n\t<meta property=\"og:image:type\" content=\"image\/jpeg\" \/>\n<meta name=\"twitter:card\" content=\"summary_large_image\" \/>\n<meta name=\"twitter:label1\" content=\"Tiempo de lectura\" \/>\n\t<meta name=\"twitter:data1\" content=\"4 minutos\" \/>\n<script type=\"application\/ld+json\" class=\"yoast-schema-graph\">{\"@context\":\"https:\\\/\\\/schema.org\",\"@graph\":[{\"@type\":\"WebPage\",\"@id\":\"https:\\\/\\\/arquitectospain.com\\\/index.php\\\/project\\\/05b-grand-engineer\\\/\",\"url\":\"https:\\\/\\\/arquitectospain.com\\\/index.php\\\/project\\\/05b-grand-engineer\\\/\",\"name\":\"16 Grand Engineer - Arquitecto Spain\",\"isPartOf\":{\"@id\":\"https:\\\/\\\/arquitectospain.com\\\/#website\"},\"primaryImageOfPage\":{\"@id\":\"https:\\\/\\\/arquitectospain.com\\\/index.php\\\/project\\\/05b-grand-engineer\\\/#primaryimage\"},\"image\":{\"@id\":\"https:\\\/\\\/arquitectospain.com\\\/index.php\\\/project\\\/05b-grand-engineer\\\/#primaryimage\"},\"thumbnailUrl\":\"https:\\\/\\\/arquitectospain.com\\\/wp-content\\\/uploads\\\/2024\\\/08\\\/05b-Grand-Engineer-raul-salgado.jpg\",\"datePublished\":\"2024-08-26T13:31:09+00:00\",\"dateModified\":\"2024-10-25T08:14:33+00:00\",\"breadcrumb\":{\"@id\":\"https:\\\/\\\/arquitectospain.com\\\/index.php\\\/project\\\/05b-grand-engineer\\\/#breadcrumb\"},\"inLanguage\":\"es\",\"potentialAction\":[{\"@type\":\"ReadAction\",\"target\":[\"https:\\\/\\\/arquitectospain.com\\\/index.php\\\/project\\\/05b-grand-engineer\\\/\"]}]},{\"@type\":\"ImageObject\",\"inLanguage\":\"es\",\"@id\":\"https:\\\/\\\/arquitectospain.com\\\/index.php\\\/project\\\/05b-grand-engineer\\\/#primaryimage\",\"url\":\"https:\\\/\\\/arquitectospain.com\\\/wp-content\\\/uploads\\\/2024\\\/08\\\/05b-Grand-Engineer-raul-salgado.jpg\",\"contentUrl\":\"https:\\\/\\\/arquitectospain.com\\\/wp-content\\\/uploads\\\/2024\\\/08\\\/05b-Grand-Engineer-raul-salgado.jpg\",\"width\":1782,\"height\":940},{\"@type\":\"BreadcrumbList\",\"@id\":\"https:\\\/\\\/arquitectospain.com\\\/index.php\\\/project\\\/05b-grand-engineer\\\/#breadcrumb\",\"itemListElement\":[{\"@type\":\"ListItem\",\"position\":1,\"name\":\"Portada\",\"item\":\"https:\\\/\\\/arquitectospain.com\\\/\"},{\"@type\":\"ListItem\",\"position\":2,\"name\":\"Proyectos\",\"item\":\"https:\\\/\\\/arquitectospain.com\\\/index.php\\\/project\\\/\"},{\"@type\":\"ListItem\",\"position\":3,\"name\":\"16 Grand Engineer\"}]},{\"@type\":\"WebSite\",\"@id\":\"https:\\\/\\\/arquitectospain.com\\\/#website\",\"url\":\"https:\\\/\\\/arquitectospain.com\\\/\",\"name\":\"Arquitecto Spain\",\"description\":\"Arquitecto Ra\u00fal G. Salgado\",\"potentialAction\":[{\"@type\":\"SearchAction\",\"target\":{\"@type\":\"EntryPoint\",\"urlTemplate\":\"https:\\\/\\\/arquitectospain.com\\\/?s={search_term_string}\"},\"query-input\":{\"@type\":\"PropertyValueSpecification\",\"valueRequired\":true,\"valueName\":\"search_term_string\"}}],\"inLanguage\":\"es\"}]}<\/script>\n<!-- \/ Yoast SEO plugin. -->","yoast_head_json":{"title":"16 Grand Engineer - Arquitecto Spain","robots":{"index":"index","follow":"follow","max-snippet":"max-snippet:-1","max-image-preview":"max-image-preview:large","max-video-preview":"max-video-preview:-1"},"canonical":"https:\/\/arquitectospain.com\/index.php\/project\/05b-grand-engineer\/","og_locale":"es_ES","og_type":"article","og_title":"16 Grand Engineer - Arquitecto Spain","og_description":"Grand Engineer Marta\u2019s House. Raul Gutierrez Salgado 2016","og_url":"https:\/\/arquitectospain.com\/index.php\/project\/05b-grand-engineer\/","og_site_name":"Arquitecto Spain","article_modified_time":"2024-10-25T08:14:33+00:00","og_image":[{"width":1782,"height":940,"url":"https:\/\/arquitectospain.com\/wp-content\/uploads\/2024\/08\/05b-Grand-Engineer-raul-salgado.jpg","type":"image\/jpeg"}],"twitter_card":"summary_large_image","twitter_misc":{"Tiempo de lectura":"4 minutos"},"schema":{"@context":"https:\/\/schema.org","@graph":[{"@type":"WebPage","@id":"https:\/\/arquitectospain.com\/index.php\/project\/05b-grand-engineer\/","url":"https:\/\/arquitectospain.com\/index.php\/project\/05b-grand-engineer\/","name":"16 Grand Engineer - Arquitecto Spain","isPartOf":{"@id":"https:\/\/arquitectospain.com\/#website"},"primaryImageOfPage":{"@id":"https:\/\/arquitectospain.com\/index.php\/project\/05b-grand-engineer\/#primaryimage"},"image":{"@id":"https:\/\/arquitectospain.com\/index.php\/project\/05b-grand-engineer\/#primaryimage"},"thumbnailUrl":"https:\/\/arquitectospain.com\/wp-content\/uploads\/2024\/08\/05b-Grand-Engineer-raul-salgado.jpg","datePublished":"2024-08-26T13:31:09+00:00","dateModified":"2024-10-25T08:14:33+00:00","breadcrumb":{"@id":"https:\/\/arquitectospain.com\/index.php\/project\/05b-grand-engineer\/#breadcrumb"},"inLanguage":"es","potentialAction":[{"@type":"ReadAction","target":["https:\/\/arquitectospain.com\/index.php\/project\/05b-grand-engineer\/"]}]},{"@type":"ImageObject","inLanguage":"es","@id":"https:\/\/arquitectospain.com\/index.php\/project\/05b-grand-engineer\/#primaryimage","url":"https:\/\/arquitectospain.com\/wp-content\/uploads\/2024\/08\/05b-Grand-Engineer-raul-salgado.jpg","contentUrl":"https:\/\/arquitectospain.com\/wp-content\/uploads\/2024\/08\/05b-Grand-Engineer-raul-salgado.jpg","width":1782,"height":940},{"@type":"BreadcrumbList","@id":"https:\/\/arquitectospain.com\/index.php\/project\/05b-grand-engineer\/#breadcrumb","itemListElement":[{"@type":"ListItem","position":1,"name":"Portada","item":"https:\/\/arquitectospain.com\/"},{"@type":"ListItem","position":2,"name":"Proyectos","item":"https:\/\/arquitectospain.com\/index.php\/project\/"},{"@type":"ListItem","position":3,"name":"16 Grand Engineer"}]},{"@type":"WebSite","@id":"https:\/\/arquitectospain.com\/#website","url":"https:\/\/arquitectospain.com\/","name":"Arquitecto Spain","description":"Arquitecto Ra\u00fal G. Salgado","potentialAction":[{"@type":"SearchAction","target":{"@type":"EntryPoint","urlTemplate":"https:\/\/arquitectospain.com\/?s={search_term_string}"},"query-input":{"@type":"PropertyValueSpecification","valueRequired":true,"valueName":"search_term_string"}}],"inLanguage":"es"}]}},"_links":{"self":[{"href":"https:\/\/arquitectospain.com\/index.php\/wp-json\/wp\/v2\/project\/772","targetHints":{"allow":["GET"]}}],"collection":[{"href":"https:\/\/arquitectospain.com\/index.php\/wp-json\/wp\/v2\/project"}],"about":[{"href":"https:\/\/arquitectospain.com\/index.php\/wp-json\/wp\/v2\/types\/project"}],"author":[{"embeddable":true,"href":"https:\/\/arquitectospain.com\/index.php\/wp-json\/wp\/v2\/users\/1"}],"replies":[{"embeddable":true,"href":"https:\/\/arquitectospain.com\/index.php\/wp-json\/wp\/v2\/comments?post=772"}],"version-history":[{"count":5,"href":"https:\/\/arquitectospain.com\/index.php\/wp-json\/wp\/v2\/project\/772\/revisions"}],"predecessor-version":[{"id":1863,"href":"https:\/\/arquitectospain.com\/index.php\/wp-json\/wp\/v2\/project\/772\/revisions\/1863"}],"wp:featuredmedia":[{"embeddable":true,"href":"https:\/\/arquitectospain.com\/index.php\/wp-json\/wp\/v2\/media\/773"}],"wp:attachment":[{"href":"https:\/\/arquitectospain.com\/index.php\/wp-json\/wp\/v2\/media?parent=772"}],"wp:term":[{"taxonomy":"project_category","embeddable":true,"href":"https:\/\/arquitectospain.com\/index.php\/wp-json\/wp\/v2\/project_category?post=772"},{"taxonomy":"project_tag","embeddable":true,"href":"https:\/\/arquitectospain.com\/index.php\/wp-json\/wp\/v2\/project_tag?post=772"}],"curies":[{"name":"wp","href":"https:\/\/api.w.org\/{rel}","templated":true}]}}